{"id":150,"date":"2015-07-23T10:30:07","date_gmt":"2015-07-23T08:30:07","guid":{"rendered":"http:\/\/adventure-tours.themedelight.com\/?page_id=150"},"modified":"2025-01-20T13:43:46","modified_gmt":"2025-01-20T12:43:46","slug":"valerie-kieffer-wunder-der-stadt-stadtfuehrungen-in-muenchen-2","status":"publish","type":"page","link":"https:\/\/www.wunder-der-stadt.com\/en\/","title":{"rendered":"WUNDER DER STADT &#8211; MUNICH CITY TOURS &#038; EXCURSIONS IN BAVARIA"},"content":{"rendered":"<p>[vc_row][vc_column][vc_column_text]<\/p>\n<p style=\"text-align: center;\"><span style=\"font-size: 15pt;\"><strong><em><span style=\"color: #424242;\">\u201e<span class=\"st\">You don&#8217;t even go somewhere else, I tell you, there&#8217;s nothing like Munich. Everything else is a waste of time in Germany.<\/span>\u201c<\/span><\/em><\/strong><\/span><br \/>\n<span style=\"font-size: 12pt; color: #8e8e8e;\"> ~ Ernest Hemingway<\/span><\/p>\n<p>[\/vc_column_text][\/vc_column][\/vc_row][vc_row][vc_column][rev_slider_vc alias=&#8221;home-page-slider&#8221;][\/vc_column][\/vc_row][vc_row][vc_column][vc_empty_space][vc_column_text]<\/p>\n<p style=\"text-align: center;\"><span style=\"font-size: 15pt;\"><strong><em><span style=\"color: #424242;\">Welcome to &#8220;Wunder der Stadt by Val\u00e9rie Kieffer&#8221;<\/span><\/em><\/strong><\/span><br \/>\n<span style=\"font-size: 12pt; color: #8e8e8e;\">your Agency for Incoming, business, privat and school trip to Munich and Bavaria<\/span><\/p>\n<p>[\/vc_column_text][vc_column_text]<\/p>\n<div id=\"tw-target-text-container\" class=\"tw-ta-container hide-focus-ring tw-nfl\" style=\"text-align: center;\" tabindex=\"0\">\n<pre id=\"tw-target-text\" class=\"tw-data-text tw-text-large tw-ta\" dir=\"ltr\" data-placeholder=\"\u00dcbersetzung\"><span lang=\"en\" style=\"font-family: georgia, palatino, serif; font-size: 12pt;\">Dear customers, dear globetrotters, dear partners,\r\nTraveling is one of the most rewarding experiences... discovering new cultures and new places opens up understanding and respect \r\nfor our planet and its inhabitants.\r\nFollow the advice of Hemingway and come to Munich!\r\n<\/span><\/pre>\n<\/div>\n<p style=\"text-align: center;\">Let us take you on an unforgettable journey of discovery into Bavaria&#8217;s rich cultural and historical heritage on a 2 hours tour, a full or half-day tour. Experience local culture firsthand and explore Bavaria in an immersive and more intimate way, or book a city tour for the world-famous attractions to Neuschwanstein!<\/p>\n<p style=\"text-align: center;\"><span data-preserver-spaces=\"true\">Explore the famous landmarks and iconic sights of Munich and Bavaria, historic medieval castles and royal palaces, amazing churches, quaint country villages, beautiful Alps and much more with the help of our expertly curated Bavarian tours.<\/span><\/p>\n<p style=\"text-align: center;\">Discover the masterpieces of the pinacothecs and let yourself be inspired by the famous Bavarian Food.<\/p>\n<p style=\"text-align: center;\">We propose special guided tours for school classes and of course special student fares.<\/p>\n<p style=\"text-align: center;\">You can find some tour ideas bellow !<\/p>\n<p>&nbsp;<\/p>\n<p class=\"p1\" style=\"text-align: center;\"><span style=\"font-size: 14pt;\"><em>Val\u00e9rie Kieffer<\/em><\/span><\/p>\n<p>[\/vc_column_text][vc_empty_space][\/vc_column][\/vc_row][vc_row full_width=&#8221;stretch_row_content&#8221; equal_height=&#8221;yes&#8221; css=&#8221;.vc_custom_1517330658648{background-color: #a0a0a0 !important;background-position: center !important;background-repeat: no-repeat !important;background-size: cover !important;}&#8221;][vc_column width=&#8221;1\/6&#8243;][vc_empty_space][\/vc_column][vc_column width=&#8221;1\/6&#8243; css=&#8221;.vc_custom_1518006863255{padding-right: 10px !important;padding-left: 10px !important;}&#8221;][vc_icon icon_fontawesome=&#8221;fa fa-bus&#8221; color=&#8221;custom&#8221; background_style=&#8221;rounded&#8221; background_color=&#8221;white&#8221; size=&#8221;xl&#8221; align=&#8221;center&#8221; custom_color=&#8221;#a0a0a0&#8243; link=&#8221;url:http%3A%2F%2Fwww.wunder-der-stadt.com%2Fincoming%2F|||&#8221;][vc_column_text]<\/p>\n<p style=\"text-align: center;\"><span style=\"font-size: 11pt;\"><a href=\"https:\/\/www.wunder-der-stadt.com\/incoming\/\"><span style=\"color: #ffffff;\">INCOMING<\/span><\/a><\/span><\/p>\n<p>[\/vc_column_text][\/vc_column][vc_column width=&#8221;1\/6&#8243; css=&#8221;.vc_custom_1518006879214{padding-right: 10px !important;padding-left: 10px !important;}&#8221;][vc_icon icon_fontawesome=&#8221;fa fa-plane&#8221; color=&#8221;custom&#8221; background_style=&#8221;rounded&#8221; background_color=&#8221;white&#8221; size=&#8221;xl&#8221; align=&#8221;center&#8221; custom_color=&#8221;#a0a0a0&#8243; link=&#8221;url:https%3A%2F%2Fwww.wunder-der-stadt.com%2Fen%2Fstadtfuehrungen-in-muenchen-fuer-geschaeftsreisen%2F|||&#8221;][vc_column_text css=&#8221;.vc_custom_1705087273513{margin-right: 10px !important;margin-left: 10px !important;}&#8221;]<\/p>\n<p style=\"text-align: center;\"><span style=\"font-size: 11pt;\"><a href=\"https:\/\/www.wunder-der-stadt.com\/en\/stadtfuehrungen-in-muenchen-fuer-geschaeftsreisen\/\"><span style=\"color: #ffffff;\">BUSINESS TRIP<\/span><\/a><\/span><\/p>\n<p>[\/vc_column_text][\/vc_column][vc_column width=&#8221;1\/6&#8243; css=&#8221;.vc_custom_1518006889128{padding-right: 10px !important;padding-left: 10px !important;}&#8221;][vc_icon icon_fontawesome=&#8221;fa fa-suitcase&#8221; color=&#8221;custom&#8221; background_style=&#8221;rounded&#8221; background_color=&#8221;white&#8221; size=&#8221;xl&#8221; align=&#8221;center&#8221; custom_color=&#8221;#a0a0a0&#8243; link=&#8221;url:https%3A%2F%2Fwww.wunder-der-stadt.com%2Fen%2Fstadtfuerung-muenchen-privat-gruppe-wunder-der-stadt%2F|||&#8221;][vc_column_text css=&#8221;.vc_custom_1705087380835{margin-right: 10px !important;margin-left: 10px !important;}&#8221;]<\/p>\n<p style=\"text-align: center;\"><span style=\"font-size: 11pt;\"><a href=\"https:\/\/www.wunder-der-stadt.com\/en\/stadtfuerung-muenchen-privat-gruppe-wunder-der-stadt\/\"><span style=\"color: #ffffff;\">PRIVAT GROUPES<\/span><\/a><\/span><\/p>\n<p>[\/vc_column_text][\/vc_column][vc_column width=&#8221;1\/6&#8243; css=&#8221;.vc_custom_1518006896160{padding-right: 10px !important;padding-left: 10px !important;}&#8221;][vc_icon icon_fontawesome=&#8221;fa fa-university&#8221; color=&#8221;custom&#8221; background_style=&#8221;rounded&#8221; background_color=&#8221;white&#8221; size=&#8221;xl&#8221; align=&#8221;center&#8221; custom_color=&#8221;#a0a0a0&#8243; link=&#8221;url:https%3A%2F%2Fwww.wunder-der-stadt.com%2Fen%2Fcity-tours-for-school-trips-to-munich-special-fare%2F|||&#8221;][vc_column_text]<\/p>\n<p style=\"text-align: center;\"><span style=\"font-size: 11pt;\"><a href=\"https:\/\/www.wunder-der-stadt.com\/en\/city-tours-for-school-trips-to-munich-special-fare\/\"><span style=\"color: #ffffff;\">TOURS FOR STUDENTS <\/span><\/a><\/span><\/p>\n<p>[\/vc_column_text][\/vc_column][vc_column width=&#8221;1\/6&#8243;][vc_empty_space][\/vc_column][\/vc_row][vc_row][vc_column][vc_empty_space]\n<div class=\"atgrid margin-bottom-large tour-list-home atgrid--small\">\n\t<div class=\"title title--big title--center title--underline title--decoration-bottom-center\">\n\t\t\t<div class=\"title__subtitle\">Inspiring Art and Cultural Heritage<\/div>\n\t\t<h3 class=\"title__primary\">Current exibitions in Munich <\/h3>\n<\/div>\n\t<div class=\"row atgrid__row\">\n\t\t\t\t\t<div class=\"col-md-3 col-xs-6 atgrid__item-wrap\">\n\t\t\t<div class=\"atgrid__item\">\n\t\t\t\t<div class=\"atgrid__item__top\">\n\t\t\t\t\t<a href=\"https:\/\/www.wunder-der-stadt.com\/en\/tours\/die-grossen-meister-der-kunst\/\" class=\"atgrid__item__top__image\"><img loading=\"lazy\" decoding=\"async\" width=\"360\" height=\"240\" src=\"https:\/\/www.wunder-der-stadt.com\/wp-content\/uploads\/Alte-Pinakothek-360x240.jpg\" class=\"attachment-thumb_tour_listing_small size-thumb_tour_listing_small wp-post-image\" alt=\"Alte Pinakothek\" srcset=\"https:\/\/www.wunder-der-stadt.com\/wp-content\/uploads\/Alte-Pinakothek-360x240.jpg 360w, https:\/\/www.wunder-der-stadt.com\/wp-content\/uploads\/Alte-Pinakothek-scaled-531x354.jpg 531w, https:\/\/www.wunder-der-stadt.com\/wp-content\/uploads\/Alte-Pinakothek-scaled-180x120.jpg 180w\" sizes=\"(max-width: 360px) 100vw, 360px\" \/><\/a>\t\t\t\t\t<div class=\"atgrid__item__price\"><a href=\"https:\/\/www.wunder-der-stadt.com\/en\/tours\/die-grossen-meister-der-kunst\/\" class=\"atgrid__item__price__button\"><span class=\"woocommerce-Price-amount amount\"><bdi>220,00&nbsp;<span class=\"woocommerce-Price-currencySymbol\">&euro;<\/span><\/bdi><\/span><\/a><\/div>\t\t\t\t\t\t\t\t\t\t\t\t\t\t<\/div>\n\t\t\t\t<div class=\"atgrid__item__content\">\n\t\t\t\t\t<h3 class=\"atgrid__item__title\"><a href=\"https:\/\/www.wunder-der-stadt.com\/en\/tours\/die-grossen-meister-der-kunst\/\">Die Alte Pinakothek und die gro\u00dfen Meister der Kunst<\/a><\/h3>\n\t\t\t\t\t\t\t\t<\/div>\n\t\t\t\t<div class=\"item-attributes\">\n\t\t\t\t\t\t\t\t\t\t<div class=\"item-attributes__item\"><a href=\"https:\/\/www.wunder-der-stadt.com\/en\/tours\/die-grossen-meister-der-kunst\/\" class=\"item-attributes__link\"><i class=\"fa fa-long-arrow-right\"><\/i><\/a><\/div>\n\t\t\t\t<\/div>\n\t\t\t<\/div>\n\t\t<\/div>\n\t\t\t\t\t<div class=\"col-md-3 col-xs-6 atgrid__item-wrap\">\n\t\t\t<div class=\"atgrid__item\">\n\t\t\t\t<div class=\"atgrid__item__top\">\n\t\t\t\t\t<a href=\"https:\/\/www.wunder-der-stadt.com\/en\/tours\/von-goya-bis-manet-in-die-alten-pinakothek-muenchen\/\" class=\"atgrid__item__top__image\"><img loading=\"lazy\" decoding=\"async\" width=\"360\" height=\"240\" src=\"https:\/\/www.wunder-der-stadt.com\/wp-content\/uploads\/Overbeck-Viktoria-Caldoni-bis-Juli-2020-Start-360x240.png\" class=\"attachment-thumb_tour_listing_small size-thumb_tour_listing_small wp-post-image\" alt=\"\" srcset=\"https:\/\/www.wunder-der-stadt.com\/wp-content\/uploads\/Overbeck-Viktoria-Caldoni-bis-Juli-2020-Start-360x240.png 360w, https:\/\/www.wunder-der-stadt.com\/wp-content\/uploads\/Overbeck-Viktoria-Caldoni-bis-Juli-2020-Start-180x120.png 180w\" sizes=\"(max-width: 360px) 100vw, 360px\" \/><\/a>\t\t\t\t\t<div class=\"atgrid__item__price\"><a href=\"https:\/\/www.wunder-der-stadt.com\/en\/tours\/von-goya-bis-manet-in-die-alten-pinakothek-muenchen\/\" class=\"atgrid__item__price__button\"><span class=\"woocommerce-Price-amount amount\"><bdi>220,00&nbsp;<span class=\"woocommerce-Price-currencySymbol\">&euro;<\/span><\/bdi><\/span><\/a><\/div>\t\t\t\t\t\t\t\t\t\t\t\t\t\t<\/div>\n\t\t\t\t<div class=\"atgrid__item__content\">\n\t\t\t\t\t<h3 class=\"atgrid__item__title\"><a href=\"https:\/\/www.wunder-der-stadt.com\/en\/tours\/von-goya-bis-manet-in-die-alten-pinakothek-muenchen\/\">Von Goya bis Manet, Das 19. Jahrhundert in der Alten Pinakotek<\/a><\/h3>\n\t\t\t\t\t\t\t\t<\/div>\n\t\t\t\t<div class=\"item-attributes\">\n\t\t\t\t\t\t\t\t\t\t<div class=\"item-attributes__item\"><a href=\"https:\/\/www.wunder-der-stadt.com\/en\/tours\/von-goya-bis-manet-in-die-alten-pinakothek-muenchen\/\" class=\"item-attributes__link\"><i class=\"fa fa-long-arrow-right\"><\/i><\/a><\/div>\n\t\t\t\t<\/div>\n\t\t\t<\/div>\n\t\t<\/div>\n\t\t\t<div class=\"atgrid__row-separator clearfix visible-sm visible-xs\"><\/div>\t\t<div class=\"col-md-3 col-xs-6 atgrid__item-wrap\">\n\t\t\t<div class=\"atgrid__item\">\n\t\t\t\t<div class=\"atgrid__item__top\">\n\t\t\t\t\t<a href=\"https:\/\/www.wunder-der-stadt.com\/en\/tours\/bis-feb-2022-futuro-a-flying-saucer-in-town-in-der-pinakothek-der-moderne\/\" class=\"atgrid__item__top__image\"><img loading=\"lazy\" decoding=\"async\" width=\"360\" height=\"240\" src=\"https:\/\/www.wunder-der-stadt.com\/wp-content\/uploads\/Futuro-Au\u00dfen-Bereich-der-Pinakotek-der-Moderne-360x240.jpg\" class=\"attachment-thumb_tour_listing_small size-thumb_tour_listing_small wp-post-image\" alt=\"\" srcset=\"https:\/\/www.wunder-der-stadt.com\/wp-content\/uploads\/Futuro-Au\u00dfen-Bereich-der-Pinakotek-der-Moderne-360x240.jpg 360w, https:\/\/www.wunder-der-stadt.com\/wp-content\/uploads\/Futuro-Au\u00dfen-Bereich-der-Pinakotek-der-Moderne-531x354.jpg 531w, https:\/\/www.wunder-der-stadt.com\/wp-content\/uploads\/Futuro-Au\u00dfen-Bereich-der-Pinakotek-der-Moderne-180x120.jpg 180w\" sizes=\"(max-width: 360px) 100vw, 360px\" \/><\/a>\t\t\t\t\t<div class=\"atgrid__item__price\"><a href=\"https:\/\/www.wunder-der-stadt.com\/en\/tours\/bis-feb-2022-futuro-a-flying-saucer-in-town-in-der-pinakothek-der-moderne\/\" class=\"atgrid__item__price__button\"><span class=\"woocommerce-Price-amount amount\"><bdi>210,00&nbsp;<span class=\"woocommerce-Price-currencySymbol\">&euro;<\/span><\/bdi><\/span><\/a><\/div>\t\t\t\t\t\t\t\t\t\t\t\t\t\t<\/div>\n\t\t\t\t<div class=\"atgrid__item__content\">\n\t\t\t\t\t<h3 class=\"atgrid__item__title\"><a href=\"https:\/\/www.wunder-der-stadt.com\/en\/tours\/bis-feb-2022-futuro-a-flying-saucer-in-town-in-der-pinakothek-der-moderne\/\">FUTURO. A Flying Saucer in Town in der Pinakothek der Moderne<\/a><\/h3>\n\t\t\t\t\t\t\t\t<\/div>\n\t\t\t\t<div class=\"item-attributes\">\n\t\t\t\t\t\t\t\t\t\t<div class=\"item-attributes__item\"><a href=\"https:\/\/www.wunder-der-stadt.com\/en\/tours\/bis-feb-2022-futuro-a-flying-saucer-in-town-in-der-pinakothek-der-moderne\/\" class=\"item-attributes__link\"><i class=\"fa fa-long-arrow-right\"><\/i><\/a><\/div>\n\t\t\t\t<\/div>\n\t\t\t<\/div>\n\t\t<\/div>\n\t\t\t\t\t<div class=\"col-md-3 col-xs-6 atgrid__item-wrap\">\n\t\t\t<div class=\"atgrid__item\">\n\t\t\t\t<div class=\"atgrid__item__top\">\n\t\t\t\t\t<a href=\"https:\/\/www.wunder-der-stadt.com\/en\/tours\/fuehrung-in-das-lenbachhaus-der-blaue-reiter\/\" class=\"atgrid__item__top__image\"><img loading=\"lazy\" decoding=\"async\" width=\"360\" height=\"240\" src=\"https:\/\/www.wunder-der-stadt.com\/wp-content\/uploads\/20130515_5_gross-360x240.jpg\" class=\"attachment-thumb_tour_listing_small size-thumb_tour_listing_small wp-post-image\" alt=\"Das Lehnbachhaus in M\u00fcnchen\" srcset=\"https:\/\/www.wunder-der-stadt.com\/wp-content\/uploads\/20130515_5_gross-360x240.jpg 360w, https:\/\/www.wunder-der-stadt.com\/wp-content\/uploads\/20130515_5_gross-531x354.jpg 531w, https:\/\/www.wunder-der-stadt.com\/wp-content\/uploads\/20130515_5_gross-180x120.jpg 180w\" sizes=\"(max-width: 360px) 100vw, 360px\" \/><\/a>\t\t\t\t\t<div class=\"atgrid__item__price\"><a href=\"https:\/\/www.wunder-der-stadt.com\/en\/tours\/fuehrung-in-das-lenbachhaus-der-blaue-reiter\/\" class=\"atgrid__item__price__button\"><span class=\"woocommerce-Price-amount amount\"><bdi>220,00&nbsp;<span class=\"woocommerce-Price-currencySymbol\">&euro;<\/span><\/bdi><\/span><\/a><\/div>\t\t\t\t\t\t\t\t\t\t\t\t\t\t<\/div>\n\t\t\t\t<div class=\"atgrid__item__content\">\n\t\t\t\t\t<h3 class=\"atgrid__item__title\"><a href=\"https:\/\/www.wunder-der-stadt.com\/en\/tours\/fuehrung-in-das-lenbachhaus-der-blaue-reiter\/\">F\u00fchrung in das Lenbachhaus - der blaue Reiter<\/a><\/h3>\n\t\t\t\t\t\t\t\t<\/div>\n\t\t\t\t<div class=\"item-attributes\">\n\t\t\t\t\t\t\t\t\t\t<div class=\"item-attributes__item\"><a href=\"https:\/\/www.wunder-der-stadt.com\/en\/tours\/fuehrung-in-das-lenbachhaus-der-blaue-reiter\/\" class=\"item-attributes__link\"><i class=\"fa fa-long-arrow-right\"><\/i><\/a><\/div>\n\t\t\t\t<\/div>\n\t\t\t<\/div>\n\t\t<\/div>\n\t\t\t<\/div>\n<\/div>\n[vc_empty_space]\n<div class=\"atgrid margin-bottom-large tour-list-home\">\n\t<div class=\"title title--big title--center title--underline title--decoration-bottom-center\">\n\t\t\t<div class=\"title__subtitle\">Enjoy the actual city tours<\/div>\n\t\t<h3 class=\"title__primary\">Springtime in Munich<\/h3>\n<\/div>\n\t<div class=\"row atgrid__row\">\n\t\t\t\t\t<div class=\"col-md-4 col-xs-6 atgrid__item-wrap\">\n\t\t\t<div class=\"atgrid__item\">\n\t\t\t\t<div class=\"atgrid__item__top\">\n\t\t\t\t\t<a href=\"https:\/\/www.wunder-der-stadt.com\/en\/tours\/munich-2-hours-city-tour\/\" class=\"atgrid__item__top__image\"><img loading=\"lazy\" decoding=\"async\" width=\"360\" height=\"240\" src=\"https:\/\/www.wunder-der-stadt.com\/wp-content\/uploads\/Kombi_Stadtrundfahrt_Stadtrundgang-360x240.jpg\" class=\"attachment-thumb_tour_listing_small size-thumb_tour_listing_small wp-post-image\" alt=\"Munich city tour school groups walking tour - The &quot;Fischbrunnen&quot; on the Marienplatz\" srcset=\"https:\/\/www.wunder-der-stadt.com\/wp-content\/uploads\/Kombi_Stadtrundfahrt_Stadtrundgang-360x240.jpg 360w, https:\/\/www.wunder-der-stadt.com\/wp-content\/uploads\/Kombi_Stadtrundfahrt_Stadtrundgang-531x354.jpg 531w, https:\/\/www.wunder-der-stadt.com\/wp-content\/uploads\/Kombi_Stadtrundfahrt_Stadtrundgang-180x120.jpg 180w\" sizes=\"(max-width: 360px) 100vw, 360px\" \/><\/a>\t\t\t\t\t<div class=\"atgrid__item__price\"><a href=\"https:\/\/www.wunder-der-stadt.com\/en\/tours\/munich-2-hours-city-tour\/\" class=\"atgrid__item__price__button\"><span class=\"woocommerce-Price-amount amount\"><bdi>220,00&nbsp;<span class=\"woocommerce-Price-currencySymbol\">&euro;<\/span><\/bdi><\/span><\/a><\/div>\t\t\t\t\t\t\t\t\t\t\t\t\t\t<\/div>\n\t\t\t\t<div class=\"atgrid__item__content\">\n\t\t\t\t\t<h3 class=\"atgrid__item__title\"><a href=\"https:\/\/www.wunder-der-stadt.com\/en\/tours\/munich-2-hours-city-tour\/\">Munich - 2h city walking tour in the old town<\/a><\/h3>\n\t\t\t\t\t\t\t\t<\/div>\n\t\t\t\t<div class=\"item-attributes\">\n\t\t\t\t\t\t\t\t\t\t<div class=\"item-attributes__item\"><a href=\"https:\/\/www.wunder-der-stadt.com\/en\/tours\/munich-2-hours-city-tour\/\" class=\"item-attributes__link\"><i class=\"fa fa-long-arrow-right\"><\/i><\/a><\/div>\n\t\t\t\t<\/div>\n\t\t\t<\/div>\n\t\t<\/div>\n\t\t\t\t\t<div class=\"col-md-4 col-xs-6 atgrid__item-wrap\">\n\t\t\t<div class=\"atgrid__item\">\n\t\t\t\t<div class=\"atgrid__item__top\">\n\t\t\t\t\t<a href=\"https:\/\/www.wunder-der-stadt.com\/en\/tours\/munich-classic-sightseeing-bus-tour\/\" class=\"atgrid__item__top__image\"><img loading=\"lazy\" decoding=\"async\" width=\"360\" height=\"240\" src=\"https:\/\/www.wunder-der-stadt.com\/wp-content\/uploads\/Nr.-0614-Muenchner-Marienplatz-mit-Neuem-Rathaus-und-Frauenkirche-C.-Reiter-360x240.jpg\" class=\"attachment-thumb_tour_listing_small size-thumb_tour_listing_small wp-post-image\" alt=\"Stadtrundfahrt M\u00fcnchen\" srcset=\"https:\/\/www.wunder-der-stadt.com\/wp-content\/uploads\/Nr.-0614-Muenchner-Marienplatz-mit-Neuem-Rathaus-und-Frauenkirche-C.-Reiter-360x240.jpg 360w, https:\/\/www.wunder-der-stadt.com\/wp-content\/uploads\/Nr.-0614-Muenchner-Marienplatz-mit-Neuem-Rathaus-und-Frauenkirche-C.-Reiter-531x354.jpg 531w, https:\/\/www.wunder-der-stadt.com\/wp-content\/uploads\/Nr.-0614-Muenchner-Marienplatz-mit-Neuem-Rathaus-und-Frauenkirche-C.-Reiter-180x120.jpg 180w\" sizes=\"(max-width: 360px) 100vw, 360px\" \/><\/a>\t\t\t\t\t<div class=\"atgrid__item__price\"><a href=\"https:\/\/www.wunder-der-stadt.com\/en\/tours\/munich-classic-sightseeing-bus-tour\/\" class=\"atgrid__item__price__button\"><span class=\"woocommerce-Price-amount amount\"><bdi>250,00&nbsp;<span class=\"woocommerce-Price-currencySymbol\">&euro;<\/span><\/bdi><\/span><\/a><\/div>\t\t\t\t\t\t\t\t\t\t\t\t\t\t<\/div>\n\t\t\t\t<div class=\"atgrid__item__content\">\n\t\t\t\t\t<h3 class=\"atgrid__item__title\"><a href=\"https:\/\/www.wunder-der-stadt.com\/en\/tours\/munich-classic-sightseeing-bus-tour\/\">Munich classic - Sightseeing bus tour<\/a><\/h3>\n\t\t\t\t\t\t\t\t<\/div>\n\t\t\t\t<div class=\"item-attributes\">\n\t\t\t\t\t\t\t\t\t\t<div class=\"item-attributes__item\"><a href=\"https:\/\/www.wunder-der-stadt.com\/en\/tours\/munich-classic-sightseeing-bus-tour\/\" class=\"item-attributes__link\"><i class=\"fa fa-long-arrow-right\"><\/i><\/a><\/div>\n\t\t\t\t<\/div>\n\t\t\t<\/div>\n\t\t<\/div>\n\t\t\t<div class=\"atgrid__row-separator clearfix visible-sm visible-xs\"><\/div>\t\t<div class=\"col-md-4 col-xs-6 atgrid__item-wrap\">\n\t\t\t<div class=\"atgrid__item\">\n\t\t\t\t<div class=\"atgrid__item__top\">\n\t\t\t\t\t<a href=\"https:\/\/www.wunder-der-stadt.com\/en\/tours\/guided-tour-the-palace-of-nymphenburg-and-amalienburg\/\" class=\"atgrid__item__top__image\"><img loading=\"lazy\" decoding=\"async\" width=\"360\" height=\"240\" src=\"https:\/\/www.wunder-der-stadt.com\/wp-content\/uploads\/nymphenburg-vorderseite-mit-brunnen1-360x240.jpg\" class=\"attachment-thumb_tour_listing_small size-thumb_tour_listing_small wp-post-image\" alt=\"Nymphenburg Palace tour school groups Munich\" srcset=\"https:\/\/www.wunder-der-stadt.com\/wp-content\/uploads\/nymphenburg-vorderseite-mit-brunnen1-360x240.jpg 360w, https:\/\/www.wunder-der-stadt.com\/wp-content\/uploads\/nymphenburg-vorderseite-mit-brunnen1-300x201.jpg 300w, https:\/\/www.wunder-der-stadt.com\/wp-content\/uploads\/nymphenburg-vorderseite-mit-brunnen1-531x354.jpg 531w, https:\/\/www.wunder-der-stadt.com\/wp-content\/uploads\/nymphenburg-vorderseite-mit-brunnen1-600x402.jpg 600w, https:\/\/www.wunder-der-stadt.com\/wp-content\/uploads\/nymphenburg-vorderseite-mit-brunnen1-180x120.jpg 180w, https:\/\/www.wunder-der-stadt.com\/wp-content\/uploads\/nymphenburg-vorderseite-mit-brunnen1.jpg 653w\" sizes=\"(max-width: 360px) 100vw, 360px\" \/><\/a>\t\t\t\t\t<div class=\"atgrid__item__price\"><a href=\"https:\/\/www.wunder-der-stadt.com\/en\/tours\/guided-tour-the-palace-of-nymphenburg-and-amalienburg\/\" class=\"atgrid__item__price__button\"><span class=\"woocommerce-Price-amount amount\"><bdi>220,00&nbsp;<span class=\"woocommerce-Price-currencySymbol\">&euro;<\/span><\/bdi><\/span><\/a><\/div>\t\t\t\t\t\t\t\t\t\t\t\t\t\t<\/div>\n\t\t\t\t<div class=\"atgrid__item__content\">\n\t\t\t\t\t<h3 class=\"atgrid__item__title\"><a href=\"https:\/\/www.wunder-der-stadt.com\/en\/tours\/guided-tour-the-palace-of-nymphenburg-and-amalienburg\/\">The palace of Nymphenburg and the hunting lodge of Amalienburg<\/a><\/h3>\n\t\t\t\t\t\t\t\t<\/div>\n\t\t\t\t<div class=\"item-attributes\">\n\t\t\t\t\t\t\t\t\t\t<div class=\"item-attributes__item\"><a href=\"https:\/\/www.wunder-der-stadt.com\/en\/tours\/guided-tour-the-palace-of-nymphenburg-and-amalienburg\/\" class=\"item-attributes__link\"><i class=\"fa fa-long-arrow-right\"><\/i><\/a><\/div>\n\t\t\t\t<\/div>\n\t\t\t<\/div>\n\t\t<\/div>\n\t\t\t<\/div>\n<\/div>\n[\/vc_column][\/vc_row][vc_row full_width=&#8221;stretch_row_content&#8221; equal_height=&#8221;yes&#8221; css=&#8221;.vc_custom_1511972889293{background-color: #ed1b24 !important;background-position: center !important;background-repeat: no-repeat !important;background-size: cover !important;}&#8221;][vc_column][vc_column_text]<\/p>\n<p style=\"text-align: center;\"><span style=\"font-family: 'Oxygen'; font-size: 15pt; color: #ffffff;\">Ask us for your<br \/>\n<\/span><\/p>\n<p style=\"text-align: center;\"><span style=\"font-size: 24pt; font-family: Oxygen; color: #ffffff;\"><strong>PERSONAL TOUR<br \/>\n<\/strong><\/span><\/p>\n<p style=\"text-align: center;\"><span style=\"color: #ffffff;\">We will be pleased to help you find the right program !<br \/>\n<\/span><\/p>\n<p>[\/vc_column_text][vc_btn title=&#8221;GET IN TOUCH WITH US&#8221; style=&#8221;classic&#8221; shape=&#8221;square&#8221; color=&#8221;white&#8221; align=&#8221;center&#8221; link=&#8221;url:http%3A%2F%2Fwww.wunder-der-stadt.com%2Fkontakt%2F|||&#8221;][vc_empty_space height=&#8221;15px&#8221;][\/vc_column][\/vc_row]<\/p>\n","protected":false},"excerpt":{"rendered":"<p>[vc_row][vc_column][vc_column_text] \u201eYou don&#8217;t even go somewhere else, I tell you, there&#8217;s nothing like Munich. Everything else is a waste of time in Germany.\u201c ~ Ernest Hemingway [\/vc_column_text][\/vc_column][\/vc_row][vc_row][vc_column][rev_slider_vc alias=&#8221;home-page-slider&#8221;][\/vc_column][\/vc_row][vc_row][vc_column][vc_empty_space][vc_column_text] Welcome to &#8220;Wunder der Stadt by Val\u00e9rie Kieffer&#8221; your Agency for Incoming, business, privat and school trip to Munich and Bavaria [\/vc_column_text][vc_column_text] Dear customers, dear globetrotters, dear<\/p>\n<div class=\"padding-top text-center\"><a href=\"https:\/\/www.wunder-der-stadt.com\/en\/tours\/guided-tour-the-palace-of-nymphenburg-and-amalienburg\/\" class=\"atbtn atbtn--medium atbtn--rounded atbtn--transparent\">Weiterlesen<i class=\"atbtn__icon atbtn__icon--right fa fa-long-arrow-right\"><\/i><\/a><\/div>\n","protected":false},"author":1,"featured_media":0,"parent":0,"menu_order":0,"comment_status":"open","ping_status":"closed","template":"","meta":{"footnotes":""},"translation":{"provider":"WPGlobus","version":"3.0.2","language":"en","enabled_languages":["de","en","fr","es"],"languages":{"de":{"title":true,"content":true,"excerpt":false},"en":{"title":true,"content":true,"excerpt":false},"fr":{"title":true,"content":true,"excerpt":false},"es":{"title":false,"content":false,"excerpt":false}}},"yoast_head":"<!-- This site is optimized with the Yoast SEO plugin v22.0 - https:\/\/yoast.com\/wordpress\/plugins\/seo\/ -->\n<title>WUNDER DER STADT - CITY TOURS &amp; EXCURSIONS IN BAVARIA<\/title>\n<meta name=\"robots\" content=\"index, follow, max-snippet:-1, max-image-preview:large, max-video-preview:-1\" \/>\n<link rel=\"canonical\" href=\"https:\/\/www.wunder-der-stadt.com\/\" \/>\n<meta property=\"og:locale\" content=\"en_US\" \/>\n<meta property=\"og:type\" content=\"article\" \/>\n<meta property=\"og:title\" content=\"{:de}Wunder der Stadt - Stadtf\u00fchrungen M\u00fcnchen - Val\u00e9rie Kieffer{:}{:en}WUNDER DER STADT - CITY TOURS &amp; EXCURSIONS IN BAVARIA{:}{:fr}WUNDER DER STADT - Visites guid\u00e9es et s\u00e9jours \u00e0 Munich et en Bavi\u00e8re{:}\" \/>\n<meta property=\"og:url\" content=\"https:\/\/www.wunder-der-stadt.com\/\" \/>\n<meta property=\"og:site_name\" content=\"Wunder der Stadt - Stadtf\u00fchrungen in M\u00fcnchen und Oberbayern\" \/>\n<meta property=\"article:modified_time\" content=\"2025-01-20T12:43:46+00:00\" \/>\n<meta property=\"og:image\" content=\"https:\/\/www.wunder-der-stadt.com\/wp-content\/uploads\/WDS_logo2.png\" \/>\n\t<meta property=\"og:image:width\" content=\"292\" \/>\n\t<meta property=\"og:image:height\" content=\"157\" \/>\n\t<meta property=\"og:image:type\" content=\"image\/png\" \/>\n<meta name=\"twitter:card\" content=\"summary_large_image\" \/>\n<meta name=\"twitter:label1\" content=\"Est. reading time\" \/>\n\t<meta name=\"twitter:data1\" content=\"2 minutes\" \/>\n<script type=\"application\/ld+json\" class=\"yoast-schema-graph\">{\"@context\":\"https:\/\/schema.org\",\"@graph\":[{\"@type\":\"WebPage\",\"@id\":\"https:\/\/www.wunder-der-stadt.com\/\",\"url\":\"https:\/\/www.wunder-der-stadt.com\/\",\"name\":\"Wunder der Stadt - Stadtf\u00fchrungen M\u00fcnchen - Val\u00e9rie Kieffer\",\"isPartOf\":{\"@id\":\"https:\/\/www.wunder-der-stadt.com\/#website\"},\"datePublished\":\"2015-07-23T08:30:07+00:00\",\"dateModified\":\"2025-01-20T12:43:46+00:00\",\"description\":\"Wunder der Stadt - die Agentur f\u00fcr Stadtf\u00fchrungen in M\u00fcnchen und Bayern. Kultur, Kunst und Spa\u00df sind unsere Kernkompetenzen\",\"breadcrumb\":{\"@id\":\"https:\/\/www.wunder-der-stadt.com\/#breadcrumb\"},\"inLanguage\":\"en-US\",\"potentialAction\":[{\"@type\":\"ReadAction\",\"target\":[\"https:\/\/www.wunder-der-stadt.com\/\"]}]},{\"@type\":\"BreadcrumbList\",\"@id\":\"https:\/\/www.wunder-der-stadt.com\/#breadcrumb\",\"itemListElement\":[{\"@type\":\"ListItem\",\"position\":1,\"name\":\"Startseite\",\"item\":\"https:\/\/www.wunder-der-stadt.com\/\"},{\"@type\":\"ListItem\",\"position\":2,\"name\":\"WUNDER DER STADT &#8211; STADTF\u00dcHRUNGEN IN M\u00dcNCHEN &#038; AUSFL\u00dcGE IN BAYERN\"}]},{\"@type\":\"WebSite\",\"@id\":\"https:\/\/www.wunder-der-stadt.com\/#website\",\"url\":\"https:\/\/www.wunder-der-stadt.com\/\",\"name\":\"{:de}Wunder der Stadt - Stadtf\u00fchrungen in M\u00fcnchen und Oberbayern{:}{:fr}Wunder der Stadt - Visites guid\u00e9es \u00e0 Munich et en Bavi\u00e8re{:}\",\"description\":\"Ihre Agentur f\u00fcr Incomingreisen, Gesch\u00e4ftreisen, Stadtf\u00fchrungen und Privatreisen in M\u00fcnchen und Bayern\",\"publisher\":{\"@id\":\"https:\/\/www.wunder-der-stadt.com\/#\/schema\/person\/7ac5370c8e8a38b0625e279f3af2d701\"},\"potentialAction\":[{\"@type\":\"SearchAction\",\"target\":{\"@type\":\"EntryPoint\",\"urlTemplate\":\"https:\/\/www.wunder-der-stadt.com\/?s={search_term_string}\"},\"query-input\":\"required name=search_term_string\"}],\"inLanguage\":\"en-US\"},{\"@type\":[\"Person\",\"Organization\"],\"@id\":\"https:\/\/www.wunder-der-stadt.com\/#\/schema\/person\/7ac5370c8e8a38b0625e279f3af2d701\",\"name\":\"Admin\",\"logo\":{\"@id\":\"https:\/\/www.wunder-der-stadt.com\/#\/schema\/person\/image\/\"}}]}<\/script>\n<!-- \/ Yoast SEO plugin. -->","yoast_head_json":{"title":"WUNDER DER STADT - CITY TOURS & EXCURSIONS IN BAVARIA","robots":{"index":"index","follow":"follow","max-snippet":"max-snippet:-1","max-image-preview":"max-image-preview:large","max-video-preview":"max-video-preview:-1"},"canonical":"https:\/\/www.wunder-der-stadt.com\/","og_locale":"en_US","og_type":"article","og_title":"{:de}Wunder der Stadt - Stadtf\u00fchrungen M\u00fcnchen - Val\u00e9rie Kieffer{:}{:en}WUNDER DER STADT - CITY TOURS & EXCURSIONS IN BAVARIA{:}{:fr}WUNDER DER STADT - Visites guid\u00e9es et s\u00e9jours \u00e0 Munich et en Bavi\u00e8re{:}","og_url":"https:\/\/www.wunder-der-stadt.com\/","og_site_name":"Wunder der Stadt - Stadtf\u00fchrungen in M\u00fcnchen und Oberbayern","article_modified_time":"2025-01-20T12:43:46+00:00","og_image":[{"width":292,"height":157,"url":"https:\/\/www.wunder-der-stadt.com\/wp-content\/uploads\/WDS_logo2.png","type":"image\/png"}],"twitter_card":"summary_large_image","twitter_misc":{"Est. reading time":"2 minutes"},"schema":{"@context":"https:\/\/schema.org","@graph":[{"@type":"WebPage","@id":"https:\/\/www.wunder-der-stadt.com\/","url":"https:\/\/www.wunder-der-stadt.com\/","name":"Wunder der Stadt - Stadtf\u00fchrungen M\u00fcnchen - Val\u00e9rie Kieffer","isPartOf":{"@id":"https:\/\/www.wunder-der-stadt.com\/#website"},"datePublished":"2015-07-23T08:30:07+00:00","dateModified":"2025-01-20T12:43:46+00:00","description":"Wunder der Stadt - die Agentur f\u00fcr Stadtf\u00fchrungen in M\u00fcnchen und Bayern. Kultur, Kunst und Spa\u00df sind unsere Kernkompetenzen","breadcrumb":{"@id":"https:\/\/www.wunder-der-stadt.com\/#breadcrumb"},"inLanguage":"en-US","potentialAction":[{"@type":"ReadAction","target":["https:\/\/www.wunder-der-stadt.com\/"]}]},{"@type":"BreadcrumbList","@id":"https:\/\/www.wunder-der-stadt.com\/#breadcrumb","itemListElement":[{"@type":"ListItem","position":1,"name":"Startseite","item":"https:\/\/www.wunder-der-stadt.com\/"},{"@type":"ListItem","position":2,"name":"WUNDER DER STADT &#8211; STADTF\u00dcHRUNGEN IN M\u00dcNCHEN &#038; AUSFL\u00dcGE IN BAYERN"}]},{"@type":"WebSite","@id":"https:\/\/www.wunder-der-stadt.com\/#website","url":"https:\/\/www.wunder-der-stadt.com\/","name":"{:de}Wunder der Stadt - Stadtf\u00fchrungen in M\u00fcnchen und Oberbayern{:}{:fr}Wunder der Stadt - Visites guid\u00e9es \u00e0 Munich et en Bavi\u00e8re{:}","description":"Ihre Agentur f\u00fcr Incomingreisen, Gesch\u00e4ftreisen, Stadtf\u00fchrungen und Privatreisen in M\u00fcnchen und Bayern","publisher":{"@id":"https:\/\/www.wunder-der-stadt.com\/#\/schema\/person\/7ac5370c8e8a38b0625e279f3af2d701"},"potentialAction":[{"@type":"SearchAction","target":{"@type":"EntryPoint","urlTemplate":"https:\/\/www.wunder-der-stadt.com\/?s={search_term_string}"},"query-input":"required name=search_term_string"}],"inLanguage":"en-US"},{"@type":["Person","Organization"],"@id":"https:\/\/www.wunder-der-stadt.com\/#\/schema\/person\/7ac5370c8e8a38b0625e279f3af2d701","name":"Admin","logo":{"@id":"https:\/\/www.wunder-der-stadt.com\/#\/schema\/person\/image\/"}}]}},"_links":{"self":[{"href":"https:\/\/www.wunder-der-stadt.com\/en\/wp-json\/wp\/v2\/pages\/150"}],"collection":[{"href":"https:\/\/www.wunder-der-stadt.com\/en\/wp-json\/wp\/v2\/pages"}],"about":[{"href":"https:\/\/www.wunder-der-stadt.com\/en\/wp-json\/wp\/v2\/types\/page"}],"author":[{"embeddable":true,"href":"https:\/\/www.wunder-der-stadt.com\/en\/wp-json\/wp\/v2\/users\/1"}],"replies":[{"embeddable":true,"href":"https:\/\/www.wunder-der-stadt.com\/en\/wp-json\/wp\/v2\/comments?post=150"}],"version-history":[{"count":79,"href":"https:\/\/www.wunder-der-stadt.com\/en\/wp-json\/wp\/v2\/pages\/150\/revisions"}],"predecessor-version":[{"id":2603,"href":"https:\/\/www.wunder-der-stadt.com\/en\/wp-json\/wp\/v2\/pages\/150\/revisions\/2603"}],"wp:attachment":[{"href":"https:\/\/www.wunder-der-stadt.com\/en\/wp-json\/wp\/v2\/media?parent=150"}],"curies":[{"name":"wp","href":"https:\/\/api.w.org\/{rel}","templated":true}]}}