{"id":1985,"date":"2019-11-08T09:48:39","date_gmt":"2019-11-08T08:48:39","guid":{"rendered":"https:\/\/www.wunder-der-stadt.com\/?post_type=product&#038;p=1985"},"modified":"2024-01-04T17:28:33","modified_gmt":"2024-01-04T16:28:33","slug":"decouvrez-munich-en-3-jours-2-nuits-dhotel-inclues","status":"publish","type":"product","link":"https:\/\/www.wunder-der-stadt.com\/en\/tours\/decouvrez-munich-en-3-jours-2-nuits-dhotel-inclues\/","title":{"rendered":"S\u00e9jour \u00e0 Munich &#8211; 3 jours \/ 2 nuits"},"content":{"rendered":"<p>D\u00e9couvrez Munich et le ch\u00e2teau de Neuschwanstein en 3 jours, 2 nuits d&#8217;h\u00f4tel inclues !<\/p>\n<h3><span class=\"s1\">1. jour &#8211; Arriv\u00e9e en fin de matin\u00e9e<br \/>\n<\/span><\/h3>\n<ul>\n<li class=\"p4\"><span class=\"s1\">D\u00e9jeuner dans un restaurant bavarois traditionnel du centre historique de Munich.<\/span><\/li>\n<li class=\"p4\"><span class=\"s1\">Apr\u00e9s-midi &#8211; D\u00e9couverte de la vieille ville<\/span><\/li>\n<li class=\"p4\"><span style=\"font-size: 12pt;\">Cette <a href=\"https:\/\/www.wunder-der-stadt.com\/fr\/tours\/munich-860-ans-dhistoire-en-2-heures-de-visite\/\">visite p\u00e9destre<\/a> vous fait d\u00e9couvrir les monuments les plus importants du centre historique : La place Ste Marie \u2013 Marienplatz, le march\u00e9 aux victuailles \u2013 Viktualienmarkt, la Hofbr\u00e4uhaus \u2013 peut-\u00eatre la brasserie la plus c\u00e9l\u00e8bre du pays, la Maximilianstrasse \u2013 les champs elis\u00e9es de Munich avec la place de l\u2019op\u00e9ra (Bayerisches Nationaltheater), la R\u00e9sidence \u2013 le palais de la famille r\u00e9gente de Bavi\u00e8re les Wittelsbach, la place de l\u2019Od\u00e9on &#8211; Odeonsplatz (l\u2019\u00e9gliise des Th\u00e9atins, le coup d\u2019\u00e9tat d\u2019Adolf Hitler)<\/span><span style=\"font-size: 12pt;\">,les F\u00fcnf H\u00f6fe \u2013 le Munich moderne, Notre-Dame &#8211; Frauenkirche, l\u2019\u00e9gise St Michel &#8211; Michaelskirche\u2026<\/span><\/li>\n<\/ul>\n<h3>2. jour &#8211; Munich<\/h3>\n<ul>\n<li class=\"p4\"><span class=\"s1\">Matin\u00e9e &#8211; <a href=\"https:\/\/www.wunder-der-stadt.com\/fr\/tours\/munich-classique-circuit-panoramique-en-autocar\/\">Visite panoramique en bus<\/a><\/span><\/li>\n<li class=\"p4\"><span style=\"font-size: 12pt;\">Le tour de ville en autocar compl\u00e9mente la visite p\u00e9destre du jour pr\u00e9c\u00e9dent.\u00a0\u00a0 Nous d\u00e9couvrons les monuments situ\u00e9s \u00e0 l\u2019ext\u00e9rieur du centre-ville en passant par la porte m\u00e9di\u00e9vale de l\u2019Isar \u2013 Isartor et celle de Sendling &#8211; Sendlingertor, la place Charles &#8211; Karlsplatz\/Stachus. Nous jetons un \u0153il sur les imposants \u00e9difies et h\u00f4tels particuliers du 19<sup>\u00e8me<\/sup> si\u00e8cle. Nous faisons le tour des pinacoth\u00e8ques et des mus\u00e9es de la place royale &#8211; K\u00f6nigsplatz lieu choisi par Hitler pour son bureau. Nous parlons du r\u00f4le que joua la capitale de la Bavi\u00e8re pendant le r\u00e9gime nazi. Sur notre route nous passerons \u00e0 c\u00f4t\u00e9 du parc olympique de 1972 et bien s\u00fbre du monde de BMW pour retourner vers le c\u0153ur de la ville en descendant l\u2019avenue repr\u00e9sentative du roi Louis Ier.<\/span><\/li>\n<li class=\"p4\"><span class=\"s1\">D\u00e9jeun\u00e9<\/span><\/li>\n<li class=\"p4\">Apr\u00e8s-midi<span class=\"s1\"> &#8211; Visite du ch\u00e2tea<\/span><span class=\"s1\">u de Nymphenbourg et du pavillon de chasse Amalienbourg (en \u00e9t\u00e9 seulement)<\/span><img loading=\"lazy\" decoding=\"async\" class=\"wp-image-1210 alignright\" src=\"https:\/\/www.wunder-der-stadt.com\/wp-content\/uploads\/Schloss_Nymphenburg-1024x439.png\" alt=\"\" width=\"357\" height=\"153\" \/><\/li>\n<li class=\"p4\">Nous passons l\u2019apr\u00e8s-midi dans la r\u00e9sidence estivale de la famille des Wittelsbach. Le ch\u00e2teau de Nymphenbourg fut le cadeau du Prince-\u00c9lecteur\u00a0 Ferdinand-Maria de Wittelsbach \u00e0 sa femme Henriette-Adela\u00efde pour la naissance de l\u2019h\u00e9ritier du tr\u00f4ne de Bavi\u00e8re. Avec la construction du palais, elle r\u00e9alise un r\u00eave de longue date pour lequel seuls les meilleurs artistes et architectes de France et d\u2019Italie \u00e9taient\u00a0 juste assez bons ! Le superbe parque qui se trouve derri\u00e8re le ch\u00e2teau nous invite au d\u00e9tour d\u2019une promenade reposante \u00e0 la d\u00e9couverte de ses petits pavillons cach\u00e9s.<\/li>\n<\/ul>\n<h3><span class=\"s1\">3. Jour &#8211; Vous d\u00e9cidez !<\/span><\/h3>\n<p class=\"p4\"><strong><span class=\"s2\">Option 1: Les tr\u00e9sors artistiques<br \/>\n<\/span><\/strong><\/p>\n<ul>\n<li class=\"p4\"><span class=\"s1\"><span class=\"s1\"><a href=\"https:\/\/www.wunder-der-stadt.com\/fr\/tours\/lancienne-pinacotheque-de-munich-les-chefs-doeuvres-de-lhistoire\/\">L&#8217;ancienne et la nouvelle pinacotheques<\/a> &#8211;<\/span><\/span>N\u00e9e de la passion collectionneuse de la famille r\u00e9gente de Bavi\u00e8re et r\u00e9alis\u00e9 par le roi Louis Ier, ces deux mus\u00e9es abritent une des plus impressionnantes collections de peintures au monde. Les \u0153uvres regroup\u00e9es dans les pinacoth\u00e8ques pr\u00e9sentent des tableaux des grands ma\u00eetres europ\u00e9ens du XV\u00e8me au XIX\u00e8me si\u00e8cle. La visite propose un choix de peintures entre autres des artistes\u00a0 Albrecht D\u00fcrer, Raffael, Rubens, Rembrandt, Max Liebemann, Van Gogh, Paul Gaugin\u2026<\/li>\n<li class=\"p4\"><span class=\"s1\">D\u00e9jeun\u00e9<\/span><\/li>\n<li class=\"p4\"><span class=\"s1\"><span class=\"s1\">La Maison Lenbach &#8211; Mus\u00e9e municipal d&#8217;art &#8211; <\/span><\/span><span style=\"font-family: georgia, palatino, serif; font-size: 12pt;\"><span lang=\"FR\" style=\"font-weight: normal;\">L&#8217;ironie a voulu qu&#8217;aujourd&#8217;hui la plus importante collection d&#8217;ouvres du mouvement de peinture &#8220;Le Cavalier Bleu&#8221; soit expos\u00e9e dans la villa du c\u00e9l\u00e8bre portraitiste munichois Franz von Lenbach. LUI, le prince du style munichois, l&#8217;instance de la peinture classique avait \u00e9cour\u00e9 par ses critiques les peintres avant-gardistes du \u00ab Cavalier Bleu \u00bb de l&#8217;association des artistes Munichois dont il \u00e9tait le directeur ! <\/span><span lang=\"FR\" style=\"font-weight: normal;\">Aujourd&#8217;hui la Lenbachhaus est un des mus\u00e9es les plus visit\u00e9s de la ville. Son succ\u00e8s a conduit la municipalit\u00e9 \u00e0 faire restaurer et agrandir les locaux. Non-moindre que le c\u00e9l\u00e8bre architecte Norman Foster a r\u00e9alis\u00e9 le projet. Cette \u00ab boite \u00e0 bijoux \u00bb abrite l&#8217;impressionnante donation faite par l&#8217;artiste Gabriele M\u00fcnter. Plus de 300 ouvres des r\u00e9volutionnaires et pionniers de l&#8217;art moderne (Wassily Kandinsky, Franz Marc, Gabriele M\u00fcnter, Alexej Jawlensky.), de la fin du 19\u00e8me si\u00e8cle sont rassembl\u00e9es dans le mus\u00e9e. <\/span><\/span><\/li>\n<\/ul>\n<p class=\"p4\"><span class=\"s2\"><b>Option 2: Sur les traces de Louis II de Bavi\u00e8re<br \/>\n<\/b><\/span><\/p>\n<ul>\n<li class=\"p4\"><span class=\"s1\">Neuschwanstein &#8211; Un r\u00e8ve devient r\u00e9alit\u00e9e<\/span><br \/>\n<h3><img loading=\"lazy\" decoding=\"async\" class=\"wp-image-1630 alignright\" src=\"https:\/\/www.wunder-der-stadt.com\/wp-content\/uploads\/Banner_Start2-1024x439.jpg\" alt=\"\" width=\"357\" height=\"153\" \/><\/h3>\n<\/li>\n<li class=\"p4\">Le roi Louis II \u00e9tait seulement \u00e2g\u00e9 de 18 ans lorsqu&#8217;il rencontre pour la premi\u00e8re fois le compositeur Richard Wagner \u00e0 Munich. Cette rencontre en 1864 fut le pr\u00e9lude de l&#8217;amour infini du roi pour les op\u00e9ras de Wagner. Rapidement le soutien financier qu&#8217;il apporte au compositeur ne le contente plus. Ce qu&#8217;il souhaite, c&#8217;est son propre monde, o\u00f9 il pourrait faire vivre cette musique et son imagination. Entre 1869 et 1886 Louis r\u00e9alise son r\u00eave et fait \u00e9rig\u00e9 le ch\u00e2teau de Neuschwanstein, un exemple merveilleux du romantisme allemand &#8211; ou plus simplement, un ch\u00e2teau de conte de f\u00e9e. Wall Disney s&#8217;en inspira pour r\u00e9aliser celui de la belle au bois dormant !<\/li>\n<li class=\"p4\"><span class=\"s1\">D\u00e9jeun\u00e9<\/span><\/li>\n<li>Retour vers Munich<\/li>\n<\/ul>\n<p class=\"p4\"><strong>Option 3: &#8220;Laptop et Lederhosen&#8221;<\/strong><\/p>\n<ul>\n<li class=\"p4\">La matin\u00e9e est consacr\u00e9e \u00e0 la bi\u00e8re\u00a0et commence par la visite d\u2019une des grandes brasseries typiques de la ville. Le ma\u00eetre-brasseur nous d\u00e9voile les secrets de la fabrication du breuvage national<br \/>\n<h3><span class=\"s1\"><img loading=\"lazy\" decoding=\"async\" class=\"size-full wp-image-1989 alignright\" src=\"https:\/\/www.wunder-der-stadt.com\/wp-content\/uploads\/BMW-KOMPLET-1.jpg\" alt=\"\" width=\"357\" height=\"154\" srcset=\"https:\/\/www.wunder-der-stadt.com\/wp-content\/uploads\/BMW-KOMPLET-1.jpg 357w, https:\/\/www.wunder-der-stadt.com\/wp-content\/uploads\/BMW-KOMPLET-1-300x129.jpg 300w\" sizes=\"(max-width: 357px) 100vw, 357px\" \/><\/span><\/h3>\n<p>bavarois. Les connaissances th\u00e9oriques sont compl\u00e9t\u00e9es d\u2019une mise en pratique\u2026 la d\u00e9gustation des diff\u00e9rentes sortes de bi\u00e8res !<\/p><\/li>\n<li class=\"p4\">D\u00e9jeun\u00e9<\/li>\n<li class=\"p4\"><span class=\"s1\">Visite du <a href=\"https:\/\/www.bmw-welt.com\/de\/index.html\">monde de BMW<\/a> et du mus\u00e9e<\/span><\/li>\n<li class=\"p4\"><span style=\"font-family: georgia, palatino, serif; font-size: 12pt;\"><span lang=\"FR\" style=\"font-weight: normal;\">Le monde de BMW est l\u2019enseigne futuristique de la firme. C\u2019est aussi \u00e0 Munich que les nouveaux propri\u00e9taires d\u2019un bolide allemand peuvent venir chercher leur voiture. <\/span><span lang=\"FR\" style=\"font-weight: normal;\">La visite des usines permet de jeter un coup d\u2019\u0153il sur les cha\u00eenes de fabrication ultra-moderne de l\u2019industrie automobile (sur demande sp\u00e9cifique).<\/span><\/span><\/li>\n<li class=\"p4\"><span lang=\"FR\" style=\"font-size: 11.0pt; font-family: 'Calibri','sans-serif'; font-weight: normal;\"><span style=\"font-family: georgia, palatino, serif; font-size: 12pt;\">La d\u00e9couverte du mus\u00e9e nous fait remonter le temps et d\u00e9couvrir la fondation et le d\u00e9veloppement d\u2019un des plus grands constructeurs automobiles du monde<\/span>. <\/span><\/li>\n<\/ul>\n<p>[vc_row][vc_column][vc_btn title=&#8221;ENVOYEZ VOTRE DEMANDE&#8221; shape=&#8221;square&#8221; align=&#8221;left&#8221; link=&#8221;url:http%3A%2F%2Fwww.wunder-der-stadt.com%2Fkontakt%2F|||&#8221;]<br \/>\n<!--more--><\/p>\n<table class=\"table table-bordered tours-tabs__table\" style=\"height: 233px;\" width=\"862\">\n<tbody>\n<tr>\n<td><strong>D\u00c9PART<\/strong><\/td>\n<td><\/td>\n<\/tr>\n<tr>\n<td><b>DUR\u00c9E<\/b><\/td>\n<td>3 jours \/ 2 nuits<\/td>\n<\/tr>\n<tr>\n<td><b>TARIF<\/b><\/td>\n<td>Devis sur demande, selon les pr\u00e9stations convenues<\/td>\n<\/tr>\n<tr>\n<td><strong>NOMBRE DE PARTICIPANTS<br \/>\n<\/strong><\/td>\n<td><\/td>\n<\/tr>\n<tr>\n<td><strong>INCLU<\/strong><\/td>\n<td>\n<table class=\"table table-bordered\" style=\"height: 62px;\" width=\"300\">\n<tbody>\n<tr>\n<td><i class=\"fa fa-check icon-tick icon-tick--on\"><\/i> Guide conf\u00e9renci\u00e9 licenci\u00e9 de l&#8217;office du tourisme de Munich<\/td>\n<td><\/td>\n<\/tr>\n<\/tbody>\n<\/table>\n<\/td>\n<\/tr>\n<tr>\n<td><\/td>\n<td>\n<table class=\"table table-bordered\" style=\"height: 62px;\" width=\"300\">\n<tbody>\n<tr>\n<td><i class=\"fa fa-times icon-tick icon-tick--off\"><\/i><\/td>\n<\/tr>\n<\/tbody>\n<\/table>\n<\/td>\n<\/tr>\n<\/tbody>\n<\/table>\n","protected":false},"excerpt":{"rendered":"<p>D\u00e9couvrez Munich et le ch\u00e2teau de Neuschwanstein en 3 jours, 2 nuits d&#8217;h\u00f4tel inclues ! 1. jour &#8211; Arriv\u00e9e en fin de matin\u00e9e D\u00e9jeuner dans un restaurant bavarois traditionnel du centre historique de Munich. Apr\u00e9s-midi &#8211; D\u00e9couverte de la vieille ville Cette visite p\u00e9destre vous fait d\u00e9couvrir les monuments les plus importants du centre historique<\/p>\n<div class=\"padding-top text-center\"><a href=\"https:\/\/www.wunder-der-stadt.com\/en\/tours\/decouvrez-munich-en-3-jours-2-nuits-dhotel-inclues\/\" class=\"atbtn atbtn--medium atbtn--rounded atbtn--transparent\">Weiterlesen<i class=\"atbtn__icon atbtn__icon--right fa fa-long-arrow-right\"><\/i><\/a><\/div>\n","protected":false},"featured_media":1208,"template":"","meta":[],"product_cat":[103],"product_tag":[129,101,115,131,130,132,133],"translation":{"provider":"WPGlobus","version":"3.0.2","language":"en","enabled_languages":["de","en","fr","es"],"languages":{"de":{"title":true,"content":true,"excerpt":false},"en":{"title":false,"content":false,"excerpt":false},"fr":{"title":false,"content":false,"excerpt":false},"es":{"title":false,"content":false,"excerpt":false}}},"yoast_head":"<!-- This site is optimized with the Yoast SEO plugin v22.0 - https:\/\/yoast.com\/wordpress\/plugins\/seo\/ -->\n<title>D\u00e9couvrez Munich en 3 jours, 2 nuits d&#039;h\u00f4tel inclues - Wunder der Stadt<\/title>\n<meta name=\"robots\" content=\"index, follow, max-snippet:-1, max-image-preview:large, max-video-preview:-1\" \/>\n<link rel=\"canonical\" href=\"https:\/\/www.wunder-der-stadt.com\/tours\/decouvrez-munich-en-3-jours-2-nuits-dhotel-inclues\/\" \/>\n<meta property=\"og:locale\" content=\"en_US\" \/>\n<meta property=\"og:type\" content=\"article\" \/>\n<meta property=\"og:title\" content=\"S\u00e9jour \u00e0 Munich - 3 jours \/ 2 nuits - Wunder der Stadt - Stadtf\u00fchrungen in M\u00fcnchen und Oberbayern\" \/>\n<meta property=\"og:url\" content=\"https:\/\/www.wunder-der-stadt.com\/tours\/decouvrez-munich-en-3-jours-2-nuits-dhotel-inclues\/\" \/>\n<meta property=\"og:site_name\" content=\"Wunder der Stadt - Stadtf\u00fchrungen in M\u00fcnchen und Oberbayern\" \/>\n<meta property=\"article:modified_time\" content=\"2024-01-04T16:28:33+00:00\" \/>\n<meta property=\"og:image\" content=\"https:\/\/www.wunder-der-stadt.com\/wp-content\/uploads\/Alpen.png\" \/>\n\t<meta property=\"og:image:width\" content=\"1400\" \/>\n\t<meta property=\"og:image:height\" content=\"600\" \/>\n\t<meta property=\"og:image:type\" content=\"image\/png\" \/>\n<meta name=\"twitter:card\" content=\"summary_large_image\" \/>\n<meta name=\"twitter:label1\" content=\"Est. reading time\" \/>\n\t<meta name=\"twitter:data1\" content=\"6 minutes\" \/>\n<script type=\"application\/ld+json\" class=\"yoast-schema-graph\">{\"@context\":\"https:\/\/schema.org\",\"@graph\":[{\"@type\":\"WebPage\",\"@id\":\"https:\/\/www.wunder-der-stadt.com\/tours\/decouvrez-munich-en-3-jours-2-nuits-dhotel-inclues\/\",\"url\":\"https:\/\/www.wunder-der-stadt.com\/tours\/decouvrez-munich-en-3-jours-2-nuits-dhotel-inclues\/\",\"name\":\"D\u00e9couvrez Munich en 3 jours, 2 nuits d'h\u00f4tel inclues - Wunder der Stadt\",\"isPartOf\":{\"@id\":\"https:\/\/www.wunder-der-stadt.com\/#website\"},\"datePublished\":\"2019-11-08T08:48:39+00:00\",\"dateModified\":\"2024-01-04T16:28:33+00:00\",\"description\":\"Munich et Neuschwanstein avec Wunder der Stadt - 3 jours, 2 nuits d'h\u00f4tel inclues\",\"breadcrumb\":{\"@id\":\"https:\/\/www.wunder-der-stadt.com\/tours\/decouvrez-munich-en-3-jours-2-nuits-dhotel-inclues\/#breadcrumb\"},\"inLanguage\":\"en-US\",\"potentialAction\":[{\"@type\":\"ReadAction\",\"target\":[\"https:\/\/www.wunder-der-stadt.com\/tours\/decouvrez-munich-en-3-jours-2-nuits-dhotel-inclues\/\"]}]},{\"@type\":\"BreadcrumbList\",\"@id\":\"https:\/\/www.wunder-der-stadt.com\/tours\/decouvrez-munich-en-3-jours-2-nuits-dhotel-inclues\/#breadcrumb\",\"itemListElement\":[{\"@type\":\"ListItem\",\"position\":1,\"name\":\"Startseite\",\"item\":\"https:\/\/www.wunder-der-stadt.com\/\"},{\"@type\":\"ListItem\",\"position\":2,\"name\":\"Produkte\",\"item\":\"https:\/\/www.wunder-der-stadt.com\/shop\/\"},{\"@type\":\"ListItem\",\"position\":3,\"name\":\"S\u00e9jour \u00e0 Munich &#8211; 3 jours \/ 2 nuits\"}]},{\"@type\":\"WebSite\",\"@id\":\"https:\/\/www.wunder-der-stadt.com\/#website\",\"url\":\"https:\/\/www.wunder-der-stadt.com\/\",\"name\":\"{:de}Wunder der Stadt - Stadtf\u00fchrungen in M\u00fcnchen und Oberbayern{:}{:fr}Wunder der Stadt - Visites guid\u00e9es \u00e0 Munich et en Bavi\u00e8re{:}\",\"description\":\"Ihre Agentur f\u00fcr Incomingreisen, Gesch\u00e4ftreisen, Stadtf\u00fchrungen und Privatreisen in M\u00fcnchen und Bayern\",\"publisher\":{\"@id\":\"https:\/\/www.wunder-der-stadt.com\/#\/schema\/person\/7ac5370c8e8a38b0625e279f3af2d701\"},\"potentialAction\":[{\"@type\":\"SearchAction\",\"target\":{\"@type\":\"EntryPoint\",\"urlTemplate\":\"https:\/\/www.wunder-der-stadt.com\/?s={search_term_string}\"},\"query-input\":\"required name=search_term_string\"}],\"inLanguage\":\"en-US\"},{\"@type\":[\"Person\",\"Organization\"],\"@id\":\"https:\/\/www.wunder-der-stadt.com\/#\/schema\/person\/7ac5370c8e8a38b0625e279f3af2d701\",\"name\":\"Admin\",\"logo\":{\"@id\":\"https:\/\/www.wunder-der-stadt.com\/#\/schema\/person\/image\/\"}}]}<\/script>\n<!-- \/ Yoast SEO plugin. -->","yoast_head_json":{"title":"D\u00e9couvrez Munich en 3 jours, 2 nuits d'h\u00f4tel inclues - Wunder der Stadt","robots":{"index":"index","follow":"follow","max-snippet":"max-snippet:-1","max-image-preview":"max-image-preview:large","max-video-preview":"max-video-preview:-1"},"canonical":"https:\/\/www.wunder-der-stadt.com\/tours\/decouvrez-munich-en-3-jours-2-nuits-dhotel-inclues\/","og_locale":"en_US","og_type":"article","og_title":"S\u00e9jour \u00e0 Munich - 3 jours \/ 2 nuits - Wunder der Stadt - Stadtf\u00fchrungen in M\u00fcnchen und Oberbayern","og_url":"https:\/\/www.wunder-der-stadt.com\/tours\/decouvrez-munich-en-3-jours-2-nuits-dhotel-inclues\/","og_site_name":"Wunder der Stadt - Stadtf\u00fchrungen in M\u00fcnchen und Oberbayern","article_modified_time":"2024-01-04T16:28:33+00:00","og_image":[{"width":1400,"height":600,"url":"https:\/\/www.wunder-der-stadt.com\/wp-content\/uploads\/Alpen.png","type":"image\/png"}],"twitter_card":"summary_large_image","twitter_misc":{"Est. reading time":"6 minutes"},"schema":{"@context":"https:\/\/schema.org","@graph":[{"@type":"WebPage","@id":"https:\/\/www.wunder-der-stadt.com\/tours\/decouvrez-munich-en-3-jours-2-nuits-dhotel-inclues\/","url":"https:\/\/www.wunder-der-stadt.com\/tours\/decouvrez-munich-en-3-jours-2-nuits-dhotel-inclues\/","name":"D\u00e9couvrez Munich en 3 jours, 2 nuits d'h\u00f4tel inclues - Wunder der Stadt","isPartOf":{"@id":"https:\/\/www.wunder-der-stadt.com\/#website"},"datePublished":"2019-11-08T08:48:39+00:00","dateModified":"2024-01-04T16:28:33+00:00","description":"Munich et Neuschwanstein avec Wunder der Stadt - 3 jours, 2 nuits d'h\u00f4tel inclues","breadcrumb":{"@id":"https:\/\/www.wunder-der-stadt.com\/tours\/decouvrez-munich-en-3-jours-2-nuits-dhotel-inclues\/#breadcrumb"},"inLanguage":"en-US","potentialAction":[{"@type":"ReadAction","target":["https:\/\/www.wunder-der-stadt.com\/tours\/decouvrez-munich-en-3-jours-2-nuits-dhotel-inclues\/"]}]},{"@type":"BreadcrumbList","@id":"https:\/\/www.wunder-der-stadt.com\/tours\/decouvrez-munich-en-3-jours-2-nuits-dhotel-inclues\/#breadcrumb","itemListElement":[{"@type":"ListItem","position":1,"name":"Startseite","item":"https:\/\/www.wunder-der-stadt.com\/"},{"@type":"ListItem","position":2,"name":"Produkte","item":"https:\/\/www.wunder-der-stadt.com\/shop\/"},{"@type":"ListItem","position":3,"name":"S\u00e9jour \u00e0 Munich &#8211; 3 jours \/ 2 nuits"}]},{"@type":"WebSite","@id":"https:\/\/www.wunder-der-stadt.com\/#website","url":"https:\/\/www.wunder-der-stadt.com\/","name":"{:de}Wunder der Stadt - Stadtf\u00fchrungen in M\u00fcnchen und Oberbayern{:}{:fr}Wunder der Stadt - Visites guid\u00e9es \u00e0 Munich et en Bavi\u00e8re{:}","description":"Ihre Agentur f\u00fcr Incomingreisen, Gesch\u00e4ftreisen, Stadtf\u00fchrungen und Privatreisen in M\u00fcnchen und Bayern","publisher":{"@id":"https:\/\/www.wunder-der-stadt.com\/#\/schema\/person\/7ac5370c8e8a38b0625e279f3af2d701"},"potentialAction":[{"@type":"SearchAction","target":{"@type":"EntryPoint","urlTemplate":"https:\/\/www.wunder-der-stadt.com\/?s={search_term_string}"},"query-input":"required name=search_term_string"}],"inLanguage":"en-US"},{"@type":["Person","Organization"],"@id":"https:\/\/www.wunder-der-stadt.com\/#\/schema\/person\/7ac5370c8e8a38b0625e279f3af2d701","name":"Admin","logo":{"@id":"https:\/\/www.wunder-der-stadt.com\/#\/schema\/person\/image\/"}}]}},"_links":{"self":[{"href":"https:\/\/www.wunder-der-stadt.com\/en\/wp-json\/wp\/v2\/product\/1985"}],"collection":[{"href":"https:\/\/www.wunder-der-stadt.com\/en\/wp-json\/wp\/v2\/product"}],"about":[{"href":"https:\/\/www.wunder-der-stadt.com\/en\/wp-json\/wp\/v2\/types\/product"}],"wp:featuredmedia":[{"embeddable":true,"href":"https:\/\/www.wunder-der-stadt.com\/en\/wp-json\/wp\/v2\/media\/1208"}],"wp:attachment":[{"href":"https:\/\/www.wunder-der-stadt.com\/en\/wp-json\/wp\/v2\/media?parent=1985"}],"wp:term":[{"taxonomy":"product_cat","embeddable":true,"href":"https:\/\/www.wunder-der-stadt.com\/en\/wp-json\/wp\/v2\/product_cat?post=1985"},{"taxonomy":"product_tag","embeddable":true,"href":"https:\/\/www.wunder-der-stadt.com\/en\/wp-json\/wp\/v2\/product_tag?post=1985"}],"curies":[{"name":"wp","href":"https:\/\/api.w.org\/{rel}","templated":true}]}}