{"id":2524,"date":"2024-01-04T17:35:45","date_gmt":"2024-01-04T16:35:45","guid":{"rendered":"https:\/\/www.wunder-der-stadt.com\/?post_type=product&#038;p=2524"},"modified":"2026-03-07T11:58:02","modified_gmt":"2026-03-07T10:58:02","slug":"schulklassen-muenchen-im-nationalsozialismus","status":"publish","type":"product","link":"https:\/\/www.wunder-der-stadt.com\/en\/tours\/schulklassen-muenchen-im-nationalsozialismus\/","title":{"rendered":"F\u00fcr Schulklassen: M\u00fcnchen im Nationalsozialismus"},"content":{"rendered":"<h2 class=\"text-text-100 mt-3 -mb-1 text-[1.125rem] font-bold\">F\u00fcr Schulklassen: M\u00fcnchen im Nationalsozialismus<\/h2>\n<h3 class=\"text-text-100 mt-2 -mb-1 text-base font-bold\">Stadtf\u00fchrung f\u00fcr Schulklassen in M\u00fcnchen<\/h3>\n<p class=\"font-claude-response-body break-words whitespace-normal leading-[1.7]\"><strong>M\u00fcnchen \u2013 Hauptstadt der Bewegung: Geschichte hautnah erleben.<\/strong><\/p>\n<p class=\"font-claude-response-body break-words whitespace-normal leading-[1.7]\">M\u00fcnchen war nicht irgendeine Stadt im Nationalsozialismus \u2013 sie war sein ideologisches Herz. Bereits 1923 versuchte Adolf Hitler hier mit dem Putsch am Odeonsplatz die Macht zu ergreifen. Zehn Jahre sp\u00e4ter war M\u00fcnchen zur \u201eHauptstadt der Bewegung&#8221; erkl\u00e4rt. Diese <strong>Stadtf\u00fchrung zur NS-Zeit in M\u00fcnchen f\u00fcr Schulklassen<\/strong> macht Geschichte am Originalschauplatz erlebbar und eignet sich ideal als <strong>Exkursion f\u00fcr den Geschichtsunterricht<\/strong>.<\/p>\n<hr class=\"border-border-200 border-t-0.5 my-3 mx-1.5\" \/>\n<h3 class=\"text-text-100 mt-2 -mb-1 text-base font-bold\">Inhalt der F\u00fchrung<\/h3>\n<p class=\"font-claude-response-body break-words whitespace-normal leading-[1.7]\">Wir folgen Hitlers Spuren vom ersten Auftritt in der Gastst\u00e4tte \u201eZum Sternecker&#8221; bis zum K\u00f6nigsplatz, wo die gro\u00dfen Kundgebungen stattfanden und zum ersten Mal die B\u00fccher brannten:<\/p>\n<ul class=\"[li_&amp;]:mb-0 [li_&amp;]:mt-1 [li_&amp;]:gap-1 [&amp;:not(:last-child)_ul]:pb-1 [&amp;:not(:last-child)_ol]:pb-1 list-disc flex flex-col gap-1 pl-8 mb-3\">\n<li class=\"whitespace-normal break-words pl-2\"><strong>Hofbr\u00e4uhaus &#8211; <\/strong>Gr\u00fcndung der NSDAP<\/li>\n<li class=\"whitespace-normal break-words pl-2\">Gescheiterter <strong>Hitlerputsch 1923<\/strong> am Odeonsplatz<\/li>\n<li><strong>Platz der NS-Opfer und ehemalige Gestapo-Zentrale<\/strong> &#8211; Verfolgung und Repression<\/li>\n<li class=\"whitespace-normal break-words pl-2\"><strong>Villa der Familie Bruckmann<\/strong> \u2013 fr\u00fche finanzielle F\u00f6rderer Hitlers<\/li>\n<li class=\"whitespace-normal break-words pl-2\"><strong>F\u00fchrerbau am K\u00f6nigsplatz<\/strong> \u2013 Zentrum der Parteiarchitektur und Ort der B\u00fccherverbrennung<\/li>\n<li class=\"whitespace-normal break-words pl-2\"><strong>NS-Dokumentationszentrum<\/strong> \u2013 Erinnerungsort am fr\u00fcheren \u201eBraunen Haus&#8221;<\/li>\n<\/ul>\n<hr class=\"border-border-200 border-t-0.5 my-3 mx-1.5\" \/>\n<h3 class=\"text-text-100 mt-2 -mb-1 text-base font-bold\">P\u00e4dagogischer Fokus<\/h3>\n<p class=\"font-claude-response-body break-words whitespace-normal leading-[1.7]\">\u201eM\u00fcnchen im Nationalsozialismus&#8221; richtet sich speziell an <strong>Schulklassen<\/strong> und vermittelt Geschichte <strong>anschaulich, altersgerecht und dialogorientiert<\/strong>:<\/p>\n<ul class=\"[li_&amp;]:mb-0 [li_&amp;]:mt-1 [li_&amp;]:gap-1 [&amp;:not(:last-child)_ul]:pb-1 [&amp;:not(:last-child)_ol]:pb-1 list-disc flex flex-col gap-1 pl-8 mb-3\">\n<li class=\"whitespace-normal break-words pl-2\">F\u00f6rderung von <strong>historischem Verst\u00e4ndnis<\/strong><\/li>\n<li class=\"whitespace-normal break-words pl-2\">Auseinandersetzung mit <strong>Machtmissbrauch, Ausgrenzung und Zivilcourage<\/strong><\/li>\n<li class=\"whitespace-normal break-words pl-2\">Verbindung von lokalen Orten mit \u00fcbergreifenden Lehrplanthemen<\/li>\n<li class=\"whitespace-normal break-words pl-2\">Ber\u00fccksichtigung des jeweiligen <strong>Wissensstands der Klasse<\/strong><\/li>\n<\/ul>\n<p class=\"font-claude-response-body break-words whitespace-normal leading-[1.7]\">Begriffe und Ereignisse werden mit authentischen Orten und Einzelschicksalen verkn\u00fcpft \u2013 f\u00fcr nachhaltiges Lernen und echtes Verstehen.<\/p>\n<hr class=\"border-border-200 border-t-0.5 my-3 mx-1.5\" \/>\n<h3 class=\"text-text-100 mt-2 -mb-1 text-base font-bold\">Warum diese F\u00fchrung?<\/h3>\n<p class=\"font-claude-response-body break-words whitespace-normal leading-[1.7]\">Diese F\u00fchrung f\u00fchrt in die <a class=\"underline underline underline-offset-2 decoration-1 decoration-current\/40 hover:decoration-current focus:decoration-current\" href=\"https:\/\/www.wunder-der-stadt.com\/tours\/die-weisse-rose-muenchner-widerstand-stadtfuehrung-fuer-schulklassen\/\">dunkle Vergangenheit M\u00fcnchens<\/a> und zeigt, wie eine ganze Stadt zum Zentrum eines verbrecherischen Regimes werden konnte. Sie l\u00e4dt zum <strong>Lernen, Verstehen und Erinnern<\/strong> ein \u2013 direkt dort, wo Geschichte passiert ist.<\/p>\n<hr class=\"border-border-200 border-t-0.5 my-3 mx-1.5\" \/>\n<p class=\"font-claude-response-body break-words whitespace-normal leading-[1.7]\"><strong>M\u00fcnchen im Nationalsozialismus<\/strong><\/p>\n<p class=\"font-claude-response-body break-words whitespace-normal leading-[1.7]\">Eine historische Stadtf\u00fchrung f\u00fcr Schulklassen in M\u00fcnchen \u2013 gegen das Vergessen.<\/p>\n<hr class=\"border-border-200 border-t-0.5 my-3 mx-1.5\" \/>\n<p class=\"font-claude-response-body break-words whitespace-normal leading-[1.7]\"><em>Geeignet f\u00fcr weiterf\u00fchrende Schulen<\/em><\/p>\n<p class=\"font-claude-response-body break-words whitespace-normal leading-[1.7]\"><em><strong>Dieses Thema interessiert Sie besonders?<\/strong><\/em><\/p>\n<p class=\"font-claude-response-body break-words whitespace-normal leading-[1.7]\">Sie sind Lehrerin oder Lehrer und m\u00f6chten Ihren Sch\u00fclerinnen und Sch\u00fclern den bereits im Unterricht behandelten Stoff vertiefen? Wir bieten Ihnen den Thementag mit einer Stadtf\u00fchrung durch M\u00fcnchen am Vormittag und einer anschlie\u00dfenden Besichtigung der <a class=\"underline underline underline-offset-2 decoration-1 decoration-current\/40 hover:decoration-current focus:decoration-current\" href=\"https:\/\/www.wunder-der-stadt.com\/tours\/fuehrung-in-die-kz-gedenkstaette-dachau\/\">KZ-Gedenkst\u00e4tte Dachau<\/a> an.<\/p>\n<p><strong><span style=\"font-size: 14pt;\">M\u00fcnchen im Nationalsozialismus ist eine F\u00fchrung f\u00fcr Schulklassen zum Lernen, Verstehen und Erinnern.<\/span><\/strong><\/p>\n<p>[vc_row][vc_column][vc_btn title=&#8221;ANFRAGE SENDEN&#8221; shape=&#8221;square&#8221; align=&#8221;left&#8221; link=&#8221;url:http%3A%2F%2Fwww.wunder-der-stadt.com%2Fkontakt%2F|||&#8221;]<br \/>\n<!--more--><\/p>\n<table class=\"table table-bordered tours-tabs__table\" style=\"height: 233px;\" width=\"862\">\n<tbody>\n<tr>\n<td><strong>STARTPUNKT<\/strong><\/td>\n<td>Hofbr\u00e4uhaus &#8211; M\u00fcnchen<\/td>\n<\/tr>\n<tr>\n<td><b>DAUER<\/b><\/td>\n<td>max. 2 Stunden<\/td>\n<\/tr>\n<tr>\n<td><b>PREIS<\/b><\/td>\n<td>\n<p class=\"p1\"><span class=\"s1\">210,00\u20ac &#8211; inkl. 19% MwSt<\/span><\/p>\n<\/td>\n<\/tr>\n<tr>\n<td><strong>TEILNEHMERZAHL<\/strong><\/td>\n<td><span class=\"s1\">Schulklasse von max. 25 Sch\u00fcler<\/span><\/td>\n<\/tr>\n<\/tbody>\n<\/table>\n<p>&nbsp;<\/p>\n","protected":false},"excerpt":{"rendered":"<p>F\u00fcr Schulklassen: M\u00fcnchen im Nationalsozialismus Stadtf\u00fchrung f\u00fcr Schulklassen in M\u00fcnchen M\u00fcnchen \u2013 Hauptstadt der Bewegung: Geschichte hautnah erleben. M\u00fcnchen war nicht irgendeine Stadt im Nationalsozialismus \u2013 sie war sein ideologisches Herz. Bereits 1923 versuchte Adolf Hitler hier mit dem Putsch am Odeonsplatz die Macht zu ergreifen. Zehn Jahre sp\u00e4ter war M\u00fcnchen zur \u201eHauptstadt der Bewegung&#8221;<\/p>\n<div class=\"padding-top text-center\"><a href=\"https:\/\/www.wunder-der-stadt.com\/en\/tours\/schulklassen-muenchen-im-nationalsozialismus\/\" class=\"atbtn atbtn--medium atbtn--rounded atbtn--transparent\">Weiterlesen<i class=\"atbtn__icon atbtn__icon--right fa fa-long-arrow-right\"><\/i><\/a><\/div>\n","protected":false},"featured_media":1389,"template":"","meta":[],"product_cat":[103],"product_tag":[231,137,227,138,139],"translation":{"provider":"WPGlobus","version":"3.0.2","language":"en","enabled_languages":["de","en","fr","es"],"languages":{"de":{"title":true,"content":true,"excerpt":false},"en":{"title":false,"content":false,"excerpt":false},"fr":{"title":false,"content":false,"excerpt":false},"es":{"title":false,"content":false,"excerpt":false}}},"yoast_head":"<!-- This site is optimized with the Yoast SEO plugin v22.0 - https:\/\/yoast.com\/wordpress\/plugins\/seo\/ -->\n<title>F\u00fcr Schulklassen - M\u00fcnchen im Nationalsozialismus<\/title>\n<meta name=\"robots\" content=\"index, follow, max-snippet:-1, max-image-preview:large, max-video-preview:-1\" \/>\n<link rel=\"canonical\" href=\"https:\/\/www.wunder-der-stadt.com\/tours\/schulklassen-muenchen-im-nationalsozialismus\/\" \/>\n<meta property=\"og:locale\" content=\"en_US\" \/>\n<meta property=\"og:type\" content=\"article\" \/>\n<meta property=\"og:title\" content=\"F\u00fcr Schulklassen: M\u00fcnchen im Nationalsozialismus - Wunder der Stadt - Stadtf\u00fchrungen in M\u00fcnchen und Oberbayern\" \/>\n<meta property=\"og:url\" content=\"https:\/\/www.wunder-der-stadt.com\/tours\/schulklassen-muenchen-im-nationalsozialismus\/\" \/>\n<meta property=\"og:site_name\" content=\"Wunder der Stadt - Stadtf\u00fchrungen in M\u00fcnchen und Oberbayern\" \/>\n<meta property=\"article:modified_time\" content=\"2026-03-07T10:58:02+00:00\" \/>\n<meta property=\"og:image\" content=\"https:\/\/www.wunder-der-stadt.com\/wp-content\/uploads\/Schueler_Nationalsozialismus.jpg\" \/>\n\t<meta property=\"og:image:width\" content=\"1400\" \/>\n\t<meta property=\"og:image:height\" content=\"600\" \/>\n\t<meta property=\"og:image:type\" content=\"image\/jpeg\" \/>\n<meta name=\"twitter:card\" content=\"summary_large_image\" \/>\n<meta name=\"twitter:label1\" content=\"Est. reading time\" \/>\n\t<meta name=\"twitter:data1\" content=\"3 minutes\" \/>\n<script type=\"application\/ld+json\" class=\"yoast-schema-graph\">{\"@context\":\"https:\/\/schema.org\",\"@graph\":[{\"@type\":\"WebPage\",\"@id\":\"https:\/\/www.wunder-der-stadt.com\/tours\/schulklassen-muenchen-im-nationalsozialismus\/\",\"url\":\"https:\/\/www.wunder-der-stadt.com\/tours\/schulklassen-muenchen-im-nationalsozialismus\/\",\"name\":\"F\u00fcr Schulklassen - M\u00fcnchen im Nationalsozialismus\",\"isPartOf\":{\"@id\":\"https:\/\/www.wunder-der-stadt.com\/#website\"},\"datePublished\":\"2024-01-04T16:35:45+00:00\",\"dateModified\":\"2026-03-07T10:58:02+00:00\",\"description\":\"M\u00fcnchen im Nationalsozialismus ist eine F\u00fchrung zum Lernen, Verstehen und Erinnern ausgearbeitet speziell f\u00fcr Schulklassen\",\"breadcrumb\":{\"@id\":\"https:\/\/www.wunder-der-stadt.com\/tours\/schulklassen-muenchen-im-nationalsozialismus\/#breadcrumb\"},\"inLanguage\":\"en-US\",\"potentialAction\":[{\"@type\":\"ReadAction\",\"target\":[\"https:\/\/www.wunder-der-stadt.com\/tours\/schulklassen-muenchen-im-nationalsozialismus\/\"]}]},{\"@type\":\"BreadcrumbList\",\"@id\":\"https:\/\/www.wunder-der-stadt.com\/tours\/schulklassen-muenchen-im-nationalsozialismus\/#breadcrumb\",\"itemListElement\":[{\"@type\":\"ListItem\",\"position\":1,\"name\":\"Startseite\",\"item\":\"https:\/\/www.wunder-der-stadt.com\/\"},{\"@type\":\"ListItem\",\"position\":2,\"name\":\"Produkte\",\"item\":\"https:\/\/www.wunder-der-stadt.com\/shop\/\"},{\"@type\":\"ListItem\",\"position\":3,\"name\":\"F\u00fcr Schulklassen: M\u00fcnchen im Nationalsozialismus\"}]},{\"@type\":\"WebSite\",\"@id\":\"https:\/\/www.wunder-der-stadt.com\/#website\",\"url\":\"https:\/\/www.wunder-der-stadt.com\/\",\"name\":\"{:de}Wunder der Stadt - Stadtf\u00fchrungen in M\u00fcnchen und Oberbayern{:}{:fr}Wunder der Stadt - Visites guid\u00e9es \u00e0 Munich et en Bavi\u00e8re{:}\",\"description\":\"Ihre Agentur f\u00fcr Incomingreisen, Gesch\u00e4ftreisen, Stadtf\u00fchrungen und Privatreisen in M\u00fcnchen und Bayern\",\"publisher\":{\"@id\":\"https:\/\/www.wunder-der-stadt.com\/#\/schema\/person\/7ac5370c8e8a38b0625e279f3af2d701\"},\"potentialAction\":[{\"@type\":\"SearchAction\",\"target\":{\"@type\":\"EntryPoint\",\"urlTemplate\":\"https:\/\/www.wunder-der-stadt.com\/?s={search_term_string}\"},\"query-input\":\"required name=search_term_string\"}],\"inLanguage\":\"en-US\"},{\"@type\":[\"Person\",\"Organization\"],\"@id\":\"https:\/\/www.wunder-der-stadt.com\/#\/schema\/person\/7ac5370c8e8a38b0625e279f3af2d701\",\"name\":\"Admin\",\"logo\":{\"@id\":\"https:\/\/www.wunder-der-stadt.com\/#\/schema\/person\/image\/\"}}]}<\/script>\n<!-- \/ Yoast SEO plugin. -->","yoast_head_json":{"title":"F\u00fcr Schulklassen - M\u00fcnchen im Nationalsozialismus","robots":{"index":"index","follow":"follow","max-snippet":"max-snippet:-1","max-image-preview":"max-image-preview:large","max-video-preview":"max-video-preview:-1"},"canonical":"https:\/\/www.wunder-der-stadt.com\/tours\/schulklassen-muenchen-im-nationalsozialismus\/","og_locale":"en_US","og_type":"article","og_title":"F\u00fcr Schulklassen: M\u00fcnchen im Nationalsozialismus - Wunder der Stadt - Stadtf\u00fchrungen in M\u00fcnchen und Oberbayern","og_url":"https:\/\/www.wunder-der-stadt.com\/tours\/schulklassen-muenchen-im-nationalsozialismus\/","og_site_name":"Wunder der Stadt - Stadtf\u00fchrungen in M\u00fcnchen und Oberbayern","article_modified_time":"2026-03-07T10:58:02+00:00","og_image":[{"width":1400,"height":600,"url":"https:\/\/www.wunder-der-stadt.com\/wp-content\/uploads\/Schueler_Nationalsozialismus.jpg","type":"image\/jpeg"}],"twitter_card":"summary_large_image","twitter_misc":{"Est. reading time":"3 minutes"},"schema":{"@context":"https:\/\/schema.org","@graph":[{"@type":"WebPage","@id":"https:\/\/www.wunder-der-stadt.com\/tours\/schulklassen-muenchen-im-nationalsozialismus\/","url":"https:\/\/www.wunder-der-stadt.com\/tours\/schulklassen-muenchen-im-nationalsozialismus\/","name":"F\u00fcr Schulklassen - M\u00fcnchen im Nationalsozialismus","isPartOf":{"@id":"https:\/\/www.wunder-der-stadt.com\/#website"},"datePublished":"2024-01-04T16:35:45+00:00","dateModified":"2026-03-07T10:58:02+00:00","description":"M\u00fcnchen im Nationalsozialismus ist eine F\u00fchrung zum Lernen, Verstehen und Erinnern ausgearbeitet speziell f\u00fcr Schulklassen","breadcrumb":{"@id":"https:\/\/www.wunder-der-stadt.com\/tours\/schulklassen-muenchen-im-nationalsozialismus\/#breadcrumb"},"inLanguage":"en-US","potentialAction":[{"@type":"ReadAction","target":["https:\/\/www.wunder-der-stadt.com\/tours\/schulklassen-muenchen-im-nationalsozialismus\/"]}]},{"@type":"BreadcrumbList","@id":"https:\/\/www.wunder-der-stadt.com\/tours\/schulklassen-muenchen-im-nationalsozialismus\/#breadcrumb","itemListElement":[{"@type":"ListItem","position":1,"name":"Startseite","item":"https:\/\/www.wunder-der-stadt.com\/"},{"@type":"ListItem","position":2,"name":"Produkte","item":"https:\/\/www.wunder-der-stadt.com\/shop\/"},{"@type":"ListItem","position":3,"name":"F\u00fcr Schulklassen: M\u00fcnchen im Nationalsozialismus"}]},{"@type":"WebSite","@id":"https:\/\/www.wunder-der-stadt.com\/#website","url":"https:\/\/www.wunder-der-stadt.com\/","name":"{:de}Wunder der Stadt - Stadtf\u00fchrungen in M\u00fcnchen und Oberbayern{:}{:fr}Wunder der Stadt - Visites guid\u00e9es \u00e0 Munich et en Bavi\u00e8re{:}","description":"Ihre Agentur f\u00fcr Incomingreisen, Gesch\u00e4ftreisen, Stadtf\u00fchrungen und Privatreisen in M\u00fcnchen und Bayern","publisher":{"@id":"https:\/\/www.wunder-der-stadt.com\/#\/schema\/person\/7ac5370c8e8a38b0625e279f3af2d701"},"potentialAction":[{"@type":"SearchAction","target":{"@type":"EntryPoint","urlTemplate":"https:\/\/www.wunder-der-stadt.com\/?s={search_term_string}"},"query-input":"required name=search_term_string"}],"inLanguage":"en-US"},{"@type":["Person","Organization"],"@id":"https:\/\/www.wunder-der-stadt.com\/#\/schema\/person\/7ac5370c8e8a38b0625e279f3af2d701","name":"Admin","logo":{"@id":"https:\/\/www.wunder-der-stadt.com\/#\/schema\/person\/image\/"}}]}},"_links":{"self":[{"href":"https:\/\/www.wunder-der-stadt.com\/en\/wp-json\/wp\/v2\/product\/2524"}],"collection":[{"href":"https:\/\/www.wunder-der-stadt.com\/en\/wp-json\/wp\/v2\/product"}],"about":[{"href":"https:\/\/www.wunder-der-stadt.com\/en\/wp-json\/wp\/v2\/types\/product"}],"wp:featuredmedia":[{"embeddable":true,"href":"https:\/\/www.wunder-der-stadt.com\/en\/wp-json\/wp\/v2\/media\/1389"}],"wp:attachment":[{"href":"https:\/\/www.wunder-der-stadt.com\/en\/wp-json\/wp\/v2\/media?parent=2524"}],"wp:term":[{"taxonomy":"product_cat","embeddable":true,"href":"https:\/\/www.wunder-der-stadt.com\/en\/wp-json\/wp\/v2\/product_cat?post=2524"},{"taxonomy":"product_tag","embeddable":true,"href":"https:\/\/www.wunder-der-stadt.com\/en\/wp-json\/wp\/v2\/product_tag?post=2524"}],"curies":[{"name":"wp","href":"https:\/\/api.w.org\/{rel}","templated":true}]}}