{"id":248,"date":"2015-07-16T12:02:03","date_gmt":"2015-07-16T12:02:03","guid":{"rendered":"http:\/\/adventure-tours.themedelight.com\/?page_id=2"},"modified":"2024-01-12T18:31:08","modified_gmt":"2024-01-12T17:31:08","slug":"stadtfuerung-muenchen-privat-gruppe-wunder-der-stadt","status":"publish","type":"page","link":"https:\/\/www.wunder-der-stadt.com\/es\/stadtfuerung-muenchen-privat-gruppe-wunder-der-stadt\/","title":{"rendered":"Stadtf\u00fchrung in M\u00fcnchen f\u00fcr Privatgruppen"},"content":{"rendered":"<p>[vc_row][vc_column width=&#8221;2\/3&#8243;][vc_column_text]Sie haben Besuch von der Familie oder von guten Freunden? Das ist die beste Gelengenheit f\u00fcr eine Stadtf\u00fchrung in M\u00fcnchen f\u00fcr Privatgruppen mit Wunder der Stadt.<\/p>\n<p>Sie brauchen ein au\u00dfergew\u00f6hnliches Geburtstags- oder Hochzeitsgeschenk? Sie haben etwas zu feiern und m\u00f6chten Ihre G\u00e4ste mehr als nur den Besuch eines guten Restaurants anbieten? Sie suchen eine witzige Idee, um Ihren Junggesellenabschied zu feiern? Sie suchen, kurz gesagt, eine<a href=\"https:\/\/www.wunder-der-stadt.com\/tours\/stadtrundgang-in-die-altstadt\/\"> Stadtf\u00fchrung in M\u00fcnchen<\/a>\u00a0f\u00fcr Privatgruppen?<\/p>\n<p>Das ist Ihre Gelegenheit, M\u00fcnchen anders kennen zu lernen und Wunder der Stadt kann Sie dabei helfen! Kultur, Kunst und Spa\u00df sind unsere Kernkompetenzen.<\/p>\n<p>Wir gestalten f\u00fcr Sie die individuelle Stadtf\u00fchrung in M\u00fcnchen f\u00fcr Privatgruppen. F\u00fcr jeden Geschmack, f\u00fcr jeden Wunsch, egal wie gro\u00df, wie jung oder wie alt die Gruppe. Alle unsere F\u00fchrungsideen auf unserer Webseite sind frei kombinierbar und lassen sich nach Ihrem Wunsch anpassen. Auf Ihre speziellen Anliegen gehen wir gerne ein \u2013 bitte setzen Sie sich dazu mit uns in Kontakt.<\/p>\n<p>Eine Stadtf\u00fchrung in M\u00fcnchen f\u00fcr Privatgruppen mit Wunder der Stadt macht einfach Spa\u00df![\/vc_column_text][vc_empty_space height=&#8221;10px&#8221;][vc_btn title=&#8221;ANFRAGE SENDEN&#8221; shape=&#8221;square&#8221; align=&#8221;center&#8221; link=&#8221;url:http%3A%2F%2Fwww.wunder-der-stadt.com%2Fkontakt%2F|||&#8221;][vc_empty_space height=&#8221;20px&#8221;][\/vc_column][vc_column width=&#8221;1\/3&#8243;][vc_single_image image=&#8221;1414&#8243; img_size=&#8221;medium&#8221; title=&#8221;Stadtf\u00fchrung in M\u00fcnchen f\u00fcr Privatgruppen &#8211; Wunder der Stadt&#8221;][\/vc_column][\/vc_row][vc_row][vc_column]\n<div class=\"atlist\">\n\t<div class=\"title title--big title--center title--underline title--decoration-bottom-center\">\n\t\t<h3 class=\"title__primary\">Tour-Vorschl\u00e4ge f\u00fcr Privatgruppen<\/h3>\n<\/div>\n\t\t<div class=\"atlist__item margin-bottom\">\n\t\t<div class=\"atlist__item__image\">\n\t\t<a class=\"atlist__item__image-wrap\" href=\"https:\/\/www.wunder-der-stadt.com\/es\/tours\/klassiker-stadtrundfahrt-muenchen\/\"><img loading=\"lazy\" decoding=\"async\" width=\"720\" height=\"606\" src=\"https:\/\/www.wunder-der-stadt.com\/wp-content\/uploads\/Nr.-0614-Muenchner-Marienplatz-mit-Neuem-Rathaus-und-Frauenkirche-C.-Reiter-720x606.jpg\" class=\"attachment-thumb_tour_box size-thumb_tour_box wp-post-image\" alt=\"Stadtrundfahrt M\u00fcnchen\" srcset=\"https:\/\/www.wunder-der-stadt.com\/wp-content\/uploads\/Nr.-0614-Muenchner-Marienplatz-mit-Neuem-Rathaus-und-Frauenkirche-C.-Reiter-720x606.jpg 720w, https:\/\/www.wunder-der-stadt.com\/wp-content\/uploads\/Nr.-0614-Muenchner-Marienplatz-mit-Neuem-Rathaus-und-Frauenkirche-C.-Reiter-252x212.jpg 252w\" sizes=\"(max-width: 720px) 100vw, 720px\" \/><\/a>\t\t\t\t\t\t<\/div>\n\t\t<div class=\"atlist__item__content atlist__item__content--full-height\">\n\t\t\t<div class=\"atlist__item__content__items\">\n\t\t\t\t<div class=\"atlist__item__content__item\">\n\t\t\t\t\t<h2 class=\"atlist__item__title\"><a href=\"https:\/\/www.wunder-der-stadt.com\/es\/tours\/klassiker-stadtrundfahrt-muenchen\/\">Der Klassiker - Stadtrundfahrt mit dem Bus<\/a><\/h2>\n\t\t\t\t\t\t\t\t\t\t\t<div class=\"atlist__item__description\">Mit dieser Rundfahrt erhalten Sie einen perfekten \u00dcberblick \u00fcber die wundersch\u00f6ne Stadt M\u00fcnchen. Auf unserem Weg befinden sich die wichtigsten Sehensw\u00fcrdigkeiten der Stadt: von den mittelalterlichen Stadttoren \u00fcber den pr\u00e4chtigen Bauten des 19. Jahrhunderts (die Pinakotheken, der K\u00f6nigsplatz mit seiner nationalsozialistischen Vergangenheit, die Ludwig- und die Maximilianstra\u00dfe, das Schloss Nymphenburg\u2026)<\/div>\n\t\t\t\t\t\t\t\t\t<\/div>\n\t\t\t\t<div class=\"atlist__item__content__item atlist__item__content__item--alternative\">\n\t\t\t\t\t\t\t\t\t\t<div class=\"atlist__item__price\"><a href=\"https:\/\/www.wunder-der-stadt.com\/es\/tours\/klassiker-stadtrundfahrt-muenchen\/\"><span class=\"woocommerce-Price-amount amount\"><bdi>220,00&nbsp;<span class=\"woocommerce-Price-currencySymbol\">&euro;<\/span><\/bdi><\/span><\/a><\/div>\t\t\t\t\t<div class=\"atlist__item__price-label\">per person<\/div>\t\t\t\t\t<div class=\"atlist__item__read-more\"><a href=\"https:\/\/www.wunder-der-stadt.com\/es\/tours\/klassiker-stadtrundfahrt-muenchen\/\" class=\"atbtn atbtn--small atbtn--rounded atbtn--light\">view tour<\/a><\/div>\n\t\t\t\t<\/div>\n\t\t\t<\/div>\n\t\t\t\t\t<\/div>\n\t<\/div>\n\t\t<div class=\"atlist__item margin-bottom\">\n\t\t<div class=\"atlist__item__image\">\n\t\t<a class=\"atlist__item__image-wrap\" href=\"https:\/\/www.wunder-der-stadt.com\/es\/tours\/stadtrundgang-in-die-altstadt\/\"><img loading=\"lazy\" decoding=\"async\" width=\"720\" height=\"600\" src=\"https:\/\/www.wunder-der-stadt.com\/wp-content\/uploads\/Kombi_Stadtrundfahrt_Stadtrundgang-720x600.jpg\" class=\"attachment-thumb_tour_box size-thumb_tour_box wp-post-image\" alt=\"Munich city tour school groups walking tour - The &quot;Fischbrunnen&quot; on the Marienplatz\" \/><\/a>\t\t\t\t\t\t<\/div>\n\t\t<div class=\"atlist__item__content atlist__item__content--full-height\">\n\t\t\t<div class=\"atlist__item__content__items\">\n\t\t\t\t<div class=\"atlist__item__content__item\">\n\t\t\t\t\t<h2 class=\"atlist__item__title\"><a href=\"https:\/\/www.wunder-der-stadt.com\/es\/tours\/stadtrundgang-in-die-altstadt\/\">860 Jahre M\u00fcnchner Geschichte - Ein Rundgang in der Altstadt<\/a><\/h2>\n\t\t\t\t\t\t\t\t\t\t\t<div class=\"atlist__item__description\">Auf dieser sch\u00f6nen Tour in der Altstadt entdecken Sie die wichtigsten Orte M\u00fcnchens! M\u00fcnchen \u2013 das sind 860 Jahre Geschichte, mit Herz\u00f6gen, Kurf\u00fcrsten und K\u00f6nigen. Mit zahlreichen Kirchen und historischen Pl\u00e4tzen, mit Fu\u00dfball, Dirndl und Wei\u00dfw\u00fcrste... Bei diesem Rundgang durch die M\u00fcnchner Altstadt lassen wir nichts aus. Wir entdecken dabei<\/div>\n\t\t\t\t\t\t\t\t\t<\/div>\n\t\t\t\t<div class=\"atlist__item__content__item atlist__item__content__item--alternative\">\n\t\t\t\t\t\t\t\t\t\t<div class=\"atlist__item__price\"><a href=\"https:\/\/www.wunder-der-stadt.com\/es\/tours\/stadtrundgang-in-die-altstadt\/\"><span class=\"woocommerce-Price-amount amount\"><bdi>210,00&nbsp;<span class=\"woocommerce-Price-currencySymbol\">&euro;<\/span><\/bdi><\/span><\/a><\/div>\t\t\t\t\t<div class=\"atlist__item__price-label\">per person<\/div>\t\t\t\t\t<div class=\"atlist__item__read-more\"><a href=\"https:\/\/www.wunder-der-stadt.com\/es\/tours\/stadtrundgang-in-die-altstadt\/\" class=\"atbtn atbtn--small atbtn--rounded atbtn--light\">view tour<\/a><\/div>\n\t\t\t\t<\/div>\n\t\t\t<\/div>\n\t\t\t\t\t<\/div>\n\t<\/div>\n\t\t<div class=\"atlist__item margin-bottom\">\n\t\t<div class=\"atlist__item__image\">\n\t\t<a class=\"atlist__item__image-wrap\" href=\"https:\/\/www.wunder-der-stadt.com\/es\/tours\/stadtrundfahrt-rundgang-durch-die-altstadt\/\"><img loading=\"lazy\" decoding=\"async\" width=\"720\" height=\"600\" src=\"https:\/\/www.wunder-der-stadt.com\/wp-content\/uploads\/Banner_Muenchner-Hofbraeuhaus-Foto-Friedrich-Mueller-720x600.jpg\" class=\"attachment-thumb_tour_box size-thumb_tour_box wp-post-image\" alt=\"M\u00fcnchener Hofbr\u00e4uhaus\" \/><\/a>\t\t\t\t\t\t<\/div>\n\t\t<div class=\"atlist__item__content atlist__item__content--full-height\">\n\t\t\t<div class=\"atlist__item__content__items\">\n\t\t\t\t<div class=\"atlist__item__content__item\">\n\t\t\t\t\t<h2 class=\"atlist__item__title\"><a href=\"https:\/\/www.wunder-der-stadt.com\/es\/tours\/stadtrundfahrt-rundgang-durch-die-altstadt\/\">Stadtrundfahrt &amp; Rundgang durch die Altstadt<\/a><\/h2>\n\t\t\t\t\t\t\t\t\t\t\t<div class=\"atlist__item__description\">Diese Busrundfahrt und Rundgang f\u00fchren Sie an die wichtigsten Pl\u00e4tze in und um M\u00fcnchen herum. Sie besuchen den K\u00f6nigsplatz, das Schloss Nymphenburg mit einer kurzen Fotopause, den Olympiapark, die BMW-Welt sowie die Ludwigstra\u00dfe, usw. Anschlie\u00dfend entdecken Sie die Altstadt bei einem einst\u00fcndigen Spaziergang: Viktualienmarkt, Marienplatz, Hofbr\u00e4uhaus, Frauenkirche\u2026 Das ist nur<\/div>\n\t\t\t\t\t\t\t\t\t<\/div>\n\t\t\t\t<div class=\"atlist__item__content__item atlist__item__content__item--alternative\">\n\t\t\t\t\t\t\t\t\t\t<div class=\"atlist__item__price\"><a href=\"https:\/\/www.wunder-der-stadt.com\/es\/tours\/stadtrundfahrt-rundgang-durch-die-altstadt\/\"><span class=\"woocommerce-Price-amount amount\"><bdi>240,00&nbsp;<span class=\"woocommerce-Price-currencySymbol\">&euro;<\/span><\/bdi><\/span><\/a><\/div>\t\t\t\t\t<div class=\"atlist__item__price-label\">per person<\/div>\t\t\t\t\t<div class=\"atlist__item__read-more\"><a href=\"https:\/\/www.wunder-der-stadt.com\/es\/tours\/stadtrundfahrt-rundgang-durch-die-altstadt\/\" class=\"atbtn atbtn--small atbtn--rounded atbtn--light\">view tour<\/a><\/div>\n\t\t\t\t<\/div>\n\t\t\t<\/div>\n\t\t\t\t\t<\/div>\n\t<\/div>\n<\/div>[\/vc_column][\/vc_row][vc_row][vc_column][vc_column_text]<\/p>\n<p>[\/vc_column_text][\/vc_column][\/vc_row][vc_row][vc_column][vc_column_text][\/vc_column_text][\/vc_column][\/vc_row][vc_row][vc_column]\n<div class=\"atlist\">\n\t<div class=\"title title--big title--center title--underline title--decoration-bottom-center\">\n\t\t<h3 class=\"title__primary\">Themenf\u00fchrungen<\/h3>\n<\/div>\n\t\t<div class=\"atlist__item margin-bottom\">\n\t\t<div class=\"atlist__item__image\">\n\t\t<a class=\"atlist__item__image-wrap\" href=\"https:\/\/www.wunder-der-stadt.com\/es\/tours\/henriette-adelaide-ferdinand-maria-wie-der-barock-nach-muenchen-kam\/\"><img loading=\"lazy\" decoding=\"async\" width=\"707\" height=\"559\" src=\"https:\/\/www.wunder-der-stadt.com\/wp-content\/uploads\/Henriette-Adelaide-e1651509112387.jpg\" class=\"attachment-thumb_tour_box size-thumb_tour_box wp-post-image\" alt=\"\" srcset=\"https:\/\/www.wunder-der-stadt.com\/wp-content\/uploads\/Henriette-Adelaide-e1651509112387.jpg 707w, https:\/\/www.wunder-der-stadt.com\/wp-content\/uploads\/Henriette-Adelaide-e1651509112387-300x237.jpg 300w, https:\/\/www.wunder-der-stadt.com\/wp-content\/uploads\/Henriette-Adelaide-e1651509112387-600x474.jpg 600w\" sizes=\"(max-width: 707px) 100vw, 707px\" \/><\/a>\t\t\t\t\t\t<\/div>\n\t\t<div class=\"atlist__item__content atlist__item__content--full-height\">\n\t\t\t<div class=\"atlist__item__content__items\">\n\t\t\t\t<div class=\"atlist__item__content__item\">\n\t\t\t\t\t<h2 class=\"atlist__item__title\"><a href=\"https:\/\/www.wunder-der-stadt.com\/es\/tours\/henriette-adelaide-ferdinand-maria-wie-der-barock-nach-muenchen-kam\/\">\u201eHenriette-Adelaide &amp; Ferdinand Maria - Wie der Barock nach M\u00fcnchen kam&quot;<\/a><\/h2>\n\t\t\t\t\t\t\t\t\t\t\t<div class=\"atlist__item__description\">\u201eDie Kurf\u00fcrsten Henriette-Adelaide von Savoyen-Piemont &amp; Ferdinand-Maria von Wittelsbach oder wie der Barock nach M\u00fcnchen kam\u201c Die Reihe \"Ber\u00fchmte P\u00e4rchen in M\u00fcnchen\" beleuchtet die Geschichte Pers\u00f6nlichkeiten, die die Stadt durch ihr Leben gepr\u00e4gt haben. Dieses Mal erfahren Sie wie vor ca. 370 Jahre zwei Teenager M\u00fcnchen aus seine Lethargie geweckt<\/div>\n\t\t\t\t\t\t\t\t\t<\/div>\n\t\t\t\t<div class=\"atlist__item__content__item atlist__item__content__item--alternative\">\n\t\t\t\t\t\t\t\t\t\t<div class=\"atlist__item__price\"><a href=\"https:\/\/www.wunder-der-stadt.com\/es\/tours\/henriette-adelaide-ferdinand-maria-wie-der-barock-nach-muenchen-kam\/\"><span class=\"woocommerce-Price-amount amount\"><bdi>20,00&nbsp;<span class=\"woocommerce-Price-currencySymbol\">&euro;<\/span><\/bdi><\/span><\/a><\/div>\t\t\t\t\t<div class=\"atlist__item__price-label\">per person<\/div>\t\t\t\t\t<div class=\"atlist__item__read-more\"><a href=\"https:\/\/www.wunder-der-stadt.com\/es\/tours\/henriette-adelaide-ferdinand-maria-wie-der-barock-nach-muenchen-kam\/\" class=\"atbtn atbtn--small atbtn--rounded atbtn--light\">view tour<\/a><\/div>\n\t\t\t\t<\/div>\n\t\t\t<\/div>\n\t\t\t\t\t<\/div>\n\t<\/div>\n\t\t<div class=\"atlist__item margin-bottom\">\n\t\t<div class=\"atlist__item__image\">\n\t\t<a class=\"atlist__item__image-wrap\" href=\"https:\/\/www.wunder-der-stadt.com\/es\/tours\/karl-valentin-und-liesl-karlstadt\/\"><img loading=\"lazy\" decoding=\"async\" width=\"720\" height=\"561\" src=\"https:\/\/www.wunder-der-stadt.com\/wp-content\/uploads\/Karl-Valentin-und-Liesl-Karlstadt-Viktualienmarkt-M\u00fcnchen-720x561.jpg\" class=\"attachment-thumb_tour_box size-thumb_tour_box wp-post-image\" alt=\"Karl Valentin und Liesl Karlstadt - Viktualienmarkt M\u00fcnchen\" \/><\/a>\t\t\t\t\t\t<\/div>\n\t\t<div class=\"atlist__item__content atlist__item__content--full-height\">\n\t\t\t<div class=\"atlist__item__content__items\">\n\t\t\t\t<div class=\"atlist__item__content__item\">\n\t\t\t\t\t<h2 class=\"atlist__item__title\"><a href=\"https:\/\/www.wunder-der-stadt.com\/es\/tours\/karl-valentin-und-liesl-karlstadt\/\">Karl Valentin und Liesl Karlstadt - Stadtf\u00fchrung<\/a><\/h2>\n\t\t\t\t\t\t\t\t\t\t\t<div class=\"atlist__item__description\">Karl Valentin und Liesl Karlstadt \u2013 Hinter einem ber\u00fchmten Mann, steht immer eine starke Frau\u201c Vor Karl Valentin und Liesl Karlstadt war nichts sicher. Mit der unerbittlichen Sch\u00e4rfe ihres Witzes durchbohrten sie s\u00e4mtliche Kategorien der Wirklichkeit. Mit absurder Komik und Logik zertr\u00fcmmernder Sprachakrobatik demontierten sie alle Regeln der Kunst. B\u00fcrgerliche<\/div>\n\t\t\t\t\t\t\t\t\t<\/div>\n\t\t\t\t<div class=\"atlist__item__content__item atlist__item__content__item--alternative\">\n\t\t\t\t\t\t\t\t\t\t<div class=\"atlist__item__price\"><a href=\"https:\/\/www.wunder-der-stadt.com\/es\/tours\/karl-valentin-und-liesl-karlstadt\/\"><span class=\"woocommerce-Price-amount amount\"><bdi>20,00&nbsp;<span class=\"woocommerce-Price-currencySymbol\">&euro;<\/span><\/bdi><\/span><\/a><\/div>\t\t\t\t\t<div class=\"atlist__item__price-label\">per person<\/div>\t\t\t\t\t<div class=\"atlist__item__read-more\"><a href=\"https:\/\/www.wunder-der-stadt.com\/es\/tours\/karl-valentin-und-liesl-karlstadt\/\" class=\"atbtn atbtn--small atbtn--rounded atbtn--light\">view tour<\/a><\/div>\n\t\t\t\t<\/div>\n\t\t\t<\/div>\n\t\t\t\t\t<\/div>\n\t<\/div>\n\t\t<div class=\"atlist__item margin-bottom\">\n\t\t<div class=\"atlist__item__image\">\n\t\t<a class=\"atlist__item__image-wrap\" href=\"https:\/\/www.wunder-der-stadt.com\/es\/tours\/lola-montez-ludwig-i-stadtfuehrung-muenchen\/\"><img loading=\"lazy\" decoding=\"async\" width=\"720\" height=\"476\" src=\"https:\/\/www.wunder-der-stadt.com\/wp-content\/uploads\/Kg-Ludwig-und-Lola-Montez-1-720x476.jpg\" class=\"attachment-thumb_tour_box size-thumb_tour_box wp-post-image\" alt=\"K\u00f6nig Ludwig I von Bayern und Lola Montez\" srcset=\"https:\/\/www.wunder-der-stadt.com\/wp-content\/uploads\/Kg-Ludwig-und-Lola-Montez-1-720x476.jpg 720w, https:\/\/www.wunder-der-stadt.com\/wp-content\/uploads\/Kg-Ludwig-und-Lola-Montez-1-180x120.jpg 180w\" sizes=\"(max-width: 720px) 100vw, 720px\" \/><\/a>\t\t\t\t\t\t<\/div>\n\t\t<div class=\"atlist__item__content atlist__item__content--full-height\">\n\t\t\t<div class=\"atlist__item__content__items\">\n\t\t\t\t<div class=\"atlist__item__content__item\">\n\t\t\t\t\t<h2 class=\"atlist__item__title\"><a href=\"https:\/\/www.wunder-der-stadt.com\/es\/tours\/lola-montez-ludwig-i-stadtfuehrung-muenchen\/\">\u201eLola Montez und Ludwig I. - eine verh\u00e4ngnisvolle Aff\u00e4re\u201e<\/a><\/h2>\n\t\t\t\t\t\t\t\t\t\t\t<div class=\"atlist__item__description\">Eine Stadtf\u00fchrung an die historischen Schaupl\u00e4tze der verh\u00e4ngnisvolle Aff\u00e4re zwischen Lola Montez und der bayerische K\u00f6nig Ludwig I. Niemand hat die Bayerische Geschichte so durcheinander gewirbelt, wie die Lola Montez, und niemand war so verhasst und verteufelt wie sie. Lola Montez lebte nur 495 Tage in M\u00fcnchen, aber auf das<\/div>\n\t\t\t\t\t\t\t\t\t<\/div>\n\t\t\t\t<div class=\"atlist__item__content__item atlist__item__content__item--alternative\">\n\t\t\t\t\t\t\t\t\t\t<div class=\"atlist__item__price\"><a href=\"https:\/\/www.wunder-der-stadt.com\/es\/tours\/lola-montez-ludwig-i-stadtfuehrung-muenchen\/\"><span class=\"woocommerce-Price-amount amount\"><bdi>20,00&nbsp;<span class=\"woocommerce-Price-currencySymbol\">&euro;<\/span><\/bdi><\/span><\/a><\/div>\t\t\t\t\t<div class=\"atlist__item__price-label\">per person<\/div>\t\t\t\t\t<div class=\"atlist__item__read-more\"><a href=\"https:\/\/www.wunder-der-stadt.com\/es\/tours\/lola-montez-ludwig-i-stadtfuehrung-muenchen\/\" class=\"atbtn atbtn--small atbtn--rounded atbtn--light\">view tour<\/a><\/div>\n\t\t\t\t<\/div>\n\t\t\t<\/div>\n\t\t\t\t\t<\/div>\n\t<\/div>\n\t\t<div class=\"atlist__item margin-bottom\">\n\t\t<div class=\"atlist__item__image\">\n\t\t<a class=\"atlist__item__image-wrap\" href=\"https:\/\/www.wunder-der-stadt.com\/es\/tours\/fuehrung-ueber-die-advents-und-weihnachtstraditionen-in-muenchen\/\"><img loading=\"lazy\" decoding=\"async\" width=\"694\" height=\"492\" src=\"https:\/\/www.wunder-der-stadt.com\/wp-content\/uploads\/weihnachtsmarkt-marienplatz.jpg\" class=\"attachment-thumb_tour_box size-thumb_tour_box wp-post-image\" alt=\"Le march\u00e9 de No\u00ebl de Munich\" srcset=\"https:\/\/www.wunder-der-stadt.com\/wp-content\/uploads\/weihnachtsmarkt-marienplatz.jpg 694w, https:\/\/www.wunder-der-stadt.com\/wp-content\/uploads\/weihnachtsmarkt-marienplatz-600x425.jpg 600w, https:\/\/www.wunder-der-stadt.com\/wp-content\/uploads\/weihnachtsmarkt-marienplatz-300x213.jpg 300w\" sizes=\"(max-width: 694px) 100vw, 694px\" \/><\/a>\t\t\t\t\t\t<\/div>\n\t\t<div class=\"atlist__item__content atlist__item__content--full-height\">\n\t\t\t<div class=\"atlist__item__content__items\">\n\t\t\t\t<div class=\"atlist__item__content__item\">\n\t\t\t\t\t<h2 class=\"atlist__item__title\"><a href=\"https:\/\/www.wunder-der-stadt.com\/es\/tours\/fuehrung-ueber-die-advents-und-weihnachtstraditionen-in-muenchen\/\">Eine F\u00fchrung \u00fcber die Advents- und Weihnachtstraditionen in M\u00fcnchen<\/a><\/h2>\n\t\t\t\t\t\t\t\t\t\t\t<div class=\"atlist__item__description\">Eine F\u00fchrung \u00fcber die Advents- und Weihnachtstraditionen in M\u00fcnchen mit lustigen Geschichten, Legenden und Leckereien auf M\u00fcnchens Weihnachtsmarkt Es weihnachtet...! Wenn der 30 Meter hohe Christbaum in voller Pracht mit 2500 Kerzen auf dem Marienplatz erstrahlt, der Gl\u00fchwein duftet und das Engelshaar schimmert, dann erf\u00fcllt vorweihnachtlicher Zauber die gute Stube<\/div>\n\t\t\t\t\t\t\t\t\t<\/div>\n\t\t\t\t<div class=\"atlist__item__content__item atlist__item__content__item--alternative\">\n\t\t\t\t\t\t\t\t\t\t<div class=\"atlist__item__price\"><a href=\"https:\/\/www.wunder-der-stadt.com\/es\/tours\/fuehrung-ueber-die-advents-und-weihnachtstraditionen-in-muenchen\/\"><span class=\"woocommerce-Price-amount amount\"><bdi>360,00&nbsp;<span class=\"woocommerce-Price-currencySymbol\">&euro;<\/span><\/bdi><\/span><\/a><\/div>\t\t\t\t\t<div class=\"atlist__item__price-label\">per person<\/div>\t\t\t\t\t<div class=\"atlist__item__read-more\"><a href=\"https:\/\/www.wunder-der-stadt.com\/es\/tours\/fuehrung-ueber-die-advents-und-weihnachtstraditionen-in-muenchen\/\" class=\"atbtn atbtn--small atbtn--rounded atbtn--light\">view tour<\/a><\/div>\n\t\t\t\t<\/div>\n\t\t\t<\/div>\n\t\t\t\t\t<\/div>\n\t<\/div>\n\t\t<div class=\"atlist__item margin-bottom\">\n\t\t<div class=\"atlist__item__image\">\n\t\t<a class=\"atlist__item__image-wrap\" href=\"https:\/\/www.wunder-der-stadt.com\/es\/tours\/die-residenz-muenchen\/\"><img loading=\"lazy\" decoding=\"async\" width=\"720\" height=\"600\" src=\"https:\/\/www.wunder-der-stadt.com\/wp-content\/uploads\/Banner_Koenigsbau_der_Residenz-Foto_Fritz_Mader-720x600.jpg\" class=\"attachment-thumb_tour_box size-thumb_tour_box wp-post-image\" alt=\"K\u00f6nigsbau der Residenz\" \/><\/a>\t\t\t\t\t\t<\/div>\n\t\t<div class=\"atlist__item__content atlist__item__content--full-height\">\n\t\t\t<div class=\"atlist__item__content__items\">\n\t\t\t\t<div class=\"atlist__item__content__item\">\n\t\t\t\t\t<h2 class=\"atlist__item__title\"><a href=\"https:\/\/www.wunder-der-stadt.com\/es\/tours\/die-residenz-muenchen\/\">Die Residenz M\u00fcnchen - 450 Jahre Wittelsbacher Herrschaft<\/a><\/h2>\n\t\t\t\t\t\t\t\t\t\t\t<div class=\"atlist__item__description\">Die Residenz M\u00fcnchen - 450 Jahre Wittelsbacher Herrschaft Der Schauplatz der wechselreichen M\u00fcnchner Geschichte war einst der glamour\u00f6se Sitz der Wittelsbacher Familie! Von einer mittelalterlichen Burg im 14. Jahrhundert entwickelte sich die Residenz im 17. und 18. Jahrhundert zu einer der pr\u00e4chtigsten Pal\u00e4ste in Europa. Das Stadtschloss war Hauptsitz der<\/div>\n\t\t\t\t\t\t\t\t\t<\/div>\n\t\t\t\t<div class=\"atlist__item__content__item atlist__item__content__item--alternative\">\n\t\t\t\t\t\t\t\t\t\t<div class=\"atlist__item__price\"><a href=\"https:\/\/www.wunder-der-stadt.com\/es\/tours\/die-residenz-muenchen\/\"><span class=\"woocommerce-Price-amount amount\"><bdi>220,00&nbsp;<span class=\"woocommerce-Price-currencySymbol\">&euro;<\/span><\/bdi><\/span><\/a><\/div>\t\t\t\t\t<div class=\"atlist__item__price-label\">per person<\/div>\t\t\t\t\t<div class=\"atlist__item__read-more\"><a href=\"https:\/\/www.wunder-der-stadt.com\/es\/tours\/die-residenz-muenchen\/\" class=\"atbtn atbtn--small atbtn--rounded atbtn--light\">view tour<\/a><\/div>\n\t\t\t\t<\/div>\n\t\t\t<\/div>\n\t\t\t\t\t<\/div>\n\t<\/div>\n\t\t<div class=\"atlist__item margin-bottom\">\n\t\t<div class=\"atlist__item__image\">\n\t\t<a class=\"atlist__item__image-wrap\" href=\"https:\/\/www.wunder-der-stadt.com\/es\/tours\/themenfuehrung-olympiastadt-muenchen-1972\/\"><img loading=\"lazy\" decoding=\"async\" width=\"720\" height=\"600\" src=\"https:\/\/www.wunder-der-stadt.com\/wp-content\/uploads\/Olympiapark-720x600.jpg\" class=\"attachment-thumb_tour_box size-thumb_tour_box wp-post-image\" alt=\"M\u00fcnchen Olympia\" \/><\/a>\t\t\t\t\t\t<\/div>\n\t\t<div class=\"atlist__item__content atlist__item__content--full-height\">\n\t\t\t<div class=\"atlist__item__content__items\">\n\t\t\t\t<div class=\"atlist__item__content__item\">\n\t\t\t\t\t<h2 class=\"atlist__item__title\"><a href=\"https:\/\/www.wunder-der-stadt.com\/es\/tours\/themenfuehrung-olympiastadt-muenchen-1972\/\">1972 Schneller, weiter, h\u00f6her - M\u00fcnchen Olympiastadt<\/a><\/h2>\n\t\t\t\t\t\t\t\t\t\t\t<div class=\"atlist__item__description\">1972 Schneller, weiter, h\u00f6her - M\u00fcnchen Olympiastadt Im Sommer 1972 schaut die Welt auf M\u00fcnchen. \u201eDie heiteren Spiele\u201c sollen die braune NS-Vergangenheit der Stadt sowie die Olympische Spiele von 1936 f\u00fcr immer im den Hintergrund r\u00fccken lassen. Es ist mehr als ein Traum, es ist eine Pflicht! Die \u201eWeltstadt mit<\/div>\n\t\t\t\t\t\t\t\t\t<\/div>\n\t\t\t\t<div class=\"atlist__item__content__item atlist__item__content__item--alternative\">\n\t\t\t\t\t\t\t\t\t\t<div class=\"atlist__item__price\"><a href=\"https:\/\/www.wunder-der-stadt.com\/es\/tours\/themenfuehrung-olympiastadt-muenchen-1972\/\"><span class=\"woocommerce-Price-amount amount\"><bdi>270,00&nbsp;<span class=\"woocommerce-Price-currencySymbol\">&euro;<\/span><\/bdi><\/span><\/a><\/div>\t\t\t\t\t<div class=\"atlist__item__price-label\">per person<\/div>\t\t\t\t\t<div class=\"atlist__item__read-more\"><a href=\"https:\/\/www.wunder-der-stadt.com\/es\/tours\/themenfuehrung-olympiastadt-muenchen-1972\/\" class=\"atbtn atbtn--small atbtn--rounded atbtn--light\">view tour<\/a><\/div>\n\t\t\t\t<\/div>\n\t\t\t<\/div>\n\t\t\t\t\t<\/div>\n\t<\/div>\n\t\t<div class=\"atlist__item margin-bottom\">\n\t\t<div class=\"atlist__item__image\">\n\t\t<a class=\"atlist__item__image-wrap\" href=\"https:\/\/www.wunder-der-stadt.com\/es\/tours\/stadtfuehrung-frauen-muenchen\/\"><img loading=\"lazy\" decoding=\"async\" width=\"720\" height=\"600\" src=\"https:\/\/www.wunder-der-stadt.com\/wp-content\/uploads\/Nr.-1416-Theresienwiese-im-Winter-Foto-L-720x600.png\" class=\"attachment-thumb_tour_box size-thumb_tour_box wp-post-image\" alt=\"\" \/><\/a>\t\t\t\t\t\t<\/div>\n\t\t<div class=\"atlist__item__content atlist__item__content--full-height\">\n\t\t\t<div class=\"atlist__item__content__items\">\n\t\t\t\t<div class=\"atlist__item__content__item\">\n\t\t\t\t\t<h2 class=\"atlist__item__title\"><a href=\"https:\/\/www.wunder-der-stadt.com\/es\/tours\/stadtfuehrung-frauen-muenchen\/\">Ohne Frauen geht nichts<\/a><\/h2>\n\t\t\t\t\t\t\t\t\t\t\t<div class=\"atlist__item__description\">Ohne Frauen geht in M\u00fcnchen gar nichts... Nicht nur M\u00e4nner pr\u00e4gten M\u00fcnchen - entdecken sie mit einer Stadtf\u00fchrung die wichtigsten Frauen der Stadtgeschichte. In den Geschichtsb\u00fcchern geht es fast immer um die gro\u00dfen Staatsm\u00e4nner. Aber welche Rolle haben die Frauen in M\u00fcnchen gespielt? Wir entdecken eine ganz neue Seite der<\/div>\n\t\t\t\t\t\t\t\t\t<\/div>\n\t\t\t\t<div class=\"atlist__item__content__item atlist__item__content__item--alternative\">\n\t\t\t\t\t\t\t\t\t\t<div class=\"atlist__item__price\"><a href=\"https:\/\/www.wunder-der-stadt.com\/es\/tours\/stadtfuehrung-frauen-muenchen\/\"><span class=\"woocommerce-Price-amount amount\"><bdi>220,00&nbsp;<span class=\"woocommerce-Price-currencySymbol\">&euro;<\/span><\/bdi><\/span><\/a><\/div>\t\t\t\t\t<div class=\"atlist__item__price-label\">per person<\/div>\t\t\t\t\t<div class=\"atlist__item__read-more\"><a href=\"https:\/\/www.wunder-der-stadt.com\/es\/tours\/stadtfuehrung-frauen-muenchen\/\" class=\"atbtn atbtn--small atbtn--rounded atbtn--light\">view tour<\/a><\/div>\n\t\t\t\t<\/div>\n\t\t\t<\/div>\n\t\t\t\t\t<\/div>\n\t<\/div>\n<\/div>[\/vc_column][\/vc_row][vc_row][vc_column][vc_column_text][\/vc_column_text][\/vc_column][\/vc_row]<\/p>\n","protected":false},"excerpt":{"rendered":"<p>[vc_row][vc_column width=&#8221;2\/3&#8243;][vc_column_text]Sie haben Besuch von der Familie oder von guten Freunden? Das ist die beste Gelengenheit f\u00fcr eine Stadtf\u00fchrung in M\u00fcnchen f\u00fcr Privatgruppen mit Wunder der Stadt. Sie brauchen ein au\u00dfergew\u00f6hnliches Geburtstags- oder Hochzeitsgeschenk? Sie haben etwas zu feiern und m\u00f6chten Ihre G\u00e4ste mehr als nur den Besuch eines guten Restaurants anbieten? Sie suchen eine<\/p>\n<div class=\"padding-top text-center\"><a href=\"https:\/\/www.wunder-der-stadt.com\/es\/tours\/stadtfuehrung-frauen-muenchen\/\" class=\"atbtn atbtn--medium atbtn--rounded atbtn--transparent\">Weiterlesen<i class=\"atbtn__icon atbtn__icon--right fa fa-long-arrow-right\"><\/i><\/a><\/div>\n","protected":false},"author":1,"featured_media":0,"parent":0,"menu_order":0,"comment_status":"open","ping_status":"open","template":"","meta":{"footnotes":""},"translation":{"provider":"WPGlobus","version":"3.0.2","language":"es","enabled_languages":["de","en","fr","es"],"languages":{"de":{"title":true,"content":true,"excerpt":false},"en":{"title":true,"content":true,"excerpt":false},"fr":{"title":true,"content":true,"excerpt":false},"es":{"title":false,"content":false,"excerpt":false}}},"yoast_head":"<!-- This site is optimized with the Yoast SEO plugin v22.0 - https:\/\/yoast.com\/wordpress\/plugins\/seo\/ -->\n<title>Stadtf\u00fchrung in M\u00fcnchen f\u00fcr Privatgruppen - Wunder der Stadt<\/title>\n<meta name=\"robots\" content=\"index, follow, max-snippet:-1, max-image-preview:large, max-video-preview:-1\" \/>\n<link rel=\"canonical\" href=\"https:\/\/www.wunder-der-stadt.com\/stadtfuerung-muenchen-privat-gruppe-wunder-der-stadt\/\" \/>\n<meta property=\"og:locale\" content=\"es_ES\" \/>\n<meta property=\"og:type\" content=\"article\" \/>\n<meta property=\"og:title\" content=\"{:de}Stadtf\u00fchrung in M\u00fcnchen f\u00fcr Privatgruppen - Wunder der Stadt{:}{:fr}Visites exclusives pour groupes priv\u00e9s{:}\" \/>\n<meta property=\"og:url\" content=\"https:\/\/www.wunder-der-stadt.com\/stadtfuerung-muenchen-privat-gruppe-wunder-der-stadt\/\" \/>\n<meta property=\"og:site_name\" content=\"Wunder der Stadt - Stadtf\u00fchrungen in M\u00fcnchen und Oberbayern\" \/>\n<meta property=\"article:modified_time\" content=\"2024-01-12T17:31:08+00:00\" \/>\n<meta property=\"og:image\" content=\"https:\/\/www.wunder-der-stadt.com\/wp-content\/uploads\/WDS_logo2.png\" \/>\n\t<meta property=\"og:image:width\" content=\"292\" \/>\n\t<meta property=\"og:image:height\" content=\"157\" \/>\n\t<meta property=\"og:image:type\" content=\"image\/png\" \/>\n<meta name=\"twitter:card\" content=\"summary_large_image\" \/>\n<meta name=\"twitter:label1\" content=\"Est. reading time\" \/>\n\t<meta name=\"twitter:data1\" content=\"2 minutes\" \/>\n<script type=\"application\/ld+json\" class=\"yoast-schema-graph\">{\"@context\":\"https:\/\/schema.org\",\"@graph\":[{\"@type\":\"WebPage\",\"@id\":\"https:\/\/www.wunder-der-stadt.com\/stadtfuerung-muenchen-privat-gruppe-wunder-der-stadt\/\",\"url\":\"https:\/\/www.wunder-der-stadt.com\/stadtfuerung-muenchen-privat-gruppe-wunder-der-stadt\/\",\"name\":\"Visites exclusives pour groupes priv\u00e9s\",\"isPartOf\":{\"@id\":\"https:\/\/www.wunder-der-stadt.com\/#website\"},\"datePublished\":\"2015-07-16T12:02:03+00:00\",\"dateModified\":\"2024-01-12T17:31:08+00:00\",\"description\":\"Avec nous vous trouverez la visite qui vous fait envie pour d\u00e9couvrir Munich avec vos amis ou en famille. Vous \u00eates incertain... contactez nous, nous sommes \u00e0 votre dispositon pour trouvez la solution qui vous satisfera ! Nous sommes \u00e0 votre \u00e9coute.\",\"breadcrumb\":{\"@id\":\"https:\/\/www.wunder-der-stadt.com\/stadtfuerung-muenchen-privat-gruppe-wunder-der-stadt\/#breadcrumb\"},\"inLanguage\":\"es-ES\",\"potentialAction\":[{\"@type\":\"ReadAction\",\"target\":[\"https:\/\/www.wunder-der-stadt.com\/stadtfuerung-muenchen-privat-gruppe-wunder-der-stadt\/\"]}]},{\"@type\":\"BreadcrumbList\",\"@id\":\"https:\/\/www.wunder-der-stadt.com\/stadtfuerung-muenchen-privat-gruppe-wunder-der-stadt\/#breadcrumb\",\"itemListElement\":[{\"@type\":\"ListItem\",\"position\":1,\"name\":\"Startseite\",\"item\":\"https:\/\/www.wunder-der-stadt.com\/\"},{\"@type\":\"ListItem\",\"position\":2,\"name\":\"Stadtf\u00fchrung in M\u00fcnchen f\u00fcr Privatgruppen\"}]},{\"@type\":\"WebSite\",\"@id\":\"https:\/\/www.wunder-der-stadt.com\/#website\",\"url\":\"https:\/\/www.wunder-der-stadt.com\/\",\"name\":\"{:de}Wunder der Stadt - Stadtf\u00fchrungen in M\u00fcnchen und Oberbayern{:}{:fr}Wunder der Stadt - Visites guid\u00e9es \u00e0 Munich et en Bavi\u00e8re{:}\",\"description\":\"Ihre Agentur f\u00fcr Incomingreisen, Gesch\u00e4ftreisen, Stadtf\u00fchrungen und Privatreisen in M\u00fcnchen und Bayern\",\"publisher\":{\"@id\":\"https:\/\/www.wunder-der-stadt.com\/#\/schema\/person\/7ac5370c8e8a38b0625e279f3af2d701\"},\"potentialAction\":[{\"@type\":\"SearchAction\",\"target\":{\"@type\":\"EntryPoint\",\"urlTemplate\":\"https:\/\/www.wunder-der-stadt.com\/?s={search_term_string}\"},\"query-input\":\"required name=search_term_string\"}],\"inLanguage\":\"es-ES\"},{\"@type\":[\"Person\",\"Organization\"],\"@id\":\"https:\/\/www.wunder-der-stadt.com\/#\/schema\/person\/7ac5370c8e8a38b0625e279f3af2d701\",\"name\":\"Admin\",\"logo\":{\"@id\":\"https:\/\/www.wunder-der-stadt.com\/#\/schema\/person\/image\/\"}}]}<\/script>\n<!-- \/ Yoast SEO plugin. -->","yoast_head_json":{"title":"Stadtf\u00fchrung in M\u00fcnchen f\u00fcr Privatgruppen - Wunder der Stadt","robots":{"index":"index","follow":"follow","max-snippet":"max-snippet:-1","max-image-preview":"max-image-preview:large","max-video-preview":"max-video-preview:-1"},"canonical":"https:\/\/www.wunder-der-stadt.com\/stadtfuerung-muenchen-privat-gruppe-wunder-der-stadt\/","og_locale":"es_ES","og_type":"article","og_title":"{:de}Stadtf\u00fchrung in M\u00fcnchen f\u00fcr Privatgruppen - Wunder der Stadt{:}{:fr}Visites exclusives pour groupes priv\u00e9s{:}","og_url":"https:\/\/www.wunder-der-stadt.com\/stadtfuerung-muenchen-privat-gruppe-wunder-der-stadt\/","og_site_name":"Wunder der Stadt - Stadtf\u00fchrungen in M\u00fcnchen und Oberbayern","article_modified_time":"2024-01-12T17:31:08+00:00","og_image":[{"width":292,"height":157,"url":"https:\/\/www.wunder-der-stadt.com\/wp-content\/uploads\/WDS_logo2.png","type":"image\/png"}],"twitter_card":"summary_large_image","twitter_misc":{"Est. reading time":"2 minutes"},"schema":{"@context":"https:\/\/schema.org","@graph":[{"@type":"WebPage","@id":"https:\/\/www.wunder-der-stadt.com\/stadtfuerung-muenchen-privat-gruppe-wunder-der-stadt\/","url":"https:\/\/www.wunder-der-stadt.com\/stadtfuerung-muenchen-privat-gruppe-wunder-der-stadt\/","name":"Visites exclusives pour groupes priv\u00e9s","isPartOf":{"@id":"https:\/\/www.wunder-der-stadt.com\/#website"},"datePublished":"2015-07-16T12:02:03+00:00","dateModified":"2024-01-12T17:31:08+00:00","description":"Avec nous vous trouverez la visite qui vous fait envie pour d\u00e9couvrir Munich avec vos amis ou en famille. Vous \u00eates incertain... contactez nous, nous sommes \u00e0 votre dispositon pour trouvez la solution qui vous satisfera ! Nous sommes \u00e0 votre \u00e9coute.","breadcrumb":{"@id":"https:\/\/www.wunder-der-stadt.com\/stadtfuerung-muenchen-privat-gruppe-wunder-der-stadt\/#breadcrumb"},"inLanguage":"es-ES","potentialAction":[{"@type":"ReadAction","target":["https:\/\/www.wunder-der-stadt.com\/stadtfuerung-muenchen-privat-gruppe-wunder-der-stadt\/"]}]},{"@type":"BreadcrumbList","@id":"https:\/\/www.wunder-der-stadt.com\/stadtfuerung-muenchen-privat-gruppe-wunder-der-stadt\/#breadcrumb","itemListElement":[{"@type":"ListItem","position":1,"name":"Startseite","item":"https:\/\/www.wunder-der-stadt.com\/"},{"@type":"ListItem","position":2,"name":"Stadtf\u00fchrung in M\u00fcnchen f\u00fcr Privatgruppen"}]},{"@type":"WebSite","@id":"https:\/\/www.wunder-der-stadt.com\/#website","url":"https:\/\/www.wunder-der-stadt.com\/","name":"{:de}Wunder der Stadt - Stadtf\u00fchrungen in M\u00fcnchen und Oberbayern{:}{:fr}Wunder der Stadt - Visites guid\u00e9es \u00e0 Munich et en Bavi\u00e8re{:}","description":"Ihre Agentur f\u00fcr Incomingreisen, Gesch\u00e4ftreisen, Stadtf\u00fchrungen und Privatreisen in M\u00fcnchen und Bayern","publisher":{"@id":"https:\/\/www.wunder-der-stadt.com\/#\/schema\/person\/7ac5370c8e8a38b0625e279f3af2d701"},"potentialAction":[{"@type":"SearchAction","target":{"@type":"EntryPoint","urlTemplate":"https:\/\/www.wunder-der-stadt.com\/?s={search_term_string}"},"query-input":"required name=search_term_string"}],"inLanguage":"es-ES"},{"@type":["Person","Organization"],"@id":"https:\/\/www.wunder-der-stadt.com\/#\/schema\/person\/7ac5370c8e8a38b0625e279f3af2d701","name":"Admin","logo":{"@id":"https:\/\/www.wunder-der-stadt.com\/#\/schema\/person\/image\/"}}]}},"_links":{"self":[{"href":"https:\/\/www.wunder-der-stadt.com\/es\/wp-json\/wp\/v2\/pages\/248"}],"collection":[{"href":"https:\/\/www.wunder-der-stadt.com\/es\/wp-json\/wp\/v2\/pages"}],"about":[{"href":"https:\/\/www.wunder-der-stadt.com\/es\/wp-json\/wp\/v2\/types\/page"}],"author":[{"embeddable":true,"href":"https:\/\/www.wunder-der-stadt.com\/es\/wp-json\/wp\/v2\/users\/1"}],"replies":[{"embeddable":true,"href":"https:\/\/www.wunder-der-stadt.com\/es\/wp-json\/wp\/v2\/comments?post=248"}],"version-history":[{"count":49,"href":"https:\/\/www.wunder-der-stadt.com\/es\/wp-json\/wp\/v2\/pages\/248\/revisions"}],"predecessor-version":[{"id":2555,"href":"https:\/\/www.wunder-der-stadt.com\/es\/wp-json\/wp\/v2\/pages\/248\/revisions\/2555"}],"wp:attachment":[{"href":"https:\/\/www.wunder-der-stadt.com\/es\/wp-json\/wp\/v2\/media?parent=248"}],"curies":[{"name":"wp","href":"https:\/\/api.w.org\/{rel}","templated":true}]}}