{"id":2389,"date":"2020-10-25T18:53:44","date_gmt":"2020-10-25T17:53:44","guid":{"rendered":"https:\/\/www.wunder-der-stadt.com\/?post_type=product&#038;p=2389"},"modified":"2024-01-04T15:54:20","modified_gmt":"2024-01-04T14:54:20","slug":"fuehrung-in-das-lenbachhaus-der-blaue-reiter","status":"publish","type":"product","link":"https:\/\/www.wunder-der-stadt.com\/es\/tours\/fuehrung-in-das-lenbachhaus-der-blaue-reiter\/","title":{"rendered":"F\u00fchrung in das Lenbachhaus &#8211; der blaue Reiter"},"content":{"rendered":"<p><span style=\"font-size: 14pt;\"><strong>Eine F\u00fchrung in das <a href=\"https:\/\/www.lenbachhaus.de\/\">Lenbachhaus<\/a> &#8211; der &#8220;Blaue Reiter&#8221;<\/strong><\/span><\/p>\n<p>Als Ironie des Schicksals kann man es bezeichnen, dass heute die weltgr\u00f6\u00dfte Sammlung der Kunstbewegung &#8220;Der Blaue Reiter&#8221; ausgerechnet in der Villa des im 19. Jahrhundert weltber\u00fchmten Malerf\u00fcrst Franz von Lenbach beheimatet ist. DIE Instanz in M\u00fcnchen f\u00fcr <a href=\"https:\/\/www.wunder-der-stadt.com\/tours\/die-grossen-meister-der-kunst\/\">Kunst<\/a>, das Oberhaupt der K\u00fcnstlervereinigung Allotria, hatte n\u00e4mlich die avantgardistischen Maler des &#8220;Blauen Reiter&#8221; aus der Vereinigung hinausgeekelt.<\/p>\n<p><span style=\"font-size: 14pt;\"><strong>Eine Weltweit einzigartige Sammlung &#8211; ein Must f\u00fcr Kunstliebhaber und Interessierte.<\/strong><\/span><\/p>\n<p>Die Idee zu diesem Namen entstand laut Wass\u00edl\u00ed Kandinsky so:<\/p>\n<p>&#8220;<em>Den &#8216;Blauen Reiter&#8217; erfanden wir am Kaffeetisch in der Gartenlaube in Sindelsdorf. Beide liebten wir Blau. Franz Marc die Pferde, ich die Reiter. So kam der Name von selbst<\/em>.&#8221;<\/p>\n<p>Der Wille aus der Konventionen auszubrechen war die treibende Kraft der expressionistischen Maler.<\/p>\n<p>&#8220;<em>Nicht die Form, die Materie, ist das Wichtigste, sondern der Inhalt, der Geist<\/em>.&#8221; so Kandinky weiter.<\/p>\n<p>In ihrer Formensprache verabschiedeten sich die K\u00fcnstler vom Realismus und malten expressiv in kr\u00e4ftigen Farbt\u00f6nen und zunehmend abstrakt. Damals sorgten die Gem\u00e4lde f\u00fcr heftige Reaktionen, denn die zumeist konservativen Besucher waren derart moderne Kunst nicht gewohnt und machten das auch deutlich: Sie spuckten auf die Bilder oder zerkratzen ihre Rahmen.<\/p>\n<p>Heute ist das Lenbachhaus eines der meistbesuchten Museen M\u00fcnchens. Der wegen der \u00fcberbordenden Anzahl an Besuchern notwendig gewordene Anbau wurde von Star-Architekt Norman Foster realisiert und 2013 fertiggestellt. Die goldene &#8220;Schatulle&#8221; ist jetzt Heimat der Gabriele M\u00fcnter-Schenkung, eine der aufregendsten Sammlungen der Kunstrevolution\u00e4re und Pioniere der modernen Malerei. Mehr als 300 Werke von Wassili Kandinsky, Gabriele M\u00fcnter, Franz Marc, Alexej Jawlensky, Marianne Werefkin, Paul Klee&#8230; sind heute dort ausgestellt.<\/p>\n<p><strong>Die F\u00fchrung in das Lenbachhaus &#8211; der &#8220;Blaue Reiter&#8221;<\/strong> k\u00f6nnen Sie als Privatf\u00fchrung unter <strong><a href=\"mailto:info@wunder-der-stadt.de\">info@wunder-der-stadt.de<\/a><\/strong> (siehe unten) anfragen.<\/p>\n<p><!--more--><\/p>\n<table class=\"table table-bordered tours-tabs__table\" style=\"height: 233px; width: 63.4385%;\" width=\"862\">\n<tbody>\n<tr>\n<td style=\"width: 38.4793%;\"><strong>AUSSTELLUNGSORT<\/strong><\/td>\n<td style=\"width: 60.5991%;\">St\u00e4dtische Galerie im Lenbachhaus<\/td>\n<\/tr>\n<tr>\n<td style=\"width: 38.4793%;\"><b>DAUER<\/b><\/td>\n<td style=\"width: 60.5991%;\">max. 1,5 Stunden<\/td>\n<\/tr>\n<tr>\n<td style=\"width: 38.4793%;\"><b>PREIS PRO F\u00dcHRUNG<\/b><\/td>\n<td style=\"width: 60.5991%;\">\n<p class=\"p1\"><span class=\"s1\">220,00 \u20ac &#8211; inkl. MwSt.<br \/>\nplus Eintrittspreis\u00a0<\/span><a href=\"http:\/\/www.lenbachhaus.de\"><span class=\"s1\">www.lenbachhaus.de<\/span><\/a><\/p>\n<\/td>\n<\/tr>\n<tr>\n<td style=\"width: 38.4793%;\"><strong>TEILNEHMERZAHL<\/strong><\/td>\n<td style=\"width: 60.5991%;\">\n<p class=\"p1\"><span class=\"s1\">im Abstimmung mit den aktuellen Bestimmungen<\/span><\/p>\n<\/td>\n<\/tr>\n<tr>\n<td style=\"width: 38.4793%;\"><strong>TERMINE<\/strong><\/td>\n<td style=\"width: 60.5991%;\">Auf Anfrage<\/td>\n<\/tr>\n<tr>\n<td style=\"width: 38.4793%;\"><strong>MASKENPFLICHT<\/strong><\/td>\n<td style=\"width: 60.5991%;\">Zur Zeit kein Maskenpflicht<\/td>\n<\/tr>\n<\/tbody>\n<\/table>\n<p>&nbsp;<\/p>\n","protected":false},"excerpt":{"rendered":"<p>Eine F\u00fchrung in das Lenbachhaus &#8211; der &#8220;Blaue Reiter&#8221; Als Ironie des Schicksals kann man es bezeichnen, dass heute die weltgr\u00f6\u00dfte Sammlung der Kunstbewegung &#8220;Der Blaue Reiter&#8221; ausgerechnet in der Villa des im 19. Jahrhundert weltber\u00fchmten Malerf\u00fcrst Franz von Lenbach beheimatet ist. DIE Instanz in M\u00fcnchen f\u00fcr Kunst, das Oberhaupt der K\u00fcnstlervereinigung Allotria, hatte n\u00e4mlich<\/p>\n<div class=\"padding-top text-center\"><a href=\"https:\/\/www.wunder-der-stadt.com\/es\/tours\/fuehrung-in-das-lenbachhaus-der-blaue-reiter\/\" class=\"atbtn atbtn--medium atbtn--rounded atbtn--transparent\">Weiterlesen<i class=\"atbtn__icon atbtn__icon--right fa fa-long-arrow-right\"><\/i><\/a><\/div>\n","protected":false},"featured_media":1692,"template":"","meta":[],"product_cat":[103],"product_tag":[209,90,207,208,89,206],"translation":{"provider":"WPGlobus","version":"3.0.2","language":"es","enabled_languages":["de","en","fr","es"],"languages":{"de":{"title":true,"content":true,"excerpt":false},"en":{"title":false,"content":false,"excerpt":false},"fr":{"title":false,"content":false,"excerpt":false},"es":{"title":false,"content":false,"excerpt":false}}},"yoast_head":"<!-- This site is optimized with the Yoast SEO plugin v22.0 - https:\/\/yoast.com\/wordpress\/plugins\/seo\/ -->\n<title>F\u00fchrung in das Lenbachhaus - der Blaue Reiter<\/title>\n<meta name=\"robots\" content=\"index, follow, max-snippet:-1, max-image-preview:large, max-video-preview:-1\" \/>\n<link rel=\"canonical\" href=\"https:\/\/www.wunder-der-stadt.com\/tours\/fuehrung-in-das-lenbachhaus-der-blaue-reiter\/\" \/>\n<meta property=\"og:locale\" content=\"es_ES\" \/>\n<meta property=\"og:type\" content=\"article\" \/>\n<meta property=\"og:title\" content=\"F\u00fchrung in das Lenbachhaus - der blaue Reiter - Wunder der Stadt - Stadtf\u00fchrungen in M\u00fcnchen und Oberbayern\" \/>\n<meta property=\"og:url\" content=\"https:\/\/www.wunder-der-stadt.com\/tours\/fuehrung-in-das-lenbachhaus-der-blaue-reiter\/\" \/>\n<meta property=\"og:site_name\" content=\"Wunder der Stadt - Stadtf\u00fchrungen in M\u00fcnchen und Oberbayern\" \/>\n<meta property=\"article:modified_time\" content=\"2024-01-04T14:54:20+00:00\" \/>\n<meta property=\"og:image\" content=\"https:\/\/www.wunder-der-stadt.com\/wp-content\/uploads\/20130515_5_gross.jpg\" \/>\n\t<meta property=\"og:image:width\" content=\"1300\" \/>\n\t<meta property=\"og:image:height\" content=\"900\" \/>\n\t<meta property=\"og:image:type\" content=\"image\/jpeg\" \/>\n<meta name=\"twitter:card\" content=\"summary_large_image\" \/>\n<meta name=\"twitter:label1\" content=\"Est. reading time\" \/>\n\t<meta name=\"twitter:data1\" content=\"2 minutes\" \/>\n<script type=\"application\/ld+json\" class=\"yoast-schema-graph\">{\"@context\":\"https:\/\/schema.org\",\"@graph\":[{\"@type\":\"WebPage\",\"@id\":\"https:\/\/www.wunder-der-stadt.com\/tours\/fuehrung-in-das-lenbachhaus-der-blaue-reiter\/\",\"url\":\"https:\/\/www.wunder-der-stadt.com\/tours\/fuehrung-in-das-lenbachhaus-der-blaue-reiter\/\",\"name\":\"F\u00fchrung in das Lenbachhaus - der Blaue Reiter\",\"isPartOf\":{\"@id\":\"https:\/\/www.wunder-der-stadt.com\/#website\"},\"datePublished\":\"2020-10-25T17:53:44+00:00\",\"dateModified\":\"2024-01-04T14:54:20+00:00\",\"description\":\"F\u00fchrung in das Lenbachhaus - der Blaue Reiter \u00fcber die Kunstbewegung um Wasili Kandinsky, Gabriele M\u00fcnter und Franz Marc in M\u00fcnchen\",\"breadcrumb\":{\"@id\":\"https:\/\/www.wunder-der-stadt.com\/tours\/fuehrung-in-das-lenbachhaus-der-blaue-reiter\/#breadcrumb\"},\"inLanguage\":\"es-ES\",\"potentialAction\":[{\"@type\":\"ReadAction\",\"target\":[\"https:\/\/www.wunder-der-stadt.com\/tours\/fuehrung-in-das-lenbachhaus-der-blaue-reiter\/\"]}]},{\"@type\":\"BreadcrumbList\",\"@id\":\"https:\/\/www.wunder-der-stadt.com\/tours\/fuehrung-in-das-lenbachhaus-der-blaue-reiter\/#breadcrumb\",\"itemListElement\":[{\"@type\":\"ListItem\",\"position\":1,\"name\":\"Startseite\",\"item\":\"https:\/\/www.wunder-der-stadt.com\/\"},{\"@type\":\"ListItem\",\"position\":2,\"name\":\"Produkte\",\"item\":\"https:\/\/www.wunder-der-stadt.com\/shop\/\"},{\"@type\":\"ListItem\",\"position\":3,\"name\":\"F\u00fchrung in das Lenbachhaus &#8211; der blaue Reiter\"}]},{\"@type\":\"WebSite\",\"@id\":\"https:\/\/www.wunder-der-stadt.com\/#website\",\"url\":\"https:\/\/www.wunder-der-stadt.com\/\",\"name\":\"{:de}Wunder der Stadt - Stadtf\u00fchrungen in M\u00fcnchen und Oberbayern{:}{:fr}Wunder der Stadt - Visites guid\u00e9es \u00e0 Munich et en Bavi\u00e8re{:}\",\"description\":\"Ihre Agentur f\u00fcr Incomingreisen, Gesch\u00e4ftreisen, Stadtf\u00fchrungen und Privatreisen in M\u00fcnchen und Bayern\",\"publisher\":{\"@id\":\"https:\/\/www.wunder-der-stadt.com\/#\/schema\/person\/7ac5370c8e8a38b0625e279f3af2d701\"},\"potentialAction\":[{\"@type\":\"SearchAction\",\"target\":{\"@type\":\"EntryPoint\",\"urlTemplate\":\"https:\/\/www.wunder-der-stadt.com\/?s={search_term_string}\"},\"query-input\":\"required name=search_term_string\"}],\"inLanguage\":\"es-ES\"},{\"@type\":[\"Person\",\"Organization\"],\"@id\":\"https:\/\/www.wunder-der-stadt.com\/#\/schema\/person\/7ac5370c8e8a38b0625e279f3af2d701\",\"name\":\"Admin\",\"logo\":{\"@id\":\"https:\/\/www.wunder-der-stadt.com\/#\/schema\/person\/image\/\"}}]}<\/script>\n<!-- \/ Yoast SEO plugin. -->","yoast_head_json":{"title":"F\u00fchrung in das Lenbachhaus - der Blaue Reiter","robots":{"index":"index","follow":"follow","max-snippet":"max-snippet:-1","max-image-preview":"max-image-preview:large","max-video-preview":"max-video-preview:-1"},"canonical":"https:\/\/www.wunder-der-stadt.com\/tours\/fuehrung-in-das-lenbachhaus-der-blaue-reiter\/","og_locale":"es_ES","og_type":"article","og_title":"F\u00fchrung in das Lenbachhaus - der blaue Reiter - Wunder der Stadt - Stadtf\u00fchrungen in M\u00fcnchen und Oberbayern","og_url":"https:\/\/www.wunder-der-stadt.com\/tours\/fuehrung-in-das-lenbachhaus-der-blaue-reiter\/","og_site_name":"Wunder der Stadt - Stadtf\u00fchrungen in M\u00fcnchen und Oberbayern","article_modified_time":"2024-01-04T14:54:20+00:00","og_image":[{"width":1300,"height":900,"url":"https:\/\/www.wunder-der-stadt.com\/wp-content\/uploads\/20130515_5_gross.jpg","type":"image\/jpeg"}],"twitter_card":"summary_large_image","twitter_misc":{"Est. reading time":"2 minutes"},"schema":{"@context":"https:\/\/schema.org","@graph":[{"@type":"WebPage","@id":"https:\/\/www.wunder-der-stadt.com\/tours\/fuehrung-in-das-lenbachhaus-der-blaue-reiter\/","url":"https:\/\/www.wunder-der-stadt.com\/tours\/fuehrung-in-das-lenbachhaus-der-blaue-reiter\/","name":"F\u00fchrung in das Lenbachhaus - der Blaue Reiter","isPartOf":{"@id":"https:\/\/www.wunder-der-stadt.com\/#website"},"datePublished":"2020-10-25T17:53:44+00:00","dateModified":"2024-01-04T14:54:20+00:00","description":"F\u00fchrung in das Lenbachhaus - der Blaue Reiter \u00fcber die Kunstbewegung um Wasili Kandinsky, Gabriele M\u00fcnter und Franz Marc in M\u00fcnchen","breadcrumb":{"@id":"https:\/\/www.wunder-der-stadt.com\/tours\/fuehrung-in-das-lenbachhaus-der-blaue-reiter\/#breadcrumb"},"inLanguage":"es-ES","potentialAction":[{"@type":"ReadAction","target":["https:\/\/www.wunder-der-stadt.com\/tours\/fuehrung-in-das-lenbachhaus-der-blaue-reiter\/"]}]},{"@type":"BreadcrumbList","@id":"https:\/\/www.wunder-der-stadt.com\/tours\/fuehrung-in-das-lenbachhaus-der-blaue-reiter\/#breadcrumb","itemListElement":[{"@type":"ListItem","position":1,"name":"Startseite","item":"https:\/\/www.wunder-der-stadt.com\/"},{"@type":"ListItem","position":2,"name":"Produkte","item":"https:\/\/www.wunder-der-stadt.com\/shop\/"},{"@type":"ListItem","position":3,"name":"F\u00fchrung in das Lenbachhaus &#8211; der blaue Reiter"}]},{"@type":"WebSite","@id":"https:\/\/www.wunder-der-stadt.com\/#website","url":"https:\/\/www.wunder-der-stadt.com\/","name":"{:de}Wunder der Stadt - Stadtf\u00fchrungen in M\u00fcnchen und Oberbayern{:}{:fr}Wunder der Stadt - Visites guid\u00e9es \u00e0 Munich et en Bavi\u00e8re{:}","description":"Ihre Agentur f\u00fcr Incomingreisen, Gesch\u00e4ftreisen, Stadtf\u00fchrungen und Privatreisen in M\u00fcnchen und Bayern","publisher":{"@id":"https:\/\/www.wunder-der-stadt.com\/#\/schema\/person\/7ac5370c8e8a38b0625e279f3af2d701"},"potentialAction":[{"@type":"SearchAction","target":{"@type":"EntryPoint","urlTemplate":"https:\/\/www.wunder-der-stadt.com\/?s={search_term_string}"},"query-input":"required name=search_term_string"}],"inLanguage":"es-ES"},{"@type":["Person","Organization"],"@id":"https:\/\/www.wunder-der-stadt.com\/#\/schema\/person\/7ac5370c8e8a38b0625e279f3af2d701","name":"Admin","logo":{"@id":"https:\/\/www.wunder-der-stadt.com\/#\/schema\/person\/image\/"}}]}},"_links":{"self":[{"href":"https:\/\/www.wunder-der-stadt.com\/es\/wp-json\/wp\/v2\/product\/2389"}],"collection":[{"href":"https:\/\/www.wunder-der-stadt.com\/es\/wp-json\/wp\/v2\/product"}],"about":[{"href":"https:\/\/www.wunder-der-stadt.com\/es\/wp-json\/wp\/v2\/types\/product"}],"wp:featuredmedia":[{"embeddable":true,"href":"https:\/\/www.wunder-der-stadt.com\/es\/wp-json\/wp\/v2\/media\/1692"}],"wp:attachment":[{"href":"https:\/\/www.wunder-der-stadt.com\/es\/wp-json\/wp\/v2\/media?parent=2389"}],"wp:term":[{"taxonomy":"product_cat","embeddable":true,"href":"https:\/\/www.wunder-der-stadt.com\/es\/wp-json\/wp\/v2\/product_cat?post=2389"},{"taxonomy":"product_tag","embeddable":true,"href":"https:\/\/www.wunder-der-stadt.com\/es\/wp-json\/wp\/v2\/product_tag?post=2389"}],"curies":[{"name":"wp","href":"https:\/\/api.w.org\/{rel}","templated":true}]}}