{"id":2606,"date":"2025-12-16T16:51:09","date_gmt":"2025-12-16T15:51:09","guid":{"rendered":"https:\/\/www.wunder-der-stadt.com\/wp-content\/uploads\/Sophie-Scholl.png"},"modified":"2025-12-16T17:00:55","modified_gmt":"2025-12-16T16:00:55","slug":"sophie-scholl","status":"inherit","type":"attachment","link":"https:\/\/www.wunder-der-stadt.com\/fr\/?attachment_id=2606","title":{"rendered":"Sophie Scholl"},"author":1,"comment_status":"closed","ping_status":"closed","template":"","meta":[],"translation":{"provider":"WPGlobus","version":"3.0.2","language":"fr","enabled_languages":["de","en","fr","es"],"languages":{"de":{"title":true},"en":{"title":false},"fr":{"title":false},"es":{"title":false}}},"yoast_head":"<!-- This site is optimized with the Yoast SEO plugin v22.0 - https:\/\/yoast.com\/wordpress\/plugins\/seo\/ -->\n<title>Sophie Scholl - Wunder der Stadt - Visites guid\u00e9es \u00e0 Munich et en Bavi\u00e8re<\/title>\n<meta name=\"robots\" content=\"index, follow, max-snippet:-1, max-image-preview:large, max-video-preview:-1\" \/>\n<link rel=\"canonical\" href=\"https:\/\/www.wunder-der-stadt.com\/wp-content\/uploads\/Sophie-Scholl.png\" \/>\n<meta property=\"og:locale\" content=\"fr_FR\" \/>\n<meta property=\"og:type\" content=\"article\" \/>\n<meta property=\"og:title\" content=\"Sophie Scholl - Wunder der Stadt - Visites guid\u00e9es \u00e0 Munich et en Bavi\u00e8re\" \/>\n<meta property=\"og:url\" content=\"https:\/\/www.wunder-der-stadt.com\/wp-content\/uploads\/Sophie-Scholl.png\" \/>\n<meta property=\"og:site_name\" content=\"Wunder der Stadt - Visites guid\u00e9es \u00e0 Munich et en Bavi\u00e8re\" \/>\n<meta property=\"article:modified_time\" content=\"2025-12-16T16:00:55+00:00\" \/>\n<meta property=\"og:image\" content=\"https:\/\/www.wunder-der-stadt.com\/wp-content\/uploads\/Sophie-Scholl.png\" \/>\n\t<meta property=\"og:image:width\" content=\"560\" \/>\n\t<meta property=\"og:image:height\" content=\"765\" \/>\n\t<meta property=\"og:image:type\" content=\"image\/png\" \/>\n<meta name=\"twitter:card\" content=\"summary_large_image\" \/>\n<script type=\"application\/ld+json\" class=\"yoast-schema-graph\">{\"@context\":\"https:\/\/schema.org\",\"@graph\":[{\"@type\":\"WebPage\",\"@id\":\"https:\/\/www.wunder-der-stadt.com\/wp-content\/uploads\/Sophie-Scholl.png\",\"url\":\"https:\/\/www.wunder-der-stadt.com\/wp-content\/uploads\/Sophie-Scholl.png\",\"name\":\"Sophie Scholl - Wunder der Stadt - Visites guid\u00e9es \u00e0 Munich et en Bavi\u00e8re\",\"isPartOf\":{\"@id\":\"https:\/\/www.wunder-der-stadt.com\/#website\"},\"datePublished\":\"2025-12-16T15:51:09+00:00\",\"dateModified\":\"2025-12-16T16:00:55+00:00\",\"breadcrumb\":{\"@id\":\"https:\/\/www.wunder-der-stadt.com\/wp-content\/uploads\/Sophie-Scholl.png#breadcrumb\"},\"inLanguage\":\"fr-FR\",\"potentialAction\":[{\"@type\":\"ReadAction\",\"target\":[\"https:\/\/www.wunder-der-stadt.com\/wp-content\/uploads\/Sophie-Scholl.png\"]}]},{\"@type\":\"BreadcrumbList\",\"@id\":\"https:\/\/www.wunder-der-stadt.com\/wp-content\/uploads\/Sophie-Scholl.png#breadcrumb\",\"itemListElement\":[{\"@type\":\"ListItem\",\"position\":1,\"name\":\"Startseite\",\"item\":\"https:\/\/www.wunder-der-stadt.com\/\"},{\"@type\":\"ListItem\",\"position\":2,\"name\":\"F\u00fcr Schulklassen: Die Wei\u00dfe Rose &#8211; Der M\u00fcnchner Widerstand\",\"item\":\"https:\/\/www.wunder-der-stadt.com\/tours\/die-weisse-rose-muenchner-widerstand-stadtfuehrung-fuer-schulklassen\/\"},{\"@type\":\"ListItem\",\"position\":3,\"name\":\"Sophie Scholl\"}]},{\"@type\":\"WebSite\",\"@id\":\"https:\/\/www.wunder-der-stadt.com\/#website\",\"url\":\"https:\/\/www.wunder-der-stadt.com\/\",\"name\":\"{:de}Wunder der Stadt - Stadtf\u00fchrungen in M\u00fcnchen und Oberbayern{:}{:fr}Wunder der Stadt - Visites guid\u00e9es \u00e0 Munich et en Bavi\u00e8re{:}\",\"description\":\"Votre partenaire pour vos voyages d&#039;affaires, voyages priv\u00e9s \u00e0 Munich et en Bavi\u00e8re\",\"publisher\":{\"@id\":\"https:\/\/www.wunder-der-stadt.com\/#\/schema\/person\/7ac5370c8e8a38b0625e279f3af2d701\"},\"potentialAction\":[{\"@type\":\"SearchAction\",\"target\":{\"@type\":\"EntryPoint\",\"urlTemplate\":\"https:\/\/www.wunder-der-stadt.com\/?s={search_term_string}\"},\"query-input\":\"required name=search_term_string\"}],\"inLanguage\":\"fr-FR\"},{\"@type\":[\"Person\",\"Organization\"],\"@id\":\"https:\/\/www.wunder-der-stadt.com\/#\/schema\/person\/7ac5370c8e8a38b0625e279f3af2d701\",\"name\":\"Admin\",\"image\":{\"@type\":\"ImageObject\",\"inLanguage\":\"fr-FR\",\"@id\":\"https:\/\/www.wunder-der-stadt.com\/#\/schema\/person\/image\/\",\"url\":\"https:\/\/www.wunder-der-stadt.com\/wp-content\/uploads\/Sophie-Scholl.png\",\"contentUrl\":\"https:\/\/www.wunder-der-stadt.com\/wp-content\/uploads\/Sophie-Scholl.png\",\"width\":560,\"height\":765,\"caption\":\"Admin\"},\"logo\":{\"@id\":\"https:\/\/www.wunder-der-stadt.com\/#\/schema\/person\/image\/\"}}]}<\/script>\n<!-- \/ Yoast SEO plugin. -->","yoast_head_json":{"title":"Sophie Scholl - Wunder der Stadt - Visites guid\u00e9es \u00e0 Munich et en Bavi\u00e8re","robots":{"index":"index","follow":"follow","max-snippet":"max-snippet:-1","max-image-preview":"max-image-preview:large","max-video-preview":"max-video-preview:-1"},"canonical":"https:\/\/www.wunder-der-stadt.com\/wp-content\/uploads\/Sophie-Scholl.png","og_locale":"fr_FR","og_type":"article","og_title":"Sophie Scholl - Wunder der Stadt - Visites guid\u00e9es \u00e0 Munich et en Bavi\u00e8re","og_url":"https:\/\/www.wunder-der-stadt.com\/wp-content\/uploads\/Sophie-Scholl.png","og_site_name":"Wunder der Stadt - Visites guid\u00e9es \u00e0 Munich et en Bavi\u00e8re","article_modified_time":"2025-12-16T16:00:55+00:00","og_image":[{"width":560,"height":765,"url":"https:\/\/www.wunder-der-stadt.com\/wp-content\/uploads\/Sophie-Scholl.png","type":"image\/png"}],"twitter_card":"summary_large_image","schema":{"@context":"https:\/\/schema.org","@graph":[{"@type":"WebPage","@id":"https:\/\/www.wunder-der-stadt.com\/wp-content\/uploads\/Sophie-Scholl.png","url":"https:\/\/www.wunder-der-stadt.com\/wp-content\/uploads\/Sophie-Scholl.png","name":"Sophie Scholl - Wunder der Stadt - Visites guid\u00e9es \u00e0 Munich et en Bavi\u00e8re","isPartOf":{"@id":"https:\/\/www.wunder-der-stadt.com\/#website"},"datePublished":"2025-12-16T15:51:09+00:00","dateModified":"2025-12-16T16:00:55+00:00","breadcrumb":{"@id":"https:\/\/www.wunder-der-stadt.com\/wp-content\/uploads\/Sophie-Scholl.png#breadcrumb"},"inLanguage":"fr-FR","potentialAction":[{"@type":"ReadAction","target":["https:\/\/www.wunder-der-stadt.com\/wp-content\/uploads\/Sophie-Scholl.png"]}]},{"@type":"BreadcrumbList","@id":"https:\/\/www.wunder-der-stadt.com\/wp-content\/uploads\/Sophie-Scholl.png#breadcrumb","itemListElement":[{"@type":"ListItem","position":1,"name":"Startseite","item":"https:\/\/www.wunder-der-stadt.com\/"},{"@type":"ListItem","position":2,"name":"F\u00fcr Schulklassen: Die Wei\u00dfe Rose &#8211; Der M\u00fcnchner Widerstand","item":"https:\/\/www.wunder-der-stadt.com\/tours\/die-weisse-rose-muenchner-widerstand-stadtfuehrung-fuer-schulklassen\/"},{"@type":"ListItem","position":3,"name":"Sophie Scholl"}]},{"@type":"WebSite","@id":"https:\/\/www.wunder-der-stadt.com\/#website","url":"https:\/\/www.wunder-der-stadt.com\/","name":"{:de}Wunder der Stadt - Stadtf\u00fchrungen in M\u00fcnchen und Oberbayern{:}{:fr}Wunder der Stadt - Visites guid\u00e9es \u00e0 Munich et en Bavi\u00e8re{:}","description":"Votre partenaire pour vos voyages d&#039;affaires, voyages priv\u00e9s \u00e0 Munich et en Bavi\u00e8re","publisher":{"@id":"https:\/\/www.wunder-der-stadt.com\/#\/schema\/person\/7ac5370c8e8a38b0625e279f3af2d701"},"potentialAction":[{"@type":"SearchAction","target":{"@type":"EntryPoint","urlTemplate":"https:\/\/www.wunder-der-stadt.com\/?s={search_term_string}"},"query-input":"required name=search_term_string"}],"inLanguage":"fr-FR"},{"@type":["Person","Organization"],"@id":"https:\/\/www.wunder-der-stadt.com\/#\/schema\/person\/7ac5370c8e8a38b0625e279f3af2d701","name":"Admin","image":{"@type":"ImageObject","inLanguage":"fr-FR","@id":"https:\/\/www.wunder-der-stadt.com\/#\/schema\/person\/image\/","url":"https:\/\/www.wunder-der-stadt.com\/wp-content\/uploads\/Sophie-Scholl.png","contentUrl":"https:\/\/www.wunder-der-stadt.com\/wp-content\/uploads\/Sophie-Scholl.png","width":560,"height":765,"caption":"Admin"},"logo":{"@id":"https:\/\/www.wunder-der-stadt.com\/#\/schema\/person\/image\/"}}]}},"description":{"rendered":"<p class=\"attachment\"><a href='https:\/\/www.wunder-der-stadt.com\/wp-content\/uploads\/Sophie-Scholl.png'><img loading=\"lazy\" decoding=\"async\" width=\"220\" height=\"300\" src=\"https:\/\/www.wunder-der-stadt.com\/wp-content\/uploads\/Sophie-Scholl-220x300.png\" class=\"attachment-medium size-medium\" alt=\"Sophie Scholl \u2013 Mitglied der Wei\u00dfen Rose, Widerstand gegen den Nationalsozialismus in M\u00fcnchen\" srcset=\"https:\/\/www.wunder-der-stadt.com\/wp-content\/uploads\/Sophie-Scholl-220x300.png 220w, https:\/\/www.wunder-der-stadt.com\/wp-content\/uploads\/Sophie-Scholl.png 560w\" sizes=\"(max-width: 220px) 100vw, 220px\" \/><\/a><\/p>\n<p>Sophie Scholl \u2013 Mitglied der Wei\u00dfen Rose, Widerstand gegen den Nationalsozialismus in M\u00fcnchen<\/p>\n"},"caption":{"rendered":"<p>Sophie Scholl \u2013 Mitglied der Wei\u00dfen Rose, Widerstand gegen den Nationalsozialismus in M\u00fcnchen &#8211;<br \/>\nKI-generiertes Bild<\/p>\n"},"alt_text":"Sophie Scholl \u2013 Mitglied der Wei\u00dfen Rose, Widerstand gegen den Nationalsozialismus in M\u00fcnchen","media_type":"image","mime_type":"image\/png","media_details":{"width":560,"height":765,"file":"Sophie-Scholl.png","filesize":701550,"sizes":{"medium":{"file":"Sophie-Scholl-220x300.png","width":220,"height":300,"filesize":72417,"mime_type":"image\/png","source_url":"https:\/\/www.wunder-der-stadt.com\/wp-content\/uploads\/Sophie-Scholl-220x300.png"},"thumbnail":{"file":"Sophie-Scholl-150x150.png","width":150,"height":150,"filesize":28248,"mime_type":"image\/png","source_url":"https:\/\/www.wunder-der-stadt.com\/wp-content\/uploads\/Sophie-Scholl-150x150.png"},"woocommerce_thumbnail":{"file":"Sophie-Scholl-531x354.png","width":531,"height":354,"filesize":202859,"uncropped":false,"mime_type":"image\/png","source_url":"https:\/\/www.wunder-der-stadt.com\/wp-content\/uploads\/Sophie-Scholl-531x354.png"},"woocommerce_gallery_thumbnail":{"file":"Sophie-Scholl-180x120.png","width":180,"height":120,"filesize":28212,"mime_type":"image\/png","source_url":"https:\/\/www.wunder-der-stadt.com\/wp-content\/uploads\/Sophie-Scholl-180x120.png"},"full":{"file":"Sophie-Scholl.png","width":560,"height":765,"mime_type":"image\/png","source_url":"https:\/\/www.wunder-der-stadt.com\/wp-content\/uploads\/Sophie-Scholl.png"}},"image_meta":{"aperture":"0","credit":"","camera":"","caption":"","created_timestamp":"0","copyright":"","focal_length":"0","iso":"0","shutter_speed":"0","title":"","orientation":"0","keywords":[]}},"post":2525,"source_url":"https:\/\/www.wunder-der-stadt.com\/wp-content\/uploads\/Sophie-Scholl.png","_links":{"self":[{"href":"https:\/\/www.wunder-der-stadt.com\/fr\/wp-json\/wp\/v2\/media\/2606"}],"collection":[{"href":"https:\/\/www.wunder-der-stadt.com\/fr\/wp-json\/wp\/v2\/media"}],"about":[{"href":"https:\/\/www.wunder-der-stadt.com\/fr\/wp-json\/wp\/v2\/types\/attachment"}],"author":[{"embeddable":true,"href":"https:\/\/www.wunder-der-stadt.com\/fr\/wp-json\/wp\/v2\/users\/1"}],"replies":[{"embeddable":true,"href":"https:\/\/www.wunder-der-stadt.com\/fr\/wp-json\/wp\/v2\/comments?post=2606"}]}}