{"id":150,"date":"2015-07-23T10:30:07","date_gmt":"2015-07-23T08:30:07","guid":{"rendered":"http:\/\/adventure-tours.themedelight.com\/?page_id=150"},"modified":"2025-01-20T13:43:46","modified_gmt":"2025-01-20T12:43:46","slug":"valerie-kieffer-wunder-der-stadt-stadtfuehrungen-in-muenchen-2","status":"publish","type":"page","link":"https:\/\/www.wunder-der-stadt.com\/fr\/","title":{"rendered":"WUNDER DER STADT &#8211; VISITES GUID\u00c9ES ET EXCURSIONS EN BAVI\u00c9RE"},"content":{"rendered":"<p>[vc_row][vc_column][vc_column_text]<\/p>\n<p style=\"text-align: center;\"><span style=\"font-size: 15pt;\"><strong><em><span style=\"color: #424242;\">\u201eDoucement, je comprends ce qu&#8217;est un Munichois ! <\/span><\/em><\/strong><\/span><\/p>\n<p style=\"text-align: center;\"><span style=\"font-size: 15pt;\"><strong><em><span style=\"color: #424242;\">C&#8217;est une chance, pas une co\u00efncidence. C&#8217;est le destin, la chance et le m\u00e9rite.\u201c<\/span><\/em><\/strong><\/span><br \/>\n<span style=\"font-size: 12pt; color: #8e8e8e;\"> ~ Napol\u00e9on Bonaparte &#8211; Empereur de France<br \/>\n<\/span><\/p>\n<p>[\/vc_column_text][\/vc_column][\/vc_row][vc_row][vc_column][rev_slider_vc alias=&#8221;home-page-slider&#8221;][\/vc_column][\/vc_row][vc_row][vc_column][vc_empty_space][vc_column_text]<\/p>\n<p style=\"text-align: center;\"><span style=\"font-size: 15pt;\"><strong><span style=\"color: #424242;\">Bienvenue chez &#8220;WUNDER DER STADT by Val\u00e9rie Kieffer&#8221;<\/span><\/strong><\/span><br \/>\n<span style=\"font-size: 12pt; color: #8e8e8e;\">Votre agence r\u00e9ceptive pour voyages d&#8217;affaires, priv\u00e9s ou scolaires \u00e0 Munich et en Bavi\u00e8re<\/span><\/p>\n<p>[\/vc_column_text][vc_column_text]<\/p>\n<p id=\"tw-target-text\" class=\"tw-data-text tw-text-large tw-ta\" dir=\"ltr\" style=\"text-align: center;\" data-placeholder=\"\u00dcbersetzung\"><span lang=\"fr\" style=\"font-size: 12pt;\" tabindex=\"0\"><span id=\"snippet_meta_fr\" class=\"desc desc-default wpglobus-snippet_meta\" data-language=\"fr\">Je vous souhaite la bienvenue chez WUNDER DER STADT, votre <a href=\"https:\/\/www.wunder-der-stadt.com\/fr\/incoming\/\">agence receptive<\/a> pour l&#8217;organisation de visites et de s\u00e9jours culturels sur Munich et la Bavi\u00e8re. Je suis \u00e0 votre disposition pour vous conseiller et vous aider \u00e0 concevoir et \u00e0 r\u00e9aliser vos projet de voyage.<\/span> Munich, une ville pleine de surprises, une m\u00e9tropole encore peu connue qui reste \u00e0 d\u00e9couvrir et qui vous attend ! <\/span><\/p>\n<p class=\"tw-data-text tw-text-large tw-ta\" dir=\"ltr\" style=\"text-align: center;\" data-placeholder=\"\u00dcbersetzung\"><em><span lang=\"fr\" style=\"font-size: 14pt;\" tabindex=\"0\">Val\u00e9rie Kieffer <\/span><\/em><\/p>\n<p>[\/vc_column_text][vc_empty_space][\/vc_column][\/vc_row][vc_row full_width=&#8221;stretch_row_content&#8221; equal_height=&#8221;yes&#8221; css=&#8221;.vc_custom_1517330658648{background-color: #a0a0a0 !important;background-position: center !important;background-repeat: no-repeat !important;background-size: cover !important;}&#8221;][vc_column width=&#8221;1\/6&#8243;][vc_empty_space][\/vc_column][vc_column width=&#8221;1\/6&#8243; css=&#8221;.vc_custom_1518006863255{padding-right: 10px !important;padding-left: 10px !important;}&#8221;][vc_icon icon_fontawesome=&#8221;fa fa-bus&#8221; color=&#8221;custom&#8221; background_style=&#8221;rounded&#8221; background_color=&#8221;white&#8221; size=&#8221;xl&#8221; align=&#8221;center&#8221; custom_color=&#8221;#a0a0a0&#8243; link=&#8221;url:http%3A%2F%2Fwww.wunder-der-stadt.com%2Ffr%2Fincoming%2F|||&#8221;][vc_column_text]<\/p>\n<p style=\"text-align: center;\"><span style=\"font-size: 11pt;\"><a href=\"https:\/\/www.wunder-der-stadt.com\/fr\/incoming\/\"><span style=\"color: #ffffff;\">RECEPTIF<\/span><\/a><\/span><\/p>\n<p>[\/vc_column_text][\/vc_column][vc_column width=&#8221;1\/6&#8243; css=&#8221;.vc_custom_1518006879214{padding-right: 10px !important;padding-left: 10px !important;}&#8221;][vc_icon icon_fontawesome=&#8221;fa fa-plane&#8221; color=&#8221;custom&#8221; background_style=&#8221;rounded&#8221; background_color=&#8221;white&#8221; size=&#8221;xl&#8221; align=&#8221;center&#8221; custom_color=&#8221;#a0a0a0&#8243; link=&#8221;url:https%3A%2F%2Fwww.wunder-der-stadt.com%2Ffr%2Fstadtfuehrungen-in-muenchen-fuer-geschaeftsreisen%2F|||&#8221;][vc_column_text css=&#8221;.vc_custom_1705081328707{margin-right: 10px !important;margin-left: 10px !important;}&#8221;]<\/p>\n<p style=\"text-align: center;\"><span style=\"font-size: 11pt;\"><a href=\"https:\/\/www.wunder-der-stadt.com\/fr\/stadtfuehrungen-in-muenchen-fuer-geschaeftsreisen\/\"><span style=\"color: #ffffff;\">VOYAGES D&#8217;AFFAIRES<\/span><\/a><\/span><\/p>\n<p>[\/vc_column_text][\/vc_column][vc_column width=&#8221;1\/6&#8243; css=&#8221;.vc_custom_1518006889128{padding-right: 10px !important;padding-left: 10px !important;}&#8221;][vc_icon icon_fontawesome=&#8221;fa fa-suitcase&#8221; color=&#8221;custom&#8221; background_style=&#8221;rounded&#8221; background_color=&#8221;white&#8221; size=&#8221;xl&#8221; align=&#8221;center&#8221; custom_color=&#8221;#a0a0a0&#8243; link=&#8221;url:http%3A%2F%2Fwww.wunder-der-stadt.com%2Ffr%2Fstadtfuerung-muenchen-privat-gruppe-wunder-der-stadt%2F|||&#8221;][vc_column_text css=&#8221;.vc_custom_1705084499739{margin-right: 10px !important;margin-left: 10px !important;}&#8221;]<\/p>\n<p style=\"text-align: center;\"><span style=\"font-size: 11pt;\"><a href=\"https:\/\/www.wunder-der-stadt.com\/fr\/stadtfuerung-muenchen-privat-gruppe-wunder-der-stadt\/\"><span style=\"color: #ffffff;\">GROUPES PRIV\u00c9S<\/span><\/a><\/span><\/p>\n<p>[\/vc_column_text][\/vc_column][vc_column width=&#8221;1\/6&#8243; css=&#8221;.vc_custom_1518006896160{padding-right: 10px !important;padding-left: 10px !important;}&#8221;][vc_icon icon_fontawesome=&#8221;fa fa-university&#8221; color=&#8221;custom&#8221; background_style=&#8221;rounded&#8221; background_color=&#8221;white&#8221; size=&#8221;xl&#8221; align=&#8221;center&#8221; custom_color=&#8221;#a0a0a0&#8243; link=&#8221;url:https%3A%2F%2Fwww.wunder-der-stadt.com%2Ffr%2Fcity-tours-for-school-trips-to-munich-special-fare%2F|||&#8221;][vc_column_text]<\/p>\n<p style=\"text-align: center;\"><span style=\"font-size: 11pt;\"><a href=\"https:\/\/www.wunder-der-stadt.com\/fr\/city-tours-for-school-trips-to-munich-special-fare\/\"><span style=\"color: #ffffff;\">GROUPES SCOLAIRES<\/span><\/a><\/span><\/p>\n<p>[\/vc_column_text][\/vc_column][vc_column width=&#8221;1\/6&#8243;][vc_empty_space][\/vc_column][\/vc_row][vc_row][vc_column][vc_empty_space]\n<div class=\"atgrid margin-bottom-large tour-list-home atgrid--small\">\n\t<div class=\"title title--big title--center title--underline title--decoration-bottom-center\">\n\t\t\t<div class=\"title__subtitle\">Visites guid\u00e9es \u00e0 la une !<\/div>\n\t\t<h3 class=\"title__primary\">Expositions temporaires dans les mus\u00e9es<\/h3>\n<\/div>\n\t<div class=\"row atgrid__row\">\n\t\t\t\t\t<div class=\"col-md-3 col-xs-6 atgrid__item-wrap\">\n\t\t\t<div class=\"atgrid__item\">\n\t\t\t\t<div class=\"atgrid__item__top\">\n\t\t\t\t\t<a href=\"https:\/\/www.wunder-der-stadt.com\/fr\/tours\/lancienne-pinacotheque-de-munich-les-chefs-doeuvres-de-lhistoire\/\" class=\"atgrid__item__top__image\"><img loading=\"lazy\" decoding=\"async\" width=\"360\" height=\"240\" src=\"https:\/\/www.wunder-der-stadt.com\/wp-content\/uploads\/Alte-Pinakothek-360x240.jpg\" class=\"attachment-thumb_tour_listing_small size-thumb_tour_listing_small wp-post-image\" alt=\"Alte Pinakothek\" srcset=\"https:\/\/www.wunder-der-stadt.com\/wp-content\/uploads\/Alte-Pinakothek-360x240.jpg 360w, https:\/\/www.wunder-der-stadt.com\/wp-content\/uploads\/Alte-Pinakothek-scaled-531x354.jpg 531w, https:\/\/www.wunder-der-stadt.com\/wp-content\/uploads\/Alte-Pinakothek-scaled-180x120.jpg 180w\" sizes=\"(max-width: 360px) 100vw, 360px\" \/><\/a>\t\t\t\t\t<div class=\"atgrid__item__price\"><a href=\"https:\/\/www.wunder-der-stadt.com\/fr\/tours\/lancienne-pinacotheque-de-munich-les-chefs-doeuvres-de-lhistoire\/\" class=\"atgrid__item__price__button\"><span class=\"woocommerce-Price-amount amount\"><bdi>220,00&nbsp;<span class=\"woocommerce-Price-currencySymbol\">&euro;<\/span><\/bdi><\/span><\/a><\/div>\t\t\t\t\t\t\t\t\t\t\t\t\t\t<\/div>\n\t\t\t\t<div class=\"atgrid__item__content\">\n\t\t\t\t\t<h3 class=\"atgrid__item__title\"><a href=\"https:\/\/www.wunder-der-stadt.com\/fr\/tours\/lancienne-pinacotheque-de-munich-les-chefs-doeuvres-de-lhistoire\/\">L&#039;ancienne pinacoth\u00e8que de Munich - Chefs d\u2019\u0153uvre de l\u2019histoire de l&#039;art<\/a><\/h3>\n\t\t\t\t\t\t\t\t<\/div>\n\t\t\t\t<div class=\"item-attributes\">\n\t\t\t\t\t\t\t\t\t\t<div class=\"item-attributes__item\"><a href=\"https:\/\/www.wunder-der-stadt.com\/fr\/tours\/lancienne-pinacotheque-de-munich-les-chefs-doeuvres-de-lhistoire\/\" class=\"item-attributes__link\"><i class=\"fa fa-long-arrow-right\"><\/i><\/a><\/div>\n\t\t\t\t<\/div>\n\t\t\t<\/div>\n\t\t<\/div>\n\t\t\t\t\t<div class=\"col-md-3 col-xs-6 atgrid__item-wrap\">\n\t\t\t<div class=\"atgrid__item\">\n\t\t\t\t<div class=\"atgrid__item__top\">\n\t\t\t\t\t<a href=\"https:\/\/www.wunder-der-stadt.com\/fr\/tours\/de-goya-a-manet-le-19eme-siecle-dans-lancienne-pinacoteque\/\" class=\"atgrid__item__top__image\"><img loading=\"lazy\" decoding=\"async\" width=\"360\" height=\"240\" src=\"https:\/\/www.wunder-der-stadt.com\/wp-content\/uploads\/Overbeck-Viktoria-Caldoni-bis-Juli-2020-Start-360x240.png\" class=\"attachment-thumb_tour_listing_small size-thumb_tour_listing_small wp-post-image\" alt=\"\" srcset=\"https:\/\/www.wunder-der-stadt.com\/wp-content\/uploads\/Overbeck-Viktoria-Caldoni-bis-Juli-2020-Start-360x240.png 360w, https:\/\/www.wunder-der-stadt.com\/wp-content\/uploads\/Overbeck-Viktoria-Caldoni-bis-Juli-2020-Start-180x120.png 180w\" sizes=\"(max-width: 360px) 100vw, 360px\" \/><\/a>\t\t\t\t\t<div class=\"atgrid__item__price\"><a href=\"https:\/\/www.wunder-der-stadt.com\/fr\/tours\/de-goya-a-manet-le-19eme-siecle-dans-lancienne-pinacoteque\/\" class=\"atgrid__item__price__button\"><span class=\"woocommerce-Price-amount amount\"><bdi>220,00&nbsp;<span class=\"woocommerce-Price-currencySymbol\">&euro;<\/span><\/bdi><\/span><\/a><\/div>\t\t\t\t\t\t\t\t\t\t\t\t\t\t<\/div>\n\t\t\t\t<div class=\"atgrid__item__content\">\n\t\t\t\t\t<h3 class=\"atgrid__item__title\"><a href=\"https:\/\/www.wunder-der-stadt.com\/fr\/tours\/de-goya-a-manet-le-19eme-siecle-dans-lancienne-pinacoteque\/\">De Goya \u00e0 Manet, le 19\u00e8me si\u00e8cle dans l&#039;ancienne Pinacot\u00e8que<\/a><\/h3>\n\t\t\t\t\t\t\t\t<\/div>\n\t\t\t\t<div class=\"item-attributes\">\n\t\t\t\t\t\t\t\t\t\t<div class=\"item-attributes__item\"><a href=\"https:\/\/www.wunder-der-stadt.com\/fr\/tours\/de-goya-a-manet-le-19eme-siecle-dans-lancienne-pinacoteque\/\" class=\"item-attributes__link\"><i class=\"fa fa-long-arrow-right\"><\/i><\/a><\/div>\n\t\t\t\t<\/div>\n\t\t\t<\/div>\n\t\t<\/div>\n\t\t\t<\/div>\n<\/div>\n[vc_empty_space]\n<div class=\"atgrid margin-bottom-large tour-list-home\">\n\t<div class=\"title title--big title--center title--underline title--decoration-bottom-center\">\n\t\t<h3 class=\"title__primary\">Les visites culturelles dans Munich<\/h3>\n<\/div>\n\t<div class=\"row atgrid__row\">\n\t\t\t\t\t<div class=\"col-md-4 col-xs-6 atgrid__item-wrap\">\n\t\t\t<div class=\"atgrid__item\">\n\t\t\t\t<div class=\"atgrid__item__top\">\n\t\t\t\t\t<a href=\"https:\/\/www.wunder-der-stadt.com\/fr\/tours\/residence-le-palais-des-wittelsbachs\/\" class=\"atgrid__item__top__image\"><img loading=\"lazy\" decoding=\"async\" width=\"360\" height=\"240\" src=\"https:\/\/www.wunder-der-stadt.com\/wp-content\/uploads\/Banner_Koenigsbau_der_Residenz-Foto_Fritz_Mader-360x240.jpg\" class=\"attachment-thumb_tour_listing_small size-thumb_tour_listing_small wp-post-image\" alt=\"K\u00f6nigsbau der Residenz\" srcset=\"https:\/\/www.wunder-der-stadt.com\/wp-content\/uploads\/Banner_Koenigsbau_der_Residenz-Foto_Fritz_Mader-360x240.jpg 360w, https:\/\/www.wunder-der-stadt.com\/wp-content\/uploads\/Banner_Koenigsbau_der_Residenz-Foto_Fritz_Mader-531x354.jpg 531w, https:\/\/www.wunder-der-stadt.com\/wp-content\/uploads\/Banner_Koenigsbau_der_Residenz-Foto_Fritz_Mader-180x120.jpg 180w\" sizes=\"(max-width: 360px) 100vw, 360px\" \/><\/a>\t\t\t\t\t<div class=\"atgrid__item__price\"><a href=\"https:\/\/www.wunder-der-stadt.com\/fr\/tours\/residence-le-palais-des-wittelsbachs\/\" class=\"atgrid__item__price__button\"><span class=\"woocommerce-Price-amount amount\"><bdi>220,00&nbsp;<span class=\"woocommerce-Price-currencySymbol\">&euro;<\/span><\/bdi><\/span><\/a><\/div>\t\t\t\t\t\t\t\t\t\t\t\t\t\t<\/div>\n\t\t\t\t<div class=\"atgrid__item__content\">\n\t\t\t\t\t<h3 class=\"atgrid__item__title\"><a href=\"https:\/\/www.wunder-der-stadt.com\/fr\/tours\/residence-le-palais-des-wittelsbachs\/\">La R\u00e9sidence - 450 ans de la vie des Wittelsbachs<\/a><\/h3>\n\t\t\t\t\t\t\t\t<\/div>\n\t\t\t\t<div class=\"item-attributes\">\n\t\t\t\t\t\t\t\t\t\t<div class=\"item-attributes__item\"><a href=\"https:\/\/www.wunder-der-stadt.com\/fr\/tours\/residence-le-palais-des-wittelsbachs\/\" class=\"item-attributes__link\"><i class=\"fa fa-long-arrow-right\"><\/i><\/a><\/div>\n\t\t\t\t<\/div>\n\t\t\t<\/div>\n\t\t<\/div>\n\t\t\t\t\t<div class=\"col-md-4 col-xs-6 atgrid__item-wrap\">\n\t\t\t<div class=\"atgrid__item\">\n\t\t\t\t<div class=\"atgrid__item__top\">\n\t\t\t\t\t<a href=\"https:\/\/www.wunder-der-stadt.com\/fr\/tours\/munich-les-jeux-olympiques-de-1972\/\" class=\"atgrid__item__top__image\"><img loading=\"lazy\" decoding=\"async\" width=\"360\" height=\"240\" src=\"https:\/\/www.wunder-der-stadt.com\/wp-content\/uploads\/Olympiapark-360x240.jpg\" class=\"attachment-thumb_tour_listing_small size-thumb_tour_listing_small wp-post-image\" alt=\"M\u00fcnchen Olympia\" srcset=\"https:\/\/www.wunder-der-stadt.com\/wp-content\/uploads\/Olympiapark-360x240.jpg 360w, https:\/\/www.wunder-der-stadt.com\/wp-content\/uploads\/Olympiapark-531x354.jpg 531w, https:\/\/www.wunder-der-stadt.com\/wp-content\/uploads\/Olympiapark-180x120.jpg 180w\" sizes=\"(max-width: 360px) 100vw, 360px\" \/><\/a>\t\t\t\t\t<div class=\"atgrid__item__price\"><a href=\"https:\/\/www.wunder-der-stadt.com\/fr\/tours\/munich-les-jeux-olympiques-de-1972\/\" class=\"atgrid__item__price__button\"><span class=\"woocommerce-Price-amount amount\"><bdi>270,00&nbsp;<span class=\"woocommerce-Price-currencySymbol\">&euro;<\/span><\/bdi><\/span><\/a><\/div>\t\t\t\t\t\t\t\t\t\t\t\t\t\t<\/div>\n\t\t\t\t<div class=\"atgrid__item__content\">\n\t\t\t\t\t<h3 class=\"atgrid__item__title\"><a href=\"https:\/\/www.wunder-der-stadt.com\/fr\/tours\/munich-les-jeux-olympiques-de-1972\/\">Munich - les Jeux Olympiques de 1972<\/a><\/h3>\n\t\t\t\t\t\t\t\t<\/div>\n\t\t\t\t<div class=\"item-attributes\">\n\t\t\t\t\t\t\t\t\t\t<div class=\"item-attributes__item\"><a href=\"https:\/\/www.wunder-der-stadt.com\/fr\/tours\/munich-les-jeux-olympiques-de-1972\/\" class=\"item-attributes__link\"><i class=\"fa fa-long-arrow-right\"><\/i><\/a><\/div>\n\t\t\t\t<\/div>\n\t\t\t<\/div>\n\t\t<\/div>\n\t\t\t<div class=\"atgrid__row-separator clearfix visible-sm visible-xs\"><\/div>\t\t<div class=\"col-md-4 col-xs-6 atgrid__item-wrap\">\n\t\t\t<div class=\"atgrid__item\">\n\t\t\t\t<div class=\"atgrid__item__top\">\n\t\t\t\t\t<a href=\"https:\/\/www.wunder-der-stadt.com\/fr\/tours\/munich-860-ans-dhistoire-en-2-heures-de-visite\/\" class=\"atgrid__item__top__image\"><img loading=\"lazy\" decoding=\"async\" width=\"360\" height=\"240\" src=\"https:\/\/www.wunder-der-stadt.com\/wp-content\/uploads\/Kombi_Stadtrundfahrt_Stadtrundgang-360x240.jpg\" class=\"attachment-thumb_tour_listing_small size-thumb_tour_listing_small wp-post-image\" alt=\"Munich city tour school groups walking tour - The &quot;Fischbrunnen&quot; on the Marienplatz\" srcset=\"https:\/\/www.wunder-der-stadt.com\/wp-content\/uploads\/Kombi_Stadtrundfahrt_Stadtrundgang-360x240.jpg 360w, https:\/\/www.wunder-der-stadt.com\/wp-content\/uploads\/Kombi_Stadtrundfahrt_Stadtrundgang-531x354.jpg 531w, https:\/\/www.wunder-der-stadt.com\/wp-content\/uploads\/Kombi_Stadtrundfahrt_Stadtrundgang-180x120.jpg 180w\" sizes=\"(max-width: 360px) 100vw, 360px\" \/><\/a>\t\t\t\t\t<div class=\"atgrid__item__price\"><a href=\"https:\/\/www.wunder-der-stadt.com\/fr\/tours\/munich-860-ans-dhistoire-en-2-heures-de-visite\/\" class=\"atgrid__item__price__button\"><span class=\"woocommerce-Price-amount amount\"><bdi>220,00&nbsp;<span class=\"woocommerce-Price-currencySymbol\">&euro;<\/span><\/bdi><\/span><\/a><\/div>\t\t\t\t\t\t\t\t\t\t\t\t\t\t<\/div>\n\t\t\t\t<div class=\"atgrid__item__content\">\n\t\t\t\t\t<h3 class=\"atgrid__item__title\"><a href=\"https:\/\/www.wunder-der-stadt.com\/fr\/tours\/munich-860-ans-dhistoire-en-2-heures-de-visite\/\">Munich - 860 ans d&#039;histoire en 2 heures de visite<\/a><\/h3>\n\t\t\t\t\t\t\t\t<\/div>\n\t\t\t\t<div class=\"item-attributes\">\n\t\t\t\t\t\t\t\t\t\t<div class=\"item-attributes__item\"><a href=\"https:\/\/www.wunder-der-stadt.com\/fr\/tours\/munich-860-ans-dhistoire-en-2-heures-de-visite\/\" class=\"item-attributes__link\"><i class=\"fa fa-long-arrow-right\"><\/i><\/a><\/div>\n\t\t\t\t<\/div>\n\t\t\t<\/div>\n\t\t<\/div>\n\t\t\t<\/div>\n<\/div>\n[\/vc_column][\/vc_row][vc_row full_width=&#8221;stretch_row_content&#8221; equal_height=&#8221;yes&#8221; css=&#8221;.vc_custom_1511972889293{background-color: #ed1b24 !important;background-position: center !important;background-repeat: no-repeat !important;background-size: cover !important;}&#8221;][vc_column][vc_column_text]<\/p>\n<p style=\"text-align: center;\"><span style=\"font-family: 'Oxygen'; font-size: 15pt; color: #ffffff;\">Prenez contact avec nous !<\/span><\/p>\n<p>[\/vc_column_text][vc_btn title=&#8221;ENVOYEZ VOTRE DEMANDE&#8221; style=&#8221;classic&#8221; shape=&#8221;square&#8221; color=&#8221;white&#8221; align=&#8221;center&#8221; link=&#8221;url:http%3A%2F%2Fwww.wunder-der-stadt.com%2Fkontakt%2F|||&#8221;][vc_empty_space height=&#8221;15px&#8221;][\/vc_column][\/vc_row]<\/p>\n","protected":false},"excerpt":{"rendered":"<p>[vc_row][vc_column][vc_column_text] \u201eDoucement, je comprends ce qu&#8217;est un Munichois ! C&#8217;est une chance, pas une co\u00efncidence. C&#8217;est le destin, la chance et le m\u00e9rite.\u201c ~ Napol\u00e9on Bonaparte &#8211; Empereur de France [\/vc_column_text][\/vc_column][\/vc_row][vc_row][vc_column][rev_slider_vc alias=&#8221;home-page-slider&#8221;][\/vc_column][\/vc_row][vc_row][vc_column][vc_empty_space][vc_column_text] Bienvenue chez &#8220;WUNDER DER STADT by Val\u00e9rie Kieffer&#8221; Votre agence r\u00e9ceptive pour voyages d&#8217;affaires, priv\u00e9s ou scolaires \u00e0 Munich et en Bavi\u00e8re [\/vc_column_text][vc_column_text]<\/p>\n<div class=\"padding-top text-center\"><a href=\"https:\/\/www.wunder-der-stadt.com\/fr\/tours\/munich-860-ans-dhistoire-en-2-heures-de-visite\/\" class=\"atbtn atbtn--medium atbtn--rounded atbtn--transparent\">Weiterlesen<i class=\"atbtn__icon atbtn__icon--right fa fa-long-arrow-right\"><\/i><\/a><\/div>\n","protected":false},"author":1,"featured_media":0,"parent":0,"menu_order":0,"comment_status":"open","ping_status":"closed","template":"","meta":{"footnotes":""},"translation":{"provider":"WPGlobus","version":"3.0.2","language":"fr","enabled_languages":["de","en","fr","es"],"languages":{"de":{"title":true,"content":true,"excerpt":false},"en":{"title":true,"content":true,"excerpt":false},"fr":{"title":true,"content":true,"excerpt":false},"es":{"title":false,"content":false,"excerpt":false}}},"yoast_head":"<!-- This site is optimized with the Yoast SEO plugin v22.0 - https:\/\/yoast.com\/wordpress\/plugins\/seo\/ -->\n<title>WUNDER DER STADT - Visites guid\u00e9es et s\u00e9jours \u00e0 Munich et en Bavi\u00e8re<\/title>\n<meta name=\"robots\" content=\"index, follow, max-snippet:-1, max-image-preview:large, max-video-preview:-1\" \/>\n<link rel=\"canonical\" href=\"https:\/\/www.wunder-der-stadt.com\/\" \/>\n<meta property=\"og:locale\" content=\"fr_FR\" \/>\n<meta property=\"og:type\" content=\"article\" \/>\n<meta property=\"og:title\" content=\"{:de}Wunder der Stadt - Stadtf\u00fchrungen M\u00fcnchen - Val\u00e9rie Kieffer{:}{:en}WUNDER DER STADT - CITY TOURS &amp; EXCURSIONS IN BAVARIA{:}{:fr}WUNDER DER STADT - Visites guid\u00e9es et s\u00e9jours \u00e0 Munich et en Bavi\u00e8re{:}\" \/>\n<meta property=\"og:url\" content=\"https:\/\/www.wunder-der-stadt.com\/\" \/>\n<meta property=\"og:site_name\" content=\"Wunder der Stadt - Visites guid\u00e9es \u00e0 Munich et en Bavi\u00e8re\" \/>\n<meta property=\"article:modified_time\" content=\"2025-01-20T12:43:46+00:00\" \/>\n<meta property=\"og:image\" content=\"https:\/\/www.wunder-der-stadt.com\/wp-content\/uploads\/WDS_logo2.png\" \/>\n\t<meta property=\"og:image:width\" content=\"292\" \/>\n\t<meta property=\"og:image:height\" content=\"157\" \/>\n\t<meta property=\"og:image:type\" content=\"image\/png\" \/>\n<meta name=\"twitter:card\" content=\"summary_large_image\" \/>\n<meta name=\"twitter:label1\" content=\"Est. reading time\" \/>\n\t<meta name=\"twitter:data1\" content=\"2 minutes\" \/>\n<script type=\"application\/ld+json\" class=\"yoast-schema-graph\">{\"@context\":\"https:\/\/schema.org\",\"@graph\":[{\"@type\":\"WebPage\",\"@id\":\"https:\/\/www.wunder-der-stadt.com\/\",\"url\":\"https:\/\/www.wunder-der-stadt.com\/\",\"name\":\"Wunder der Stadt - Stadtf\u00fchrungen M\u00fcnchen - Val\u00e9rie Kieffer\",\"isPartOf\":{\"@id\":\"https:\/\/www.wunder-der-stadt.com\/#website\"},\"datePublished\":\"2015-07-23T08:30:07+00:00\",\"dateModified\":\"2025-01-20T12:43:46+00:00\",\"description\":\"Wunder der Stadt - die Agentur f\u00fcr Stadtf\u00fchrungen in M\u00fcnchen und Bayern. Kultur, Kunst und Spa\u00df sind unsere Kernkompetenzen\",\"breadcrumb\":{\"@id\":\"https:\/\/www.wunder-der-stadt.com\/#breadcrumb\"},\"inLanguage\":\"fr-FR\",\"potentialAction\":[{\"@type\":\"ReadAction\",\"target\":[\"https:\/\/www.wunder-der-stadt.com\/\"]}]},{\"@type\":\"BreadcrumbList\",\"@id\":\"https:\/\/www.wunder-der-stadt.com\/#breadcrumb\",\"itemListElement\":[{\"@type\":\"ListItem\",\"position\":1,\"name\":\"Startseite\",\"item\":\"https:\/\/www.wunder-der-stadt.com\/\"},{\"@type\":\"ListItem\",\"position\":2,\"name\":\"WUNDER DER STADT &#8211; STADTF\u00dcHRUNGEN IN M\u00dcNCHEN &#038; AUSFL\u00dcGE IN BAYERN\"}]},{\"@type\":\"WebSite\",\"@id\":\"https:\/\/www.wunder-der-stadt.com\/#website\",\"url\":\"https:\/\/www.wunder-der-stadt.com\/\",\"name\":\"{:de}Wunder der Stadt - Stadtf\u00fchrungen in M\u00fcnchen und Oberbayern{:}{:fr}Wunder der Stadt - Visites guid\u00e9es \u00e0 Munich et en Bavi\u00e8re{:}\",\"description\":\"Votre partenaire pour vos voyages d&#039;affaires, voyages priv\u00e9s \u00e0 Munich et en Bavi\u00e8re\",\"publisher\":{\"@id\":\"https:\/\/www.wunder-der-stadt.com\/#\/schema\/person\/7ac5370c8e8a38b0625e279f3af2d701\"},\"potentialAction\":[{\"@type\":\"SearchAction\",\"target\":{\"@type\":\"EntryPoint\",\"urlTemplate\":\"https:\/\/www.wunder-der-stadt.com\/?s={search_term_string}\"},\"query-input\":\"required name=search_term_string\"}],\"inLanguage\":\"fr-FR\"},{\"@type\":[\"Person\",\"Organization\"],\"@id\":\"https:\/\/www.wunder-der-stadt.com\/#\/schema\/person\/7ac5370c8e8a38b0625e279f3af2d701\",\"name\":\"Admin\",\"logo\":{\"@id\":\"https:\/\/www.wunder-der-stadt.com\/#\/schema\/person\/image\/\"}}]}<\/script>\n<!-- \/ Yoast SEO plugin. -->","yoast_head_json":{"title":"WUNDER DER STADT - Visites guid\u00e9es et s\u00e9jours \u00e0 Munich et en Bavi\u00e8re","robots":{"index":"index","follow":"follow","max-snippet":"max-snippet:-1","max-image-preview":"max-image-preview:large","max-video-preview":"max-video-preview:-1"},"canonical":"https:\/\/www.wunder-der-stadt.com\/","og_locale":"fr_FR","og_type":"article","og_title":"{:de}Wunder der Stadt - Stadtf\u00fchrungen M\u00fcnchen - Val\u00e9rie Kieffer{:}{:en}WUNDER DER STADT - CITY TOURS & EXCURSIONS IN BAVARIA{:}{:fr}WUNDER DER STADT - Visites guid\u00e9es et s\u00e9jours \u00e0 Munich et en Bavi\u00e8re{:}","og_url":"https:\/\/www.wunder-der-stadt.com\/","og_site_name":"Wunder der Stadt - Visites guid\u00e9es \u00e0 Munich et en Bavi\u00e8re","article_modified_time":"2025-01-20T12:43:46+00:00","og_image":[{"width":292,"height":157,"url":"https:\/\/www.wunder-der-stadt.com\/wp-content\/uploads\/WDS_logo2.png","type":"image\/png"}],"twitter_card":"summary_large_image","twitter_misc":{"Est. reading time":"2 minutes"},"schema":{"@context":"https:\/\/schema.org","@graph":[{"@type":"WebPage","@id":"https:\/\/www.wunder-der-stadt.com\/","url":"https:\/\/www.wunder-der-stadt.com\/","name":"Wunder der Stadt - Stadtf\u00fchrungen M\u00fcnchen - Val\u00e9rie Kieffer","isPartOf":{"@id":"https:\/\/www.wunder-der-stadt.com\/#website"},"datePublished":"2015-07-23T08:30:07+00:00","dateModified":"2025-01-20T12:43:46+00:00","description":"Wunder der Stadt - die Agentur f\u00fcr Stadtf\u00fchrungen in M\u00fcnchen und Bayern. Kultur, Kunst und Spa\u00df sind unsere Kernkompetenzen","breadcrumb":{"@id":"https:\/\/www.wunder-der-stadt.com\/#breadcrumb"},"inLanguage":"fr-FR","potentialAction":[{"@type":"ReadAction","target":["https:\/\/www.wunder-der-stadt.com\/"]}]},{"@type":"BreadcrumbList","@id":"https:\/\/www.wunder-der-stadt.com\/#breadcrumb","itemListElement":[{"@type":"ListItem","position":1,"name":"Startseite","item":"https:\/\/www.wunder-der-stadt.com\/"},{"@type":"ListItem","position":2,"name":"WUNDER DER STADT &#8211; STADTF\u00dcHRUNGEN IN M\u00dcNCHEN &#038; AUSFL\u00dcGE IN BAYERN"}]},{"@type":"WebSite","@id":"https:\/\/www.wunder-der-stadt.com\/#website","url":"https:\/\/www.wunder-der-stadt.com\/","name":"{:de}Wunder der Stadt - Stadtf\u00fchrungen in M\u00fcnchen und Oberbayern{:}{:fr}Wunder der Stadt - Visites guid\u00e9es \u00e0 Munich et en Bavi\u00e8re{:}","description":"Votre partenaire pour vos voyages d&#039;affaires, voyages priv\u00e9s \u00e0 Munich et en Bavi\u00e8re","publisher":{"@id":"https:\/\/www.wunder-der-stadt.com\/#\/schema\/person\/7ac5370c8e8a38b0625e279f3af2d701"},"potentialAction":[{"@type":"SearchAction","target":{"@type":"EntryPoint","urlTemplate":"https:\/\/www.wunder-der-stadt.com\/?s={search_term_string}"},"query-input":"required name=search_term_string"}],"inLanguage":"fr-FR"},{"@type":["Person","Organization"],"@id":"https:\/\/www.wunder-der-stadt.com\/#\/schema\/person\/7ac5370c8e8a38b0625e279f3af2d701","name":"Admin","logo":{"@id":"https:\/\/www.wunder-der-stadt.com\/#\/schema\/person\/image\/"}}]}},"_links":{"self":[{"href":"https:\/\/www.wunder-der-stadt.com\/fr\/wp-json\/wp\/v2\/pages\/150"}],"collection":[{"href":"https:\/\/www.wunder-der-stadt.com\/fr\/wp-json\/wp\/v2\/pages"}],"about":[{"href":"https:\/\/www.wunder-der-stadt.com\/fr\/wp-json\/wp\/v2\/types\/page"}],"author":[{"embeddable":true,"href":"https:\/\/www.wunder-der-stadt.com\/fr\/wp-json\/wp\/v2\/users\/1"}],"replies":[{"embeddable":true,"href":"https:\/\/www.wunder-der-stadt.com\/fr\/wp-json\/wp\/v2\/comments?post=150"}],"version-history":[{"count":79,"href":"https:\/\/www.wunder-der-stadt.com\/fr\/wp-json\/wp\/v2\/pages\/150\/revisions"}],"predecessor-version":[{"id":2603,"href":"https:\/\/www.wunder-der-stadt.com\/fr\/wp-json\/wp\/v2\/pages\/150\/revisions\/2603"}],"wp:attachment":[{"href":"https:\/\/www.wunder-der-stadt.com\/fr\/wp-json\/wp\/v2\/media?parent=150"}],"curies":[{"name":"wp","href":"https:\/\/api.w.org\/{rel}","templated":true}]}}