{"id":2000,"date":"2019-11-08T12:36:52","date_gmt":"2019-11-08T11:36:52","guid":{"rendered":"https:\/\/www.wunder-der-stadt.com\/?post_type=product&#038;p=2000"},"modified":"2024-01-12T17:58:30","modified_gmt":"2024-01-12T16:58:30","slug":"de-goya-a-manet-le-19eme-siecle-dans-lancienne-pinacoteque","status":"publish","type":"product","link":"https:\/\/www.wunder-der-stadt.com\/fr\/tours\/de-goya-a-manet-le-19eme-siecle-dans-lancienne-pinacoteque\/","title":{"rendered":"De Goya \u00e0 Manet, le 19\u00e8me si\u00e8cle dans l&#8217;ancienne Pinacot\u00e8que"},"content":{"rendered":"<figure id=\"attachment_1968\" aria-describedby=\"caption-attachment-1968\" style=\"width: 329px\" class=\"wp-caption alignright\"><img loading=\"lazy\" decoding=\"async\" class=\" wp-image-1968\" src=\"https:\/\/www.wunder-der-stadt.com\/wp-content\/uploads\/Overbeck-Viktoria-Caldoni-bis-Juli-2020.jpg\" alt=\"\" width=\"329\" height=\"449\" srcset=\"https:\/\/www.wunder-der-stadt.com\/wp-content\/uploads\/Overbeck-Viktoria-Caldoni-bis-Juli-2020.jpg 458w, https:\/\/www.wunder-der-stadt.com\/wp-content\/uploads\/Overbeck-Viktoria-Caldoni-bis-Juli-2020-220x300.jpg 220w\" sizes=\"(max-width: 329px) 100vw, 329px\" \/><figcaption id=\"caption-attachment-1968\" class=\"wp-caption-text\">Friedrich Overbeck,<br \/>Vittoria Caldoni, 1821<br \/>\u00d6l auf Leinwand, 89,5 x 65,8 cm<br \/>\u00a9 Bayerische Staatsgem\u00e4ldesammlungen,<br \/>Neue Pinakothek, M\u00fcnchen\/<br \/>Wittelsbacher Ausgleichsfonds (WAF)<\/figcaption><\/figure>\n<pre id=\"tw-target-text\" class=\"tw-data-text tw-text-large tw-ta\" dir=\"ltr\" data-placeholder=\"\u00dcbersetzung\"><span lang=\"fr\" style=\"font-family: georgia, palatino, serif;\" tabindex=\"0\">L'exposition \"<strong>De Goya \u00e0 Manet. Le 19\u00e8me si\u00e8cle<\/strong>\" \r\nrassemble environ 90 peintures et sculptures de la fin \r\ndu 18\u00e8me au d\u00e9but du 20\u00e8me si\u00e8cle. Le d\u00e9m\u00e9nagement \r\ntemporaire des chefs-d'\u0153uvre de la Nouvelle Pinacotheque \r\ndans l'ancienne Pinacotheque offre une occasion unique de \r\nd\u00e9couvrir sous un m\u00eame toit les peintures les plus c\u00e9l\u00e8bres \r\nde ces deux maisons. La s\u00e9lection couvre l'arc allant du \r\nclassicisme et du romantisme au d\u00e9but du modernisme.<\/span><\/pre>\n<pre id=\"tw-target-text\" class=\"tw-data-text tw-text-large tw-ta\" dir=\"ltr\" data-placeholder=\"\u00dcbersetzung\"><span lang=\"fr\" style=\"font-family: georgia, palatino, serif;\" tabindex=\"0\">Les portraits tr\u00e8s c\u00e9l\u00e8bres de Goya et la mise en sc\u00e8ne \r\nnaturaliste de la Upper Class anglaise de Thomas \r\nGainsborough coabitent \u00e0 distance avec le \"D\u00e9jeuner\"\r\n d'Edouard Manet et \u00e0 la repr\u00e9sentation des gens du peuple \r\nd'Edgar Degas. Le classicisme monumental d'Antonio \r\nCanova communique avec le symbolisme onirique de \r\nGeorge Minnes dans le cabinet voisin, tandis qu'une salle \r\nplus loin les \u0153uvres de van Gogh, Klimt, Segantinis \r\nmarquent une rupture radicale avec la peinture \r\ntraditionnelle de cette \u00e9poque.<\/span><\/pre>\n<pre id=\"tw-target-text\" class=\"tw-data-text tw-text-large tw-ta\" dir=\"ltr\" data-placeholder=\"\u00dcbersetzung\"><span lang=\"fr\" tabindex=\"0\"><span style=\"font-family: georgia, palatino, serif;\">La r\u00e9trospective sur la peinture des Nazar\u00e9ens \u00e0 Rome \r\nrencontre <\/span><span style=\"font-family: georgia, palatino, serif;\">les oeuvres peintent \u00e0 Dresde de Caspar \r\nDavid Friedrich  <\/span><span style=\"font-family: georgia, palatino, serif;\">et le r\u00e9alisme de Carl Blechen \u00e0 Berlin.<\/span> \r\n<span style=\"font-family: georgia, palatino, serif;\">Dans le cabinet des romantiques fran\u00e7ais et anglais <\/span>\r\n<span style=\"font-family: georgia, palatino, serif;\">et des premiers r\u00e9alistes se rencontrent le romantisme \r\nlitt\u00e9raire <\/span><span style=\"font-family: georgia, palatino, serif;\">d\u2019Eug\u00e8ne Delacroix et l\u2019exploration de la nature \r\nde William Turner <\/span><span style=\"font-family: georgia, palatino, serif;\">et de John Constable. Les autres \r\ncabinets se concentrent sur <\/span><span style=\"font-family: georgia, palatino, serif;\">les tendances de l'art de la \r\nseconde moiti\u00e9 du 19e si\u00e8cle. <\/span>\r\n<span style=\"font-family: georgia, palatino, serif;\">Wilhelm Leibl et son entourage suivent les traces <\/span><span style=\"font-family: georgia, palatino, serif;\">de \r\nGustave Courbet et de l\u2019\u00e9cole de Barbizon, tandis que \r\n<\/span><span style=\"font-family: georgia, palatino, serif;\">Max Liebermann, Lovis Corinth et Max Slevogt \r\nrepr\u00e9sentent <\/span><span style=\"font-family: georgia, palatino, serif;\">l\u2019esprit d\u2019optimisme berlinois vers 1900.<\/span><\/span><\/pre>\n<p><a href=\"https:\/\/www.pinakothek.de\/besuch\/alte-pinakothek\">Information sur les heures d&#8217;ouverture der l&#8217;Alten Pinakothek<\/a><\/p>\n<p>&nbsp;<\/p>\n<p><!--more--><\/p>\n<table class=\"table table-bordered tours-tabs__table\" style=\"height: 233px;\" width=\"862\">\n<tbody>\n<tr>\n<td><strong>LIEU DE VISITE<\/strong><\/td>\n<td>\n<p class=\"p1\"><span class=\"s1\">Ancienne Pinacoth\u00e8que (Alte Pinakothek)<\/span><\/p>\n<\/td>\n<\/tr>\n<tr>\n<td><b>DUR\u00c9E<\/b><\/td>\n<td>max. 1,5 h<\/td>\n<\/tr>\n<tr>\n<td><b>TARIF<\/b><\/td>\n<td>\n<p class=\"p1\"><span class=\"s1\">220,00 \u20ac &#8211; incl. 19% TVA<br \/>\nPrix des entr\u00e9es non inclues <\/span><a href=\"http:\/\/www.pinakothek.de\"><span class=\"s1\">www.pinakothek.de<\/span><\/a><\/p>\n<\/td>\n<\/tr>\n<tr>\n<td><strong>NOMBRE DE PARTICIPANTS<br \/>\n<\/strong><\/td>\n<td>\n<p class=\"p1\"><span class=\"s1\">max. 20 personnee<\/span><\/p>\n<\/td>\n<\/tr>\n<\/tbody>\n<\/table>\n","protected":false},"excerpt":{"rendered":"<p>L&#8217;exposition &#8220;De Goya \u00e0 Manet. Le 19\u00e8me si\u00e8cle&#8221; rassemble environ 90 peintures et sculptures de la fin du 18\u00e8me au d\u00e9but du 20\u00e8me si\u00e8cle. Le d\u00e9m\u00e9nagement temporaire des chefs-d&#8217;\u0153uvre de la Nouvelle Pinacotheque dans l&#8217;ancienne Pinacotheque offre une occasion unique de d\u00e9couvrir sous un m\u00eame toit les peintures les plus c\u00e9l\u00e8bres de ces deux maisons.<\/p>\n<div class=\"padding-top text-center\"><a href=\"https:\/\/www.wunder-der-stadt.com\/fr\/tours\/de-goya-a-manet-le-19eme-siecle-dans-lancienne-pinacoteque\/\" class=\"atbtn atbtn--medium atbtn--rounded atbtn--transparent\">Weiterlesen<i class=\"atbtn__icon atbtn__icon--right fa fa-long-arrow-right\"><\/i><\/a><\/div>\n","protected":false},"featured_media":2170,"template":"","meta":[],"product_cat":[103],"product_tag":[95,127,128,115,94,93],"translation":{"provider":"WPGlobus","version":"3.0.2","language":"fr","enabled_languages":["de","en","fr","es"],"languages":{"de":{"title":true,"content":true,"excerpt":false},"en":{"title":false,"content":false,"excerpt":false},"fr":{"title":false,"content":false,"excerpt":false},"es":{"title":false,"content":false,"excerpt":false}}},"yoast_head":"<!-- This site is optimized with the Yoast SEO plugin v22.0 - https:\/\/yoast.com\/wordpress\/plugins\/seo\/ -->\n<title>De Goya \u00e0 Manet, le 19\u00e8me si\u00e8cle dans l&#039;ancienne Pinacot\u00e8que<\/title>\n<meta name=\"robots\" content=\"index, follow, max-snippet:-1, max-image-preview:large, max-video-preview:-1\" \/>\n<link rel=\"canonical\" href=\"https:\/\/www.wunder-der-stadt.com\/tours\/de-goya-a-manet-le-19eme-siecle-dans-lancienne-pinacoteque\/\" \/>\n<meta property=\"og:locale\" content=\"fr_FR\" \/>\n<meta property=\"og:type\" content=\"article\" \/>\n<meta property=\"og:title\" content=\"De Goya \u00e0 Manet, le 19\u00e8me si\u00e8cle dans l&#039;ancienne Pinacot\u00e8que - Wunder der Stadt - Visites guid\u00e9es \u00e0 Munich et en Bavi\u00e8re\" \/>\n<meta property=\"og:url\" content=\"https:\/\/www.wunder-der-stadt.com\/tours\/de-goya-a-manet-le-19eme-siecle-dans-lancienne-pinacoteque\/\" \/>\n<meta property=\"og:site_name\" content=\"Wunder der Stadt - Visites guid\u00e9es \u00e0 Munich et en Bavi\u00e8re\" \/>\n<meta property=\"article:modified_time\" content=\"2024-01-12T16:58:30+00:00\" \/>\n<meta property=\"og:image\" content=\"https:\/\/www.wunder-der-stadt.com\/wp-content\/uploads\/Overbeck-Viktoria-Caldoni-bis-Juli-2020-Start.png\" \/>\n\t<meta property=\"og:image:width\" content=\"456\" \/>\n\t<meta property=\"og:image:height\" content=\"296\" \/>\n\t<meta property=\"og:image:type\" content=\"image\/png\" \/>\n<meta name=\"twitter:card\" content=\"summary_large_image\" \/>\n<meta name=\"twitter:label1\" content=\"Est. reading time\" \/>\n\t<meta name=\"twitter:data1\" content=\"2 minutes\" \/>\n<script type=\"application\/ld+json\" class=\"yoast-schema-graph\">{\"@context\":\"https:\/\/schema.org\",\"@graph\":[{\"@type\":\"WebPage\",\"@id\":\"https:\/\/www.wunder-der-stadt.com\/tours\/de-goya-a-manet-le-19eme-siecle-dans-lancienne-pinacoteque\/\",\"url\":\"https:\/\/www.wunder-der-stadt.com\/tours\/de-goya-a-manet-le-19eme-siecle-dans-lancienne-pinacoteque\/\",\"name\":\"De Goya \u00e0 Manet, le 19\u00e8me si\u00e8cle dans l'ancienne Pinacot\u00e8que\",\"isPartOf\":{\"@id\":\"https:\/\/www.wunder-der-stadt.com\/#website\"},\"datePublished\":\"2019-11-08T11:36:52+00:00\",\"dateModified\":\"2024-01-12T16:58:30+00:00\",\"description\":\"L'exposition \\\"De Goya \u00e0 Manet-Le 19\u00e8me si\u00e8cle \\\" rassemble environ 90 peintures et sculptures de la fin du 18\u00e8me au d\u00e9but du 20\u00e8me si\u00e8cle. Une occasion unique d'admirer sous un m\u00eame toit les chefs d'oeuvres de ce deux mus\u00e9es.\",\"breadcrumb\":{\"@id\":\"https:\/\/www.wunder-der-stadt.com\/tours\/de-goya-a-manet-le-19eme-siecle-dans-lancienne-pinacoteque\/#breadcrumb\"},\"inLanguage\":\"fr-FR\",\"potentialAction\":[{\"@type\":\"ReadAction\",\"target\":[\"https:\/\/www.wunder-der-stadt.com\/tours\/de-goya-a-manet-le-19eme-siecle-dans-lancienne-pinacoteque\/\"]}]},{\"@type\":\"BreadcrumbList\",\"@id\":\"https:\/\/www.wunder-der-stadt.com\/tours\/de-goya-a-manet-le-19eme-siecle-dans-lancienne-pinacoteque\/#breadcrumb\",\"itemListElement\":[{\"@type\":\"ListItem\",\"position\":1,\"name\":\"Startseite\",\"item\":\"https:\/\/www.wunder-der-stadt.com\/\"},{\"@type\":\"ListItem\",\"position\":2,\"name\":\"Produkte\",\"item\":\"https:\/\/www.wunder-der-stadt.com\/shop\/\"},{\"@type\":\"ListItem\",\"position\":3,\"name\":\"De Goya \u00e0 Manet, le 19\u00e8me si\u00e8cle dans l&#8217;ancienne Pinacot\u00e8que\"}]},{\"@type\":\"WebSite\",\"@id\":\"https:\/\/www.wunder-der-stadt.com\/#website\",\"url\":\"https:\/\/www.wunder-der-stadt.com\/\",\"name\":\"{:de}Wunder der Stadt - Stadtf\u00fchrungen in M\u00fcnchen und Oberbayern{:}{:fr}Wunder der Stadt - Visites guid\u00e9es \u00e0 Munich et en Bavi\u00e8re{:}\",\"description\":\"Votre partenaire pour vos voyages d&#039;affaires, voyages priv\u00e9s \u00e0 Munich et en Bavi\u00e8re\",\"publisher\":{\"@id\":\"https:\/\/www.wunder-der-stadt.com\/#\/schema\/person\/7ac5370c8e8a38b0625e279f3af2d701\"},\"potentialAction\":[{\"@type\":\"SearchAction\",\"target\":{\"@type\":\"EntryPoint\",\"urlTemplate\":\"https:\/\/www.wunder-der-stadt.com\/?s={search_term_string}\"},\"query-input\":\"required name=search_term_string\"}],\"inLanguage\":\"fr-FR\"},{\"@type\":[\"Person\",\"Organization\"],\"@id\":\"https:\/\/www.wunder-der-stadt.com\/#\/schema\/person\/7ac5370c8e8a38b0625e279f3af2d701\",\"name\":\"Admin\",\"logo\":{\"@id\":\"https:\/\/www.wunder-der-stadt.com\/#\/schema\/person\/image\/\"}}]}<\/script>\n<!-- \/ Yoast SEO plugin. -->","yoast_head_json":{"title":"De Goya \u00e0 Manet, le 19\u00e8me si\u00e8cle dans l'ancienne Pinacot\u00e8que","robots":{"index":"index","follow":"follow","max-snippet":"max-snippet:-1","max-image-preview":"max-image-preview:large","max-video-preview":"max-video-preview:-1"},"canonical":"https:\/\/www.wunder-der-stadt.com\/tours\/de-goya-a-manet-le-19eme-siecle-dans-lancienne-pinacoteque\/","og_locale":"fr_FR","og_type":"article","og_title":"De Goya \u00e0 Manet, le 19\u00e8me si\u00e8cle dans l'ancienne Pinacot\u00e8que - Wunder der Stadt - Visites guid\u00e9es \u00e0 Munich et en Bavi\u00e8re","og_url":"https:\/\/www.wunder-der-stadt.com\/tours\/de-goya-a-manet-le-19eme-siecle-dans-lancienne-pinacoteque\/","og_site_name":"Wunder der Stadt - Visites guid\u00e9es \u00e0 Munich et en Bavi\u00e8re","article_modified_time":"2024-01-12T16:58:30+00:00","og_image":[{"width":456,"height":296,"url":"https:\/\/www.wunder-der-stadt.com\/wp-content\/uploads\/Overbeck-Viktoria-Caldoni-bis-Juli-2020-Start.png","type":"image\/png"}],"twitter_card":"summary_large_image","twitter_misc":{"Est. reading time":"2 minutes"},"schema":{"@context":"https:\/\/schema.org","@graph":[{"@type":"WebPage","@id":"https:\/\/www.wunder-der-stadt.com\/tours\/de-goya-a-manet-le-19eme-siecle-dans-lancienne-pinacoteque\/","url":"https:\/\/www.wunder-der-stadt.com\/tours\/de-goya-a-manet-le-19eme-siecle-dans-lancienne-pinacoteque\/","name":"De Goya \u00e0 Manet, le 19\u00e8me si\u00e8cle dans l'ancienne Pinacot\u00e8que","isPartOf":{"@id":"https:\/\/www.wunder-der-stadt.com\/#website"},"datePublished":"2019-11-08T11:36:52+00:00","dateModified":"2024-01-12T16:58:30+00:00","description":"L'exposition \"De Goya \u00e0 Manet-Le 19\u00e8me si\u00e8cle \" rassemble environ 90 peintures et sculptures de la fin du 18\u00e8me au d\u00e9but du 20\u00e8me si\u00e8cle. Une occasion unique d'admirer sous un m\u00eame toit les chefs d'oeuvres de ce deux mus\u00e9es.","breadcrumb":{"@id":"https:\/\/www.wunder-der-stadt.com\/tours\/de-goya-a-manet-le-19eme-siecle-dans-lancienne-pinacoteque\/#breadcrumb"},"inLanguage":"fr-FR","potentialAction":[{"@type":"ReadAction","target":["https:\/\/www.wunder-der-stadt.com\/tours\/de-goya-a-manet-le-19eme-siecle-dans-lancienne-pinacoteque\/"]}]},{"@type":"BreadcrumbList","@id":"https:\/\/www.wunder-der-stadt.com\/tours\/de-goya-a-manet-le-19eme-siecle-dans-lancienne-pinacoteque\/#breadcrumb","itemListElement":[{"@type":"ListItem","position":1,"name":"Startseite","item":"https:\/\/www.wunder-der-stadt.com\/"},{"@type":"ListItem","position":2,"name":"Produkte","item":"https:\/\/www.wunder-der-stadt.com\/shop\/"},{"@type":"ListItem","position":3,"name":"De Goya \u00e0 Manet, le 19\u00e8me si\u00e8cle dans l&#8217;ancienne Pinacot\u00e8que"}]},{"@type":"WebSite","@id":"https:\/\/www.wunder-der-stadt.com\/#website","url":"https:\/\/www.wunder-der-stadt.com\/","name":"{:de}Wunder der Stadt - Stadtf\u00fchrungen in M\u00fcnchen und Oberbayern{:}{:fr}Wunder der Stadt - Visites guid\u00e9es \u00e0 Munich et en Bavi\u00e8re{:}","description":"Votre partenaire pour vos voyages d&#039;affaires, voyages priv\u00e9s \u00e0 Munich et en Bavi\u00e8re","publisher":{"@id":"https:\/\/www.wunder-der-stadt.com\/#\/schema\/person\/7ac5370c8e8a38b0625e279f3af2d701"},"potentialAction":[{"@type":"SearchAction","target":{"@type":"EntryPoint","urlTemplate":"https:\/\/www.wunder-der-stadt.com\/?s={search_term_string}"},"query-input":"required name=search_term_string"}],"inLanguage":"fr-FR"},{"@type":["Person","Organization"],"@id":"https:\/\/www.wunder-der-stadt.com\/#\/schema\/person\/7ac5370c8e8a38b0625e279f3af2d701","name":"Admin","logo":{"@id":"https:\/\/www.wunder-der-stadt.com\/#\/schema\/person\/image\/"}}]}},"_links":{"self":[{"href":"https:\/\/www.wunder-der-stadt.com\/fr\/wp-json\/wp\/v2\/product\/2000"}],"collection":[{"href":"https:\/\/www.wunder-der-stadt.com\/fr\/wp-json\/wp\/v2\/product"}],"about":[{"href":"https:\/\/www.wunder-der-stadt.com\/fr\/wp-json\/wp\/v2\/types\/product"}],"wp:featuredmedia":[{"embeddable":true,"href":"https:\/\/www.wunder-der-stadt.com\/fr\/wp-json\/wp\/v2\/media\/2170"}],"wp:attachment":[{"href":"https:\/\/www.wunder-der-stadt.com\/fr\/wp-json\/wp\/v2\/media?parent=2000"}],"wp:term":[{"taxonomy":"product_cat","embeddable":true,"href":"https:\/\/www.wunder-der-stadt.com\/fr\/wp-json\/wp\/v2\/product_cat?post=2000"},{"taxonomy":"product_tag","embeddable":true,"href":"https:\/\/www.wunder-der-stadt.com\/fr\/wp-json\/wp\/v2\/product_tag?post=2000"}],"curies":[{"name":"wp","href":"https:\/\/api.w.org\/{rel}","templated":true}]}}